{"id":31,"date":"2024-01-09T21:35:13","date_gmt":"2024-01-09T21:35:13","guid":{"rendered":"https:\/\/campingparcoadamello.it\/?page_id=31"},"modified":"2026-04-03T10:57:56","modified_gmt":"2026-04-03T08:57:56","slug":"wohnungen","status":"publish","type":"page","link":"https:\/\/campingparcoadamello.it\/de\/appartamenti\/","title":{"rendered":"Wohnungen"},"content":{"rendered":"<div data-elementor-type=\"wp-page\" data-elementor-id=\"31\" class=\"elementor elementor-31\" data-elementor-post-type=\"page\">\n\t\t\t\t<div class=\"elementor-element elementor-element-d8e963b e-flex e-con-boxed e-con e-parent\" data-id=\"d8e963b\" data-element_type=\"container\" data-e-type=\"container\" data-settings=\"{&quot;background_background&quot;:&quot;classic&quot;}\">\n\t\t\t\t\t<div class=\"e-con-inner\">\n\t\t\t\t<div class=\"elementor-element elementor-element-5dead63 elementor-widget elementor-widget-heading\" data-id=\"5dead63\" data-element_type=\"widget\" data-e-type=\"widget\" data-widget_type=\"heading.default\">\n\t\t\t\t\t<h2 class=\"elementor-heading-title elementor-size-default\">Wohnungen<\/h2>\t\t\t\t<\/div>\n\t\t\t\t<div class=\"elementor-element elementor-element-f914453 elementor-widget elementor-widget-text-editor\" data-id=\"f914453\" data-element_type=\"widget\" data-e-type=\"widget\" data-widget_type=\"text-editor.default\">\n\t\t\t\t\t\t\t\t\t<p><strong>Ein komfortabler Unterschlupf im Herzen der Natur<\/strong><\/p>\t\t\t\t\t\t\t\t<\/div>\n\t\t<div class=\"elementor-element elementor-element-3410396 e-flex e-con-boxed e-con e-child\" data-id=\"3410396\" data-element_type=\"container\" data-e-type=\"container\">\n\t\t\t\t\t<div class=\"e-con-inner\">\n\t\t\t\t<div class=\"elementor-element elementor-element-577e674 elementor-widget elementor-widget-button\" data-id=\"577e674\" data-element_type=\"widget\" data-e-type=\"widget\" data-widget_type=\"button.default\">\n\t\t\t\t\t\t\t\t\t\t<a class=\"elementor-button elementor-button-link elementor-size-sm elementor-animation-grow\" href=\"#video\">\n\t\t\t\t\t\t<span class=\"elementor-button-content-wrapper\">\n\t\t\t\t\t\t\t\t\t<span class=\"elementor-button-text\">Sehen Sie sich die Videos an<\/span>\n\t\t\t\t\t<\/span>\n\t\t\t\t\t<\/a>\n\t\t\t\t\t\t\t\t<\/div>\n\t\t\t\t<div class=\"elementor-element elementor-element-d16f016 elementor-widget elementor-widget-button\" data-id=\"d16f016\" data-element_type=\"widget\" data-e-type=\"widget\" data-widget_type=\"button.default\">\n\t\t\t\t\t\t\t\t\t\t<a class=\"elementor-button elementor-button-link elementor-size-sm elementor-animation-grow\" href=\"https:\/\/campingparcoadamello.it\/de\/contatti\/\">\n\t\t\t\t\t\t<span class=\"elementor-button-content-wrapper\">\n\t\t\t\t\t\t\t\t\t<span class=\"elementor-button-text\">Kontakt<\/span>\n\t\t\t\t\t<\/span>\n\t\t\t\t\t<\/a>\n\t\t\t\t\t\t\t\t<\/div>\n\t\t\t\t\t<\/div>\n\t\t\t\t<\/div>\n\t\t\t\t\t<\/div>\n\t\t\t\t<\/div>\n\t\t<div class=\"elementor-element elementor-element-a16910c e-flex e-con-boxed e-con e-parent\" data-id=\"a16910c\" data-element_type=\"container\" data-e-type=\"container\">\n\t\t\t\t\t<div class=\"e-con-inner\">\n\t\t\t\t<div class=\"elementor-element elementor-element-1f2e547 elementor-widget elementor-widget-text-editor\" data-id=\"1f2e547\" data-element_type=\"widget\" data-e-type=\"widget\" data-widget_type=\"text-editor.default\">\n\t\t\t\t\t\t\t\t\t<p><strong>Der Komfort einer Wohnung und die Freiheit der Natur<\/strong><br \/>Unter <strong>Winterhochsaison<\/strong>\u00a0und in <strong>Juli-August<\/strong>, accettiamo solo prenotazioni settimanali da sabato o domenica. Nei restanti periodi, offriamo la flessibilit\u00e0 di soggiorni di minimo 2 notti.<\/p><p>I prezzi si calcolano A NOTTE: costo appartamento + costo per ogni componente dell&#8217;equipaggio + animali.\u00a0 Ospiti che vengono aggiunti durante il soggiorno sono soggetti al pagamento della tariffa OSPITE EXTRA NOTTE. Ogni appartamento ha 1 parcheggio riservato incluso, eventuali altre macchine devono munirsi di parcheggio extra interno come da listino Camping.\u00a0 Eventuali altri extra sono disponibili su richiesta e descritti nelle informative che troverete all&#8217;interno dell&#8217;appartamento.<\/p><h3><strong>Die Wohnungen<\/strong><\/h3><p>Unsere gemauerten Wohnungen befinden sich im Hauptgeb\u00e4ude des Campingplatzes und verf\u00fcgen \u00fcber ein Wohnzimmer mit Kochnische, ein Badezimmer mit Duschkabine und ein offenes Zwischengeschoss mit Schlafbereich. Wir bieten verschiedene Konfigurationen an, von 1 bis 5 Betten, mit L\u00f6sungen wie klassischen Sofas oder Schlafsofas. Jede Wohnung ist mit einem Fernseher, einer Mikrowelle, einer Dolce Gusto-Kaffeemaschine, Geschirr, Kochutensilien, Decken und Kissen ausgestattet.<\/p><h3><strong>Inklusive Dienstleistungen<\/strong><\/h3><p>Die Preise beinhalten Bettw\u00e4sche, einen Satz von drei Handt\u00fcchern pro Person, Toilettenartikel und ein Begr\u00fc\u00dfungsset zum Fr\u00fchst\u00fcck. Dar\u00fcber hinaus sind die Endreinigung und der Verbrauch von Wasser, Strom und Heizung enthalten. Zu jeder Wohnung geh\u00f6rt ein nummerierter, reservierter Parkplatz. Zus\u00e4tzliche Dienstleistungen sind auf Anfrage erh\u00e4ltlich.<\/p><h3><strong>Zus\u00e4tzliche Dienstleistungen und Gemeinschaftsr\u00e4ume<\/strong><\/h3><p>In camping troverai lavatrici, asciugatrici e lavastoviglie a moneta, un parco giochi per bambini e un&#8217;area cani recintata. Il camping non offre servizio di pensione completa o mezza pensione e non dispone di culle o lettini per neonati. I prezzi sono a posto letto occupato.<\/p><h3><strong>Heimtiere<\/strong><\/h3><p>I tuoi amici a quattro zampe sono benvenuti negli appartamenti, con un costo aggiuntivo. A breve distanza dal camping un negozio specializzato e toelettatura.<\/p>\t\t\t\t\t\t\t\t<\/div>\n\t\t\t\t\t<\/div>\n\t\t\t\t<\/div>\n\t\t<div class=\"elementor-element elementor-element-9a90d3e e-flex e-con-boxed e-con e-parent\" data-id=\"9a90d3e\" data-element_type=\"container\" data-e-type=\"container\" data-settings=\"{&quot;background_background&quot;:&quot;classic&quot;}\">\n\t\t\t\t\t<div class=\"e-con-inner\">\n\t\t<div class=\"elementor-element elementor-element-dcf66de e-con-full e-flex e-con e-child\" data-id=\"dcf66de\" data-element_type=\"container\" data-e-type=\"container\">\n\t\t\t\t<div class=\"elementor-element elementor-element-d1fc828 elementor-widget elementor-widget-menu-anchor\" data-id=\"d1fc828\" data-element_type=\"widget\" data-e-type=\"widget\" data-widget_type=\"menu-anchor.default\">\n\t\t\t\t\t\t\t<div class=\"elementor-menu-anchor\" id=\"video\"><\/div>\n\t\t\t\t\t\t<\/div>\n\t\t\t\t<div class=\"elementor-element elementor-element-8486737 elementor-widget elementor-widget-video\" data-id=\"8486737\" data-element_type=\"widget\" data-e-type=\"widget\" data-settings=\"{&quot;youtube_url&quot;:&quot;https:\\\/\\\/youtu.be\\\/GRBWTKmtyTg&quot;,&quot;video_type&quot;:&quot;youtube&quot;,&quot;controls&quot;:&quot;yes&quot;}\" data-widget_type=\"video.default\">\n\t\t\t\t\t\t\t<div class=\"elementor-wrapper elementor-open-inline\">\n\t\t\t<div class=\"elementor-video\"><\/div>\t\t<\/div>\n\t\t\t\t\t\t<\/div>\n\t\t\t\t<\/div>\n\t\t<div class=\"elementor-element elementor-element-f79d5a1 e-con-full e-flex e-con e-child\" data-id=\"f79d5a1\" data-element_type=\"container\" data-e-type=\"container\">\n\t\t\t\t<div class=\"elementor-element elementor-element-7be280d elementor-widget elementor-widget-video\" data-id=\"7be280d\" data-element_type=\"widget\" data-e-type=\"widget\" data-settings=\"{&quot;youtube_url&quot;:&quot;https:\\\/\\\/youtu.be\\\/t1Wml-Bw5Vg&quot;,&quot;video_type&quot;:&quot;youtube&quot;,&quot;controls&quot;:&quot;yes&quot;}\" data-widget_type=\"video.default\">\n\t\t\t\t\t\t\t<div class=\"elementor-wrapper elementor-open-inline\">\n\t\t\t<div class=\"elementor-video\"><\/div>\t\t<\/div>\n\t\t\t\t\t\t<\/div>\n\t\t\t\t<\/div>\n\t\t\t\t\t<\/div>\n\t\t\t\t<\/div>\n\t\t<div class=\"elementor-element elementor-element-0dcf7e7 e-flex e-con-boxed e-con e-parent\" data-id=\"0dcf7e7\" data-element_type=\"container\" data-e-type=\"container\" data-settings=\"{&quot;background_background&quot;:&quot;classic&quot;}\">\n\t\t\t\t\t<div class=\"e-con-inner\">\n\t\t<div class=\"elementor-element elementor-element-9abd77b e-con-full e-flex e-con e-child\" data-id=\"9abd77b\" data-element_type=\"container\" data-e-type=\"container\">\n\t\t\t\t<div class=\"elementor-element elementor-element-2abc537 elementor-widget elementor-widget-video\" data-id=\"2abc537\" data-element_type=\"widget\" data-e-type=\"widget\" data-settings=\"{&quot;youtube_url&quot;:&quot;https:\\\/\\\/youtu.be\\\/xaqQIUvl6Ps&quot;,&quot;video_type&quot;:&quot;youtube&quot;,&quot;controls&quot;:&quot;yes&quot;}\" data-widget_type=\"video.default\">\n\t\t\t\t\t\t\t<div class=\"elementor-wrapper elementor-open-inline\">\n\t\t\t<div class=\"elementor-video\"><\/div>\t\t<\/div>\n\t\t\t\t\t\t<\/div>\n\t\t\t\t<\/div>\n\t\t<div class=\"elementor-element elementor-element-e73b556 e-con-full e-flex e-con e-child\" data-id=\"e73b556\" data-element_type=\"container\" data-e-type=\"container\">\n\t\t\t\t<div class=\"elementor-element elementor-element-5bf15a5 elementor-widget elementor-widget-video\" data-id=\"5bf15a5\" data-element_type=\"widget\" data-e-type=\"widget\" data-settings=\"{&quot;youtube_url&quot;:&quot;https:\\\/\\\/youtu.be\\\/fE3oaqrAEuw&quot;,&quot;video_type&quot;:&quot;youtube&quot;,&quot;controls&quot;:&quot;yes&quot;}\" data-widget_type=\"video.default\">\n\t\t\t\t\t\t\t<div class=\"elementor-wrapper elementor-open-inline\">\n\t\t\t<div class=\"elementor-video\"><\/div>\t\t<\/div>\n\t\t\t\t\t\t<\/div>\n\t\t\t\t<\/div>\n\t\t\t\t\t<\/div>\n\t\t\t\t<\/div>\n\t\t<div class=\"elementor-element elementor-element-6912dae e-flex e-con-boxed e-con e-parent\" data-id=\"6912dae\" data-element_type=\"container\" data-e-type=\"container\" data-settings=\"{&quot;background_background&quot;:&quot;classic&quot;}\">\n\t\t\t\t\t<div class=\"e-con-inner\">\n\t\t<div class=\"elementor-element elementor-element-7871aee e-con-full e-flex e-con e-child\" data-id=\"7871aee\" data-element_type=\"container\" data-e-type=\"container\">\n\t\t\t\t<div class=\"elementor-element elementor-element-201e128 elementor-widget elementor-widget-heading\" data-id=\"201e128\" data-element_type=\"widget\" data-e-type=\"widget\" data-widget_type=\"heading.default\">\n\t\t\t\t\t<h2 class=\"elementor-heading-title elementor-size-default\">Wohnung 7 1 bis 3 Betten<\/h2>\t\t\t\t<\/div>\n\t\t\t\t<div class=\"elementor-element elementor-element-1c83bbe elementor-widget elementor-widget-text-editor\" data-id=\"1c83bbe\" data-element_type=\"widget\" data-e-type=\"widget\" data-widget_type=\"text-editor.default\">\n\t\t\t\t\t\t\t\t\t<p><strong>Wohnung 7<\/strong> des Camping Parco Adamello ist eine gem\u00fctliche H\u00fctte mitten im Gr\u00fcnen, mit Inneneinrichtung in <strong>warmes Holz<\/strong> eine Atmosph\u00e4re bieten <strong>rustikal und entspannend<\/strong>. Die <strong>offenes Mezzanin<\/strong> garantiert eine <strong>gem\u00fctlicher und komfortabler Schlafbereich <\/strong>mit 3 Einzelbetten ausgestattet, und das <strong>Wohnstube<\/strong> im Erdgeschoss, ausgestattet mit einem Sofa und einer Kochnische, ist ideal f\u00fcr <strong>Momente der Entspannung<\/strong>. La <strong>Liebe zum Detail<\/strong> kann im Badezimmer gesehen werden <strong>gut best\u00fcckt<\/strong> und Gemeinschaftsr\u00e4ume, die darauf ausgelegt sind <strong>Funktionalit\u00e4t und Komfort<\/strong>. Ein perfekter Ort f\u00fcr diejenigen, die nach einem Tag im Freien Ruhe und Privatsph\u00e4re suchen.<\/p>\t\t\t\t\t\t\t\t<\/div>\n\t\t<div class=\"elementor-element elementor-element-c37a559 e-flex e-con-boxed e-con e-child\" data-id=\"c37a559\" data-element_type=\"container\" data-e-type=\"container\">\n\t\t\t\t\t<div class=\"e-con-inner\">\n\t\t\t\t<div class=\"elementor-element elementor-element-66369c4 elementor-widget elementor-widget-button\" data-id=\"66369c4\" data-element_type=\"widget\" data-e-type=\"widget\" data-widget_type=\"button.default\">\n\t\t\t\t\t\t\t\t\t\t<a class=\"elementor-button elementor-button-link elementor-size-sm elementor-animation-grow\" href=\"#video\">\n\t\t\t\t\t\t<span class=\"elementor-button-content-wrapper\">\n\t\t\t\t\t\t\t\t\t<span class=\"elementor-button-text\">Sehen Sie sich die Videos an<\/span>\n\t\t\t\t\t<\/span>\n\t\t\t\t\t<\/a>\n\t\t\t\t\t\t\t\t<\/div>\n\t\t\t\t<div class=\"elementor-element elementor-element-9677468 elementor-widget elementor-widget-button\" data-id=\"9677468\" data-element_type=\"widget\" data-e-type=\"widget\" data-widget_type=\"button.default\">\n\t\t\t\t\t\t\t\t\t\t<a class=\"elementor-button elementor-button-link elementor-size-sm elementor-animation-grow\" href=\"https:\/\/campingparcoadamello.it\/de\/contatti\/\">\n\t\t\t\t\t\t<span class=\"elementor-button-content-wrapper\">\n\t\t\t\t\t\t\t\t\t<span class=\"elementor-button-text\">Kontakt<\/span>\n\t\t\t\t\t<\/span>\n\t\t\t\t\t<\/a>\n\t\t\t\t\t\t\t\t<\/div>\n\t\t\t\t\t<\/div>\n\t\t\t\t<\/div>\n\t\t\t\t<\/div>\n\t\t<div class=\"elementor-element elementor-element-2d4fa40 e-con-full e-flex e-con e-child\" data-id=\"2d4fa40\" data-element_type=\"container\" data-e-type=\"container\">\n\t\t\t\t<div class=\"elementor-element elementor-element-2d9f78e pp-image-slider-carousel pp-ins-normal pp-ins-hover-normal elementor-widget elementor-widget-pp-image-slider\" data-id=\"2d9f78e\" data-element_type=\"widget\" data-e-type=\"widget\" data-settings=\"{&quot;skin&quot;:&quot;carousel&quot;,&quot;pause_on_hover&quot;:&quot;yes&quot;,&quot;infinite_loop&quot;:&quot;yes&quot;}\" data-widget_type=\"pp-image-slider.default\">\n\t\t\t\t\t\t\t\t\t<div class=\"pp-image-slider-container pp-thumbs-equal-height\">\n\t\t\t<div class=\"pp-image-slider-wrap swiper-container-wrap\">\n\t\t\t\t<div class=\"pp-image-slider-box\">\n\t\t\t\t\t<div class=\"pp-image-slider pp-swiper-slider swiper-container\" id=\"pp-image-slider-2d9f78e\" data-slider-settings=\"{&quot;direction&quot;:&quot;horizontal&quot;,&quot;effect&quot;:&quot;slide&quot;,&quot;speed&quot;:600,&quot;slides_per_view&quot;:1,&quot;slides_per_group&quot;:1,&quot;space_between&quot;:10,&quot;auto_height&quot;:true,&quot;loop&quot;:&quot;yes&quot;,&quot;autoplay&quot;:&quot;yes&quot;,&quot;autoplay_speed&quot;:3000,&quot;show_arrows&quot;:true,&quot;slides_per_view_mobile&quot;:2,&quot;slides_per_group_mobile&quot;:1,&quot;space_between_mobile&quot;:15,&quot;slides_per_view_tablet&quot;:2,&quot;slides_per_group_tablet&quot;:1,&quot;space_between_tablet&quot;:10}\">\n\t\t\t\t\t\t<div class=\"swiper-wrapper\">\n\t\t\t\t\t\t\t\t\t\t<div class=\"pp-image-slider-thumb-item-wrap pp-swiper-slide swiper-slide\">\n\t\t\t\t<a data-elementor-open-lightbox=\"yes\" data-elementor-lightbox-slideshow=\"2d9f78e\" data-elementor-lightbox-title=\"appaetamento 7 da 1 a 3 posti letto caping parco adamello val rendena (5)\" data-elementor-lightbox-description=\"appaetamento 7 da 1 a 3 posti letto caping parco adamello val rendena (5)\" data-e-action-hash=\"#elementor-action%3Aaction%3Dlightbox%26settings%3DeyJpZCI6NTc5MCwidXJsIjoiaHR0cHM6XC9cL2NhbXBpbmdwYXJjb2FkYW1lbGxvLml0XC93cC1jb250ZW50XC91cGxvYWRzXC8yMDI1XC8wNlwvYXBwYWV0YW1lbnRvLTctZGEtMS1hLTMtcG9zdGktbGV0dG8tY2FwaW5nLXBhcmNvLWFkYW1lbGxvLXZhbC1yZW5kZW5hLTUtc2NhbGVkLndlYnAiLCJzbGlkZXNob3ciOiIyZDlmNzhlIn0%3D\" href=\"https:\/\/campingparcoadamello.it\/wp-content\/uploads\/2025\/06\/appaetamento-7-da-1-a-3-posti-letto-caping-parco-adamello-val-rendena-5-scaled.webp\" class=\"elementor-clickable pp-image-slider-slide-link\"><div class=\"pp-image-slider-thumb-item pp-image pp-ins-filter-hover\"><div class=\"pp-image-slider-thumb-image pp-ins-filter-target\" style=\"background-image:url(https:\/\/campingparcoadamello.it\/wp-content\/uploads\/2025\/06\/appaetamento-7-da-1-a-3-posti-letto-caping-parco-adamello-val-rendena-5-1024x768.webp)\"><\/div><div class=\"pp-image-slider-thumb-overlay pp-media-overlay\"><\/div><\/div><\/a>\t\t\t<\/div>\n\t\t\t\t\t\t<div class=\"pp-image-slider-thumb-item-wrap pp-swiper-slide swiper-slide\">\n\t\t\t\t<a data-elementor-open-lightbox=\"yes\" data-elementor-lightbox-slideshow=\"2d9f78e\" data-elementor-lightbox-title=\"appaetamento 7 da 1 a 3 posti letto caping parco adamello val rendena (1)\" data-elementor-lightbox-description=\"appaetamento 7 da 1 a 3 posti letto caping parco adamello val rendena (1)\" data-e-action-hash=\"#elementor-action%3Aaction%3Dlightbox%26settings%3DeyJpZCI6NTc4NiwidXJsIjoiaHR0cHM6XC9cL2NhbXBpbmdwYXJjb2FkYW1lbGxvLml0XC93cC1jb250ZW50XC91cGxvYWRzXC8yMDI1XC8wNlwvYXBwYWV0YW1lbnRvLTctZGEtMS1hLTMtcG9zdGktbGV0dG8tY2FwaW5nLXBhcmNvLWFkYW1lbGxvLXZhbC1yZW5kZW5hLTEtc2NhbGVkLndlYnAiLCJzbGlkZXNob3ciOiIyZDlmNzhlIn0%3D\" href=\"https:\/\/campingparcoadamello.it\/wp-content\/uploads\/2025\/06\/appaetamento-7-da-1-a-3-posti-letto-caping-parco-adamello-val-rendena-1-scaled.webp\" class=\"elementor-clickable pp-image-slider-slide-link\"><div class=\"pp-image-slider-thumb-item pp-image pp-ins-filter-hover\"><div class=\"pp-image-slider-thumb-image pp-ins-filter-target\" style=\"background-image:url(https:\/\/campingparcoadamello.it\/wp-content\/uploads\/2025\/06\/appaetamento-7-da-1-a-3-posti-letto-caping-parco-adamello-val-rendena-1-1024x617.webp)\"><\/div><div class=\"pp-image-slider-thumb-overlay pp-media-overlay\"><\/div><\/div><\/a>\t\t\t<\/div>\n\t\t\t\t\t\t<div class=\"pp-image-slider-thumb-item-wrap pp-swiper-slide swiper-slide\">\n\t\t\t\t<a data-elementor-open-lightbox=\"yes\" data-elementor-lightbox-slideshow=\"2d9f78e\" data-elementor-lightbox-title=\"appaetamento 7 da 1 a 3 posti letto caping parco adamello val rendena (3)\" data-elementor-lightbox-description=\"appaetamento 7 da 1 a 3 posti letto caping parco adamello val rendena (3)\" data-e-action-hash=\"#elementor-action%3Aaction%3Dlightbox%26settings%3DeyJpZCI6NTc4OCwidXJsIjoiaHR0cHM6XC9cL2NhbXBpbmdwYXJjb2FkYW1lbGxvLml0XC93cC1jb250ZW50XC91cGxvYWRzXC8yMDI1XC8wNlwvYXBwYWV0YW1lbnRvLTctZGEtMS1hLTMtcG9zdGktbGV0dG8tY2FwaW5nLXBhcmNvLWFkYW1lbGxvLXZhbC1yZW5kZW5hLTMtc2NhbGVkLndlYnAiLCJzbGlkZXNob3ciOiIyZDlmNzhlIn0%3D\" href=\"https:\/\/campingparcoadamello.it\/wp-content\/uploads\/2025\/06\/appaetamento-7-da-1-a-3-posti-letto-caping-parco-adamello-val-rendena-3-scaled.webp\" class=\"elementor-clickable pp-image-slider-slide-link\"><div class=\"pp-image-slider-thumb-item pp-image pp-ins-filter-hover\"><div class=\"pp-image-slider-thumb-image pp-ins-filter-target\" style=\"background-image:url(https:\/\/campingparcoadamello.it\/wp-content\/uploads\/2025\/06\/appaetamento-7-da-1-a-3-posti-letto-caping-parco-adamello-val-rendena-3-1024x768.webp)\"><\/div><div class=\"pp-image-slider-thumb-overlay pp-media-overlay\"><\/div><\/div><\/a>\t\t\t<\/div>\n\t\t\t\t\t\t<div class=\"pp-image-slider-thumb-item-wrap pp-swiper-slide swiper-slide\">\n\t\t\t\t<a data-elementor-open-lightbox=\"yes\" data-elementor-lightbox-slideshow=\"2d9f78e\" data-elementor-lightbox-title=\"appaetamento 7 da 1 a 3 posti letto caping parco adamello val rendena (4)\" data-elementor-lightbox-description=\"appaetamento 7 da 1 a 3 posti letto caping parco adamello val rendena (4)\" data-e-action-hash=\"#elementor-action%3Aaction%3Dlightbox%26settings%3DeyJpZCI6NTc4OSwidXJsIjoiaHR0cHM6XC9cL2NhbXBpbmdwYXJjb2FkYW1lbGxvLml0XC93cC1jb250ZW50XC91cGxvYWRzXC8yMDI1XC8wNlwvYXBwYWV0YW1lbnRvLTctZGEtMS1hLTMtcG9zdGktbGV0dG8tY2FwaW5nLXBhcmNvLWFkYW1lbGxvLXZhbC1yZW5kZW5hLTQtc2NhbGVkLndlYnAiLCJzbGlkZXNob3ciOiIyZDlmNzhlIn0%3D\" href=\"https:\/\/campingparcoadamello.it\/wp-content\/uploads\/2025\/06\/appaetamento-7-da-1-a-3-posti-letto-caping-parco-adamello-val-rendena-4-scaled.webp\" class=\"elementor-clickable pp-image-slider-slide-link\"><div class=\"pp-image-slider-thumb-item pp-image pp-ins-filter-hover\"><div class=\"pp-image-slider-thumb-image pp-ins-filter-target\" style=\"background-image:url(https:\/\/campingparcoadamello.it\/wp-content\/uploads\/2025\/06\/appaetamento-7-da-1-a-3-posti-letto-caping-parco-adamello-val-rendena-4-1024x768.webp)\"><\/div><div class=\"pp-image-slider-thumb-overlay pp-media-overlay\"><\/div><\/div><\/a>\t\t\t<\/div>\n\t\t\t\t\t\t<div class=\"pp-image-slider-thumb-item-wrap pp-swiper-slide swiper-slide\">\n\t\t\t\t<a data-elementor-open-lightbox=\"yes\" data-elementor-lightbox-slideshow=\"2d9f78e\" data-elementor-lightbox-title=\"appaetamento 7 da 1 a 3 posti letto caping parco adamello val rendena (11)\" data-elementor-lightbox-description=\"appaetamento 7 da 1 a 3 posti letto caping parco adamello val rendena (11)\" data-e-action-hash=\"#elementor-action%3Aaction%3Dlightbox%26settings%3DeyJpZCI6NTc5NiwidXJsIjoiaHR0cHM6XC9cL2NhbXBpbmdwYXJjb2FkYW1lbGxvLml0XC93cC1jb250ZW50XC91cGxvYWRzXC8yMDI1XC8wNlwvYXBwYWV0YW1lbnRvLTctZGEtMS1hLTMtcG9zdGktbGV0dG8tY2FwaW5nLXBhcmNvLWFkYW1lbGxvLXZhbC1yZW5kZW5hLTExLXNjYWxlZC53ZWJwIiwic2xpZGVzaG93IjoiMmQ5Zjc4ZSJ9\" href=\"https:\/\/campingparcoadamello.it\/wp-content\/uploads\/2025\/06\/appaetamento-7-da-1-a-3-posti-letto-caping-parco-adamello-val-rendena-11-scaled.webp\" class=\"elementor-clickable pp-image-slider-slide-link\"><div class=\"pp-image-slider-thumb-item pp-image pp-ins-filter-hover\"><div class=\"pp-image-slider-thumb-image pp-ins-filter-target\" style=\"background-image:url(https:\/\/campingparcoadamello.it\/wp-content\/uploads\/2025\/06\/appaetamento-7-da-1-a-3-posti-letto-caping-parco-adamello-val-rendena-11-1024x768.webp)\"><\/div><div class=\"pp-image-slider-thumb-overlay pp-media-overlay\"><\/div><\/div><\/a>\t\t\t<\/div>\n\t\t\t\t\t\t<div class=\"pp-image-slider-thumb-item-wrap pp-swiper-slide swiper-slide\">\n\t\t\t\t<a data-elementor-open-lightbox=\"yes\" data-elementor-lightbox-slideshow=\"2d9f78e\" data-elementor-lightbox-title=\"appaetamento 7 da 1 a 3 posti letto caping parco adamello val rendena (12)\" data-elementor-lightbox-description=\"appaetamento 7 da 1 a 3 posti letto caping parco adamello val rendena (12)\" data-e-action-hash=\"#elementor-action%3Aaction%3Dlightbox%26settings%3DeyJpZCI6NTc5NywidXJsIjoiaHR0cHM6XC9cL2NhbXBpbmdwYXJjb2FkYW1lbGxvLml0XC93cC1jb250ZW50XC91cGxvYWRzXC8yMDI1XC8wNlwvYXBwYWV0YW1lbnRvLTctZGEtMS1hLTMtcG9zdGktbGV0dG8tY2FwaW5nLXBhcmNvLWFkYW1lbGxvLXZhbC1yZW5kZW5hLTEyLXNjYWxlZC53ZWJwIiwic2xpZGVzaG93IjoiMmQ5Zjc4ZSJ9\" href=\"https:\/\/campingparcoadamello.it\/wp-content\/uploads\/2025\/06\/appaetamento-7-da-1-a-3-posti-letto-caping-parco-adamello-val-rendena-12-scaled.webp\" class=\"elementor-clickable pp-image-slider-slide-link\"><div class=\"pp-image-slider-thumb-item pp-image pp-ins-filter-hover\"><div class=\"pp-image-slider-thumb-image pp-ins-filter-target\" style=\"background-image:url(https:\/\/campingparcoadamello.it\/wp-content\/uploads\/2025\/06\/appaetamento-7-da-1-a-3-posti-letto-caping-parco-adamello-val-rendena-12-1024x768.webp)\"><\/div><div class=\"pp-image-slider-thumb-overlay pp-media-overlay\"><\/div><\/div><\/a>\t\t\t<\/div>\n\t\t\t\t\t\t<div class=\"pp-image-slider-thumb-item-wrap pp-swiper-slide swiper-slide\">\n\t\t\t\t<a data-elementor-open-lightbox=\"yes\" data-elementor-lightbox-slideshow=\"2d9f78e\" data-elementor-lightbox-title=\"Appartamento 7 Camping Parco Adamello Pinzolo Carisolo (4)\" data-e-action-hash=\"#elementor-action%3Aaction%3Dlightbox%26settings%3DeyJpZCI6MTg4LCJ1cmwiOiJodHRwczpcL1wvY2FtcGluZ3BhcmNvYWRhbWVsbG8uaXRcL3dwLWNvbnRlbnRcL3VwbG9hZHNcLzIwMjRcLzAxXC9BcHBhcnRhbWVudG8tNy1DYW1waW5nLVBhcmNvLUFkYW1lbGxvLVBpbnpvbG8tQ2FyaXNvbG8tNC53ZWJwIiwic2xpZGVzaG93IjoiMmQ5Zjc4ZSJ9\" href=\"https:\/\/campingparcoadamello.it\/wp-content\/uploads\/2024\/01\/Appartamento-7-Camping-Parco-Adamello-Pinzolo-Carisolo-4.webp\" class=\"elementor-clickable pp-image-slider-slide-link\"><div class=\"pp-image-slider-thumb-item pp-image pp-ins-filter-hover\"><div class=\"pp-image-slider-thumb-image pp-ins-filter-target\" style=\"background-image:url(https:\/\/campingparcoadamello.it\/wp-content\/uploads\/2024\/01\/Appartamento-7-Camping-Parco-Adamello-Pinzolo-Carisolo-4-1024x758.webp)\"><\/div><div class=\"pp-image-slider-thumb-overlay pp-media-overlay\"><\/div><\/div><\/a>\t\t\t<\/div>\n\t\t\t\t\t\t<div class=\"pp-image-slider-thumb-item-wrap pp-swiper-slide swiper-slide\">\n\t\t\t\t<a data-elementor-open-lightbox=\"yes\" data-elementor-lightbox-slideshow=\"2d9f78e\" data-elementor-lightbox-title=\"appaetamento 7 da 1 a 3 posti letto caping parco adamello val rendena (1)\" data-elementor-lightbox-description=\"appaetamento 7 da 1 a 3 posti letto caping parco adamello val rendena (1)\" data-e-action-hash=\"#elementor-action%3Aaction%3Dlightbox%26settings%3DeyJpZCI6NTc5OCwidXJsIjoiaHR0cHM6XC9cL2NhbXBpbmdwYXJjb2FkYW1lbGxvLml0XC93cC1jb250ZW50XC91cGxvYWRzXC8yMDI1XC8wNlwvYXBwYWV0YW1lbnRvLTctZGEtMS1hLTMtcG9zdGktbGV0dG8tY2FwaW5nLXBhcmNvLWFkYW1lbGxvLXZhbC1yZW5kZW5hLTEud2VicCIsInNsaWRlc2hvdyI6IjJkOWY3OGUifQ%3D%3D\" href=\"https:\/\/campingparcoadamello.it\/wp-content\/uploads\/2025\/06\/appaetamento-7-da-1-a-3-posti-letto-caping-parco-adamello-val-rendena-1.webp\" class=\"elementor-clickable pp-image-slider-slide-link\"><div class=\"pp-image-slider-thumb-item pp-image pp-ins-filter-hover\"><div class=\"pp-image-slider-thumb-image pp-ins-filter-target\" style=\"background-image:url(https:\/\/campingparcoadamello.it\/wp-content\/uploads\/2025\/06\/appaetamento-7-da-1-a-3-posti-letto-caping-parco-adamello-val-rendena-1-1024x689.webp)\"><\/div><div class=\"pp-image-slider-thumb-overlay pp-media-overlay\"><\/div><\/div><\/a>\t\t\t<\/div>\n\t\t\t\t\t\t<div class=\"pp-image-slider-thumb-item-wrap pp-swiper-slide swiper-slide\">\n\t\t\t\t<a data-elementor-open-lightbox=\"yes\" data-elementor-lightbox-slideshow=\"2d9f78e\" data-elementor-lightbox-title=\"appaetamento 7 da 1 a 3 posti letto caping parco adamello val rendena (2)\" data-elementor-lightbox-description=\"appaetamento 7 da 1 a 3 posti letto caping parco adamello val rendena (2)\" data-e-action-hash=\"#elementor-action%3Aaction%3Dlightbox%26settings%3DeyJpZCI6NTc5OSwidXJsIjoiaHR0cHM6XC9cL2NhbXBpbmdwYXJjb2FkYW1lbGxvLml0XC93cC1jb250ZW50XC91cGxvYWRzXC8yMDI1XC8wNlwvYXBwYWV0YW1lbnRvLTctZGEtMS1hLTMtcG9zdGktbGV0dG8tY2FwaW5nLXBhcmNvLWFkYW1lbGxvLXZhbC1yZW5kZW5hLTIud2VicCIsInNsaWRlc2hvdyI6IjJkOWY3OGUifQ%3D%3D\" href=\"https:\/\/campingparcoadamello.it\/wp-content\/uploads\/2025\/06\/appaetamento-7-da-1-a-3-posti-letto-caping-parco-adamello-val-rendena-2.webp\" class=\"elementor-clickable pp-image-slider-slide-link\"><div class=\"pp-image-slider-thumb-item pp-image pp-ins-filter-hover\"><div class=\"pp-image-slider-thumb-image pp-ins-filter-target\" style=\"background-image:url(https:\/\/campingparcoadamello.it\/wp-content\/uploads\/2025\/06\/appaetamento-7-da-1-a-3-posti-letto-caping-parco-adamello-val-rendena-2-1024x850.webp)\"><\/div><div class=\"pp-image-slider-thumb-overlay pp-media-overlay\"><\/div><\/div><\/a>\t\t\t<\/div>\n\t\t\t\t\t\t<div class=\"pp-image-slider-thumb-item-wrap pp-swiper-slide swiper-slide\">\n\t\t\t\t<a data-elementor-open-lightbox=\"yes\" data-elementor-lightbox-slideshow=\"2d9f78e\" data-elementor-lightbox-title=\"appaetamento 7 da 1 a 3 posti letto caping parco adamello val rendena (8)\" data-elementor-lightbox-description=\"appaetamento 7 da 1 a 3 posti letto caping parco adamello val rendena (8)\" data-e-action-hash=\"#elementor-action%3Aaction%3Dlightbox%26settings%3DeyJpZCI6NTc5MywidXJsIjoiaHR0cHM6XC9cL2NhbXBpbmdwYXJjb2FkYW1lbGxvLml0XC93cC1jb250ZW50XC91cGxvYWRzXC8yMDI1XC8wNlwvYXBwYWV0YW1lbnRvLTctZGEtMS1hLTMtcG9zdGktbGV0dG8tY2FwaW5nLXBhcmNvLWFkYW1lbGxvLXZhbC1yZW5kZW5hLTgtc2NhbGVkLndlYnAiLCJzbGlkZXNob3ciOiIyZDlmNzhlIn0%3D\" href=\"https:\/\/campingparcoadamello.it\/wp-content\/uploads\/2025\/06\/appaetamento-7-da-1-a-3-posti-letto-caping-parco-adamello-val-rendena-8-scaled.webp\" class=\"elementor-clickable pp-image-slider-slide-link\"><div class=\"pp-image-slider-thumb-item pp-image pp-ins-filter-hover\"><div class=\"pp-image-slider-thumb-image pp-ins-filter-target\" style=\"background-image:url(https:\/\/campingparcoadamello.it\/wp-content\/uploads\/2025\/06\/appaetamento-7-da-1-a-3-posti-letto-caping-parco-adamello-val-rendena-8-768x1024.webp)\"><\/div><div class=\"pp-image-slider-thumb-overlay pp-media-overlay\"><\/div><\/div><\/a>\t\t\t<\/div>\n\t\t\t\t\t\t<div class=\"pp-image-slider-thumb-item-wrap pp-swiper-slide swiper-slide\">\n\t\t\t\t<a data-elementor-open-lightbox=\"yes\" data-elementor-lightbox-slideshow=\"2d9f78e\" data-elementor-lightbox-title=\"appaetamento 7 da 1 a 3 posti letto caping parco adamello val rendena (9)\" data-elementor-lightbox-description=\"appaetamento 7 da 1 a 3 posti letto caping parco adamello val rendena (9)\" data-e-action-hash=\"#elementor-action%3Aaction%3Dlightbox%26settings%3DeyJpZCI6NTc5NCwidXJsIjoiaHR0cHM6XC9cL2NhbXBpbmdwYXJjb2FkYW1lbGxvLml0XC93cC1jb250ZW50XC91cGxvYWRzXC8yMDI1XC8wNlwvYXBwYWV0YW1lbnRvLTctZGEtMS1hLTMtcG9zdGktbGV0dG8tY2FwaW5nLXBhcmNvLWFkYW1lbGxvLXZhbC1yZW5kZW5hLTktc2NhbGVkLndlYnAiLCJzbGlkZXNob3ciOiIyZDlmNzhlIn0%3D\" href=\"https:\/\/campingparcoadamello.it\/wp-content\/uploads\/2025\/06\/appaetamento-7-da-1-a-3-posti-letto-caping-parco-adamello-val-rendena-9-scaled.webp\" class=\"elementor-clickable pp-image-slider-slide-link\"><div class=\"pp-image-slider-thumb-item pp-image pp-ins-filter-hover\"><div class=\"pp-image-slider-thumb-image pp-ins-filter-target\" style=\"background-image:url(https:\/\/campingparcoadamello.it\/wp-content\/uploads\/2025\/06\/appaetamento-7-da-1-a-3-posti-letto-caping-parco-adamello-val-rendena-9-1024x768.webp)\"><\/div><div class=\"pp-image-slider-thumb-overlay pp-media-overlay\"><\/div><\/div><\/a>\t\t\t<\/div>\n\t\t\t\t\t\t<div class=\"pp-image-slider-thumb-item-wrap pp-swiper-slide swiper-slide\">\n\t\t\t\t<a data-elementor-open-lightbox=\"yes\" data-elementor-lightbox-slideshow=\"2d9f78e\" data-elementor-lightbox-title=\"appaetamento 7 da 1 a 3 posti letto caping parco adamello val rendena (6)\" data-elementor-lightbox-description=\"appaetamento 7 da 1 a 3 posti letto caping parco adamello val rendena (6)\" data-e-action-hash=\"#elementor-action%3Aaction%3Dlightbox%26settings%3DeyJpZCI6NTc5MSwidXJsIjoiaHR0cHM6XC9cL2NhbXBpbmdwYXJjb2FkYW1lbGxvLml0XC93cC1jb250ZW50XC91cGxvYWRzXC8yMDI1XC8wNlwvYXBwYWV0YW1lbnRvLTctZGEtMS1hLTMtcG9zdGktbGV0dG8tY2FwaW5nLXBhcmNvLWFkYW1lbGxvLXZhbC1yZW5kZW5hLTYtc2NhbGVkLndlYnAiLCJzbGlkZXNob3ciOiIyZDlmNzhlIn0%3D\" href=\"https:\/\/campingparcoadamello.it\/wp-content\/uploads\/2025\/06\/appaetamento-7-da-1-a-3-posti-letto-caping-parco-adamello-val-rendena-6-scaled.webp\" class=\"elementor-clickable pp-image-slider-slide-link\"><div class=\"pp-image-slider-thumb-item pp-image pp-ins-filter-hover\"><div class=\"pp-image-slider-thumb-image pp-ins-filter-target\" style=\"background-image:url(https:\/\/campingparcoadamello.it\/wp-content\/uploads\/2025\/06\/appaetamento-7-da-1-a-3-posti-letto-caping-parco-adamello-val-rendena-6-1024x768.webp)\"><\/div><div class=\"pp-image-slider-thumb-overlay pp-media-overlay\"><\/div><\/div><\/a>\t\t\t<\/div>\n\t\t\t\t\t\t<div class=\"pp-image-slider-thumb-item-wrap pp-swiper-slide swiper-slide\">\n\t\t\t\t<a data-elementor-open-lightbox=\"yes\" data-elementor-lightbox-slideshow=\"2d9f78e\" data-elementor-lightbox-title=\"Appartamento 7 Camping Parco Adamello Pinzolo Carisolo (8)\" data-e-action-hash=\"#elementor-action%3Aaction%3Dlightbox%26settings%3DeyJpZCI6MTg0LCJ1cmwiOiJodHRwczpcL1wvY2FtcGluZ3BhcmNvYWRhbWVsbG8uaXRcL3dwLWNvbnRlbnRcL3VwbG9hZHNcLzIwMjRcLzAxXC9BcHBhcnRhbWVudG8tNy1DYW1waW5nLVBhcmNvLUFkYW1lbGxvLVBpbnpvbG8tQ2FyaXNvbG8tOC53ZWJwIiwic2xpZGVzaG93IjoiMmQ5Zjc4ZSJ9\" href=\"https:\/\/campingparcoadamello.it\/wp-content\/uploads\/2024\/01\/Appartamento-7-Camping-Parco-Adamello-Pinzolo-Carisolo-8.webp\" class=\"elementor-clickable pp-image-slider-slide-link\"><div class=\"pp-image-slider-thumb-item pp-image pp-ins-filter-hover\"><div class=\"pp-image-slider-thumb-image pp-ins-filter-target\" style=\"background-image:url(https:\/\/campingparcoadamello.it\/wp-content\/uploads\/2024\/01\/Appartamento-7-Camping-Parco-Adamello-Pinzolo-Carisolo-8-1024x709.webp)\"><\/div><div class=\"pp-image-slider-thumb-overlay pp-media-overlay\"><\/div><\/div><\/a>\t\t\t<\/div>\n\t\t\t\t\t\t<div class=\"pp-image-slider-thumb-item-wrap pp-swiper-slide swiper-slide\">\n\t\t\t\t<a data-elementor-open-lightbox=\"yes\" data-elementor-lightbox-slideshow=\"2d9f78e\" data-elementor-lightbox-title=\"appaetamento 7 da 1 a 3 posti letto caping parco adamello val rendena (10)\" data-elementor-lightbox-description=\"appaetamento 7 da 1 a 3 posti letto caping parco adamello val rendena (10)\" data-e-action-hash=\"#elementor-action%3Aaction%3Dlightbox%26settings%3DeyJpZCI6NTc5NSwidXJsIjoiaHR0cHM6XC9cL2NhbXBpbmdwYXJjb2FkYW1lbGxvLml0XC93cC1jb250ZW50XC91cGxvYWRzXC8yMDI1XC8wNlwvYXBwYWV0YW1lbnRvLTctZGEtMS1hLTMtcG9zdGktbGV0dG8tY2FwaW5nLXBhcmNvLWFkYW1lbGxvLXZhbC1yZW5kZW5hLTEwLXNjYWxlZC53ZWJwIiwic2xpZGVzaG93IjoiMmQ5Zjc4ZSJ9\" href=\"https:\/\/campingparcoadamello.it\/wp-content\/uploads\/2025\/06\/appaetamento-7-da-1-a-3-posti-letto-caping-parco-adamello-val-rendena-10-scaled.webp\" class=\"elementor-clickable pp-image-slider-slide-link\"><div class=\"pp-image-slider-thumb-item pp-image pp-ins-filter-hover\"><div class=\"pp-image-slider-thumb-image pp-ins-filter-target\" style=\"background-image:url(https:\/\/campingparcoadamello.it\/wp-content\/uploads\/2025\/06\/appaetamento-7-da-1-a-3-posti-letto-caping-parco-adamello-val-rendena-10-1024x768.webp)\"><\/div><div class=\"pp-image-slider-thumb-overlay pp-media-overlay\"><\/div><\/div><\/a>\t\t\t<\/div>\n\t\t\t\t\t\t<div class=\"pp-image-slider-thumb-item-wrap pp-swiper-slide swiper-slide\">\n\t\t\t\t<a data-elementor-open-lightbox=\"yes\" data-elementor-lightbox-slideshow=\"2d9f78e\" data-elementor-lightbox-title=\"Appartamento 7 Camping Parco Adamello Pinzolo Carisolo (7)\" data-e-action-hash=\"#elementor-action%3Aaction%3Dlightbox%26settings%3DeyJpZCI6MTkxLCJ1cmwiOiJodHRwczpcL1wvY2FtcGluZ3BhcmNvYWRhbWVsbG8uaXRcL3dwLWNvbnRlbnRcL3VwbG9hZHNcLzIwMjRcLzAxXC9BcHBhcnRhbWVudG8tNy1DYW1waW5nLVBhcmNvLUFkYW1lbGxvLVBpbnpvbG8tQ2FyaXNvbG8tNy53ZWJwIiwic2xpZGVzaG93IjoiMmQ5Zjc4ZSJ9\" href=\"https:\/\/campingparcoadamello.it\/wp-content\/uploads\/2024\/01\/Appartamento-7-Camping-Parco-Adamello-Pinzolo-Carisolo-7.webp\" class=\"elementor-clickable pp-image-slider-slide-link\"><div class=\"pp-image-slider-thumb-item pp-image pp-ins-filter-hover\"><div class=\"pp-image-slider-thumb-image pp-ins-filter-target\" style=\"background-image:url(https:\/\/campingparcoadamello.it\/wp-content\/uploads\/2024\/01\/Appartamento-7-Camping-Parco-Adamello-Pinzolo-Carisolo-7-1024x726.webp)\"><\/div><div class=\"pp-image-slider-thumb-overlay pp-media-overlay\"><\/div><\/div><\/a>\t\t\t<\/div>\n\t\t\t\t\t\t<div class=\"pp-image-slider-thumb-item-wrap pp-swiper-slide swiper-slide\">\n\t\t\t\t<a data-elementor-open-lightbox=\"yes\" data-elementor-lightbox-slideshow=\"2d9f78e\" data-elementor-lightbox-title=\"Appartamento 7 Camping Parco Adamello Pinzolo Carisolo (1)\" data-e-action-hash=\"#elementor-action%3Aaction%3Dlightbox%26settings%3DeyJpZCI6MTg1LCJ1cmwiOiJodHRwczpcL1wvY2FtcGluZ3BhcmNvYWRhbWVsbG8uaXRcL3dwLWNvbnRlbnRcL3VwbG9hZHNcLzIwMjRcLzAxXC9BcHBhcnRhbWVudG8tNy1DYW1waW5nLVBhcmNvLUFkYW1lbGxvLVBpbnpvbG8tQ2FyaXNvbG8tMS53ZWJwIiwic2xpZGVzaG93IjoiMmQ5Zjc4ZSJ9\" href=\"https:\/\/campingparcoadamello.it\/wp-content\/uploads\/2024\/01\/Appartamento-7-Camping-Parco-Adamello-Pinzolo-Carisolo-1.webp\" class=\"elementor-clickable pp-image-slider-slide-link\"><div class=\"pp-image-slider-thumb-item pp-image pp-ins-filter-hover\"><div class=\"pp-image-slider-thumb-image pp-ins-filter-target\" style=\"background-image:url(https:\/\/campingparcoadamello.it\/wp-content\/uploads\/2024\/01\/Appartamento-7-Camping-Parco-Adamello-Pinzolo-Carisolo-1-1024x768.webp)\"><\/div><div class=\"pp-image-slider-thumb-overlay pp-media-overlay\"><\/div><\/div><\/a>\t\t\t<\/div>\n\t\t\t\t\t\t<div class=\"pp-image-slider-thumb-item-wrap pp-swiper-slide swiper-slide\">\n\t\t\t\t<a data-elementor-open-lightbox=\"yes\" data-elementor-lightbox-slideshow=\"2d9f78e\" data-elementor-lightbox-title=\"appaetamento 7 da 1 a 3 posti letto caping parco adamello val rendena (2)\" data-elementor-lightbox-description=\"appaetamento 7 da 1 a 3 posti letto caping parco adamello val rendena (2)\" data-e-action-hash=\"#elementor-action%3Aaction%3Dlightbox%26settings%3DeyJpZCI6NTc4NywidXJsIjoiaHR0cHM6XC9cL2NhbXBpbmdwYXJjb2FkYW1lbGxvLml0XC93cC1jb250ZW50XC91cGxvYWRzXC8yMDI1XC8wNlwvYXBwYWV0YW1lbnRvLTctZGEtMS1hLTMtcG9zdGktbGV0dG8tY2FwaW5nLXBhcmNvLWFkYW1lbGxvLXZhbC1yZW5kZW5hLTItc2NhbGVkLndlYnAiLCJzbGlkZXNob3ciOiIyZDlmNzhlIn0%3D\" href=\"https:\/\/campingparcoadamello.it\/wp-content\/uploads\/2025\/06\/appaetamento-7-da-1-a-3-posti-letto-caping-parco-adamello-val-rendena-2-scaled.webp\" class=\"elementor-clickable pp-image-slider-slide-link\"><div class=\"pp-image-slider-thumb-item pp-image pp-ins-filter-hover\"><div class=\"pp-image-slider-thumb-image pp-ins-filter-target\" style=\"background-image:url(https:\/\/campingparcoadamello.it\/wp-content\/uploads\/2025\/06\/appaetamento-7-da-1-a-3-posti-letto-caping-parco-adamello-val-rendena-2-1024x768.webp)\"><\/div><div class=\"pp-image-slider-thumb-overlay pp-media-overlay\"><\/div><\/div><\/a>\t\t\t<\/div>\n\t\t\t\t\t\t<div class=\"pp-image-slider-thumb-item-wrap pp-swiper-slide swiper-slide\">\n\t\t\t\t<a data-elementor-open-lightbox=\"yes\" data-elementor-lightbox-slideshow=\"2d9f78e\" data-elementor-lightbox-title=\"appaetamento 7 da 1 a 3 posti letto caping parco adamello val rendena (7)\" data-elementor-lightbox-description=\"appaetamento 7 da 1 a 3 posti letto caping parco adamello val rendena (7)\" data-e-action-hash=\"#elementor-action%3Aaction%3Dlightbox%26settings%3DeyJpZCI6NTc5MiwidXJsIjoiaHR0cHM6XC9cL2NhbXBpbmdwYXJjb2FkYW1lbGxvLml0XC93cC1jb250ZW50XC91cGxvYWRzXC8yMDI1XC8wNlwvYXBwYWV0YW1lbnRvLTctZGEtMS1hLTMtcG9zdGktbGV0dG8tY2FwaW5nLXBhcmNvLWFkYW1lbGxvLXZhbC1yZW5kZW5hLTctc2NhbGVkLndlYnAiLCJzbGlkZXNob3ciOiIyZDlmNzhlIn0%3D\" href=\"https:\/\/campingparcoadamello.it\/wp-content\/uploads\/2025\/06\/appaetamento-7-da-1-a-3-posti-letto-caping-parco-adamello-val-rendena-7-scaled.webp\" class=\"elementor-clickable pp-image-slider-slide-link\"><div class=\"pp-image-slider-thumb-item pp-image pp-ins-filter-hover\"><div class=\"pp-image-slider-thumb-image pp-ins-filter-target\" style=\"background-image:url(https:\/\/campingparcoadamello.it\/wp-content\/uploads\/2025\/06\/appaetamento-7-da-1-a-3-posti-letto-caping-parco-adamello-val-rendena-7-1024x768.webp)\"><\/div><div class=\"pp-image-slider-thumb-overlay pp-media-overlay\"><\/div><\/div><\/a>\t\t\t<\/div>\n\t\t\t\t\t\t<div class=\"pp-image-slider-thumb-item-wrap pp-swiper-slide swiper-slide\">\n\t\t\t\t<a data-elementor-open-lightbox=\"yes\" data-elementor-lightbox-slideshow=\"2d9f78e\" data-elementor-lightbox-title=\"Appartamento 7 Camping Parco Adamello Pinzolo Carisolo (5)\" data-e-action-hash=\"#elementor-action%3Aaction%3Dlightbox%26settings%3DeyJpZCI6MTg5LCJ1cmwiOiJodHRwczpcL1wvY2FtcGluZ3BhcmNvYWRhbWVsbG8uaXRcL3dwLWNvbnRlbnRcL3VwbG9hZHNcLzIwMjRcLzAxXC9BcHBhcnRhbWVudG8tNy1DYW1waW5nLVBhcmNvLUFkYW1lbGxvLVBpbnpvbG8tQ2FyaXNvbG8tNS53ZWJwIiwic2xpZGVzaG93IjoiMmQ5Zjc4ZSJ9\" href=\"https:\/\/campingparcoadamello.it\/wp-content\/uploads\/2024\/01\/Appartamento-7-Camping-Parco-Adamello-Pinzolo-Carisolo-5.webp\" class=\"elementor-clickable pp-image-slider-slide-link\"><div class=\"pp-image-slider-thumb-item pp-image pp-ins-filter-hover\"><div class=\"pp-image-slider-thumb-image pp-ins-filter-target\" style=\"background-image:url(https:\/\/campingparcoadamello.it\/wp-content\/uploads\/2024\/01\/Appartamento-7-Camping-Parco-Adamello-Pinzolo-Carisolo-5-1024x774.webp)\"><\/div><div class=\"pp-image-slider-thumb-overlay pp-media-overlay\"><\/div><\/div><\/a>\t\t\t<\/div>\n\t\t\t\t\t\t\t\t\t<\/div>\n\t\t\t\t\t<\/div>\n\t\t\t\t\t\t\t\t\t<div class=\"pp-slider-arrow elementor-swiper-button-prev swiper-button-prev-2d9f78e\" role=\"button\" tabindex=\"0\">\n\t\t\t\t\t<svg aria-hidden=\"true\" class=\"e-font-icon-svg e-fas-angle-left\" viewbox=\"0 0 256 512\" xmlns=\"http:\/\/www.w3.org\/2000\/svg\"><path d=\"M31.7 239l136-136c9.4-9.4 24.6-9.4 33.9 0l22.6 22.6c9.4 9.4 9.4 24.6 0 33.9L127.9 256l96.4 96.4c9.4 9.4 9.4 24.6 0 33.9L201.7 409c-9.4 9.4-24.6 9.4-33.9 0l-136-136c-9.5-9.4-9.5-24.6-.1-34z\"><\/path><\/svg>\t\t\t\t<\/div>\n\t\t\t\t<div class=\"pp-slider-arrow elementor-swiper-button-next swiper-button-next-2d9f78e\" role=\"button\" tabindex=\"0\">\n\t\t\t\t\t<svg aria-hidden=\"true\" class=\"e-font-icon-svg e-fas-angle-right\" viewbox=\"0 0 256 512\" xmlns=\"http:\/\/www.w3.org\/2000\/svg\"><path d=\"M224.3 273l-136 136c-9.4 9.4-24.6 9.4-33.9 0l-22.6-22.6c-9.4-9.4-9.4-24.6 0-33.9l96.4-96.4-96.4-96.4c-9.4-9.4-9.4-24.6 0-33.9L54.3 103c9.4-9.4 24.6-9.4 33.9 0l136 136c9.5 9.4 9.5 24.6.1 34z\"><\/path><\/svg>\t\t\t\t<\/div>\n\t\t\t\t\t\t\t<\/div>\n\t\t\t<\/div>\n\t\t\t\t\t<\/div>\n\t\t\t\t\t\t\t<\/div>\n\t\t\t\t<\/div>\n\t\t\t\t\t<\/div>\n\t\t\t\t<\/div>\n\t\t<div class=\"elementor-element elementor-element-4fa474e e-flex e-con-boxed e-con e-parent\" data-id=\"4fa474e\" data-element_type=\"container\" data-e-type=\"container\" data-settings=\"{&quot;background_background&quot;:&quot;classic&quot;}\">\n\t\t\t\t\t<div class=\"e-con-inner\">\n\t\t<div class=\"elementor-element elementor-element-6e22144 e-con-full e-flex e-con e-child\" data-id=\"6e22144\" data-element_type=\"container\" data-e-type=\"container\">\n\t\t\t\t<div class=\"elementor-element elementor-element-2693513 pp-image-slider-carousel pp-ins-normal pp-ins-hover-normal elementor-widget elementor-widget-pp-image-slider\" data-id=\"2693513\" data-element_type=\"widget\" data-e-type=\"widget\" data-settings=\"{&quot;skin&quot;:&quot;carousel&quot;,&quot;pause_on_hover&quot;:&quot;yes&quot;,&quot;infinite_loop&quot;:&quot;yes&quot;}\" data-widget_type=\"pp-image-slider.default\">\n\t\t\t\t\t\t\t\t\t<div class=\"pp-image-slider-container pp-thumbs-equal-height\">\n\t\t\t<div class=\"pp-image-slider-wrap swiper-container-wrap\">\n\t\t\t\t<div class=\"pp-image-slider-box\">\n\t\t\t\t\t<div class=\"pp-image-slider pp-swiper-slider swiper-container\" id=\"pp-image-slider-2693513\" data-slider-settings=\"{&quot;direction&quot;:&quot;horizontal&quot;,&quot;effect&quot;:&quot;slide&quot;,&quot;speed&quot;:600,&quot;slides_per_view&quot;:1,&quot;slides_per_group&quot;:1,&quot;space_between&quot;:10,&quot;auto_height&quot;:true,&quot;loop&quot;:&quot;yes&quot;,&quot;autoplay&quot;:&quot;yes&quot;,&quot;autoplay_speed&quot;:3000,&quot;show_arrows&quot;:true,&quot;slides_per_view_mobile&quot;:2,&quot;slides_per_group_mobile&quot;:1,&quot;space_between_mobile&quot;:15,&quot;slides_per_view_tablet&quot;:2,&quot;slides_per_group_tablet&quot;:1,&quot;space_between_tablet&quot;:10}\">\n\t\t\t\t\t\t<div class=\"swiper-wrapper\">\n\t\t\t\t\t\t\t\t\t\t<div class=\"pp-image-slider-thumb-item-wrap pp-swiper-slide swiper-slide\">\n\t\t\t\t<a data-elementor-open-lightbox=\"yes\" data-elementor-lightbox-slideshow=\"2693513\" data-elementor-lightbox-title=\"appartamenti 5 9 e 12 da 1 a 3 posti letto camping parco adamello val rendena (11)\" data-elementor-lightbox-description=\"appartamenti 5 9 e 12 da 1 a 3 posti letto camping parco adamello val rendena (11)\" data-e-action-hash=\"#elementor-action%3Aaction%3Dlightbox%26settings%3DeyJpZCI6NTgxMSwidXJsIjoiaHR0cHM6XC9cL2NhbXBpbmdwYXJjb2FkYW1lbGxvLml0XC93cC1jb250ZW50XC91cGxvYWRzXC8yMDI1XC8wNlwvYXBwYXJ0YW1lbnRpLTUtOS1lLTEyLWRhLTEtYS0zLXBvc3RpLWxldHRvLWNhbXBpbmctcGFyY28tYWRhbWVsbG8tdmFsLXJlbmRlbmEtMTEtc2NhbGVkLmpwZyIsInNsaWRlc2hvdyI6IjI2OTM1MTMifQ%3D%3D\" href=\"https:\/\/campingparcoadamello.it\/wp-content\/uploads\/2025\/06\/appartamenti-5-9-e-12-da-1-a-3-posti-letto-camping-parco-adamello-val-rendena-11-scaled.jpg\" class=\"elementor-clickable pp-image-slider-slide-link\"><div class=\"pp-image-slider-thumb-item pp-image pp-ins-filter-hover\"><div class=\"pp-image-slider-thumb-image pp-ins-filter-target\" style=\"background-image:url(https:\/\/campingparcoadamello.it\/wp-content\/uploads\/2025\/06\/appartamenti-5-9-e-12-da-1-a-3-posti-letto-camping-parco-adamello-val-rendena-11-1024x768.jpg)\"><\/div><div class=\"pp-image-slider-thumb-overlay pp-media-overlay\"><\/div><\/div><\/a>\t\t\t<\/div>\n\t\t\t\t\t\t<div class=\"pp-image-slider-thumb-item-wrap pp-swiper-slide swiper-slide\">\n\t\t\t\t<a data-elementor-open-lightbox=\"yes\" data-elementor-lightbox-slideshow=\"2693513\" data-elementor-lightbox-title=\"appartamenti 5 9 e 12 da 1 a 3 posti letto camping parco adamello val rendena (10)\" data-elementor-lightbox-description=\"appartamenti 5 9 e 12 da 1 a 3 posti letto camping parco adamello val rendena (10)\" data-e-action-hash=\"#elementor-action%3Aaction%3Dlightbox%26settings%3DeyJpZCI6NTgxMCwidXJsIjoiaHR0cHM6XC9cL2NhbXBpbmdwYXJjb2FkYW1lbGxvLml0XC93cC1jb250ZW50XC91cGxvYWRzXC8yMDI1XC8wNlwvYXBwYXJ0YW1lbnRpLTUtOS1lLTEyLWRhLTEtYS0zLXBvc3RpLWxldHRvLWNhbXBpbmctcGFyY28tYWRhbWVsbG8tdmFsLXJlbmRlbmEtMTAtc2NhbGVkLndlYnAiLCJzbGlkZXNob3ciOiIyNjkzNTEzIn0%3D\" href=\"https:\/\/campingparcoadamello.it\/wp-content\/uploads\/2025\/06\/appartamenti-5-9-e-12-da-1-a-3-posti-letto-camping-parco-adamello-val-rendena-10-scaled.webp\" class=\"elementor-clickable pp-image-slider-slide-link\"><div class=\"pp-image-slider-thumb-item pp-image pp-ins-filter-hover\"><div class=\"pp-image-slider-thumb-image pp-ins-filter-target\" style=\"background-image:url(https:\/\/campingparcoadamello.it\/wp-content\/uploads\/2025\/06\/appartamenti-5-9-e-12-da-1-a-3-posti-letto-camping-parco-adamello-val-rendena-10-1024x768.webp)\"><\/div><div class=\"pp-image-slider-thumb-overlay pp-media-overlay\"><\/div><\/div><\/a>\t\t\t<\/div>\n\t\t\t\t\t\t<div class=\"pp-image-slider-thumb-item-wrap pp-swiper-slide swiper-slide\">\n\t\t\t\t<a data-elementor-open-lightbox=\"yes\" data-elementor-lightbox-slideshow=\"2693513\" data-elementor-lightbox-title=\"appartamenti 5 9 e 12 da 1 a 3 posti letto camping parco adamello val rendena (4)\" data-elementor-lightbox-description=\"appartamenti 5 9 e 12 da 1 a 3 posti letto camping parco adamello val rendena (4)\" data-e-action-hash=\"#elementor-action%3Aaction%3Dlightbox%26settings%3DeyJpZCI6NTgwNCwidXJsIjoiaHR0cHM6XC9cL2NhbXBpbmdwYXJjb2FkYW1lbGxvLml0XC93cC1jb250ZW50XC91cGxvYWRzXC8yMDI1XC8wNlwvYXBwYXJ0YW1lbnRpLTUtOS1lLTEyLWRhLTEtYS0zLXBvc3RpLWxldHRvLWNhbXBpbmctcGFyY28tYWRhbWVsbG8tdmFsLXJlbmRlbmEtNC1zY2FsZWQud2VicCIsInNsaWRlc2hvdyI6IjI2OTM1MTMifQ%3D%3D\" href=\"https:\/\/campingparcoadamello.it\/wp-content\/uploads\/2025\/06\/appartamenti-5-9-e-12-da-1-a-3-posti-letto-camping-parco-adamello-val-rendena-4-scaled.webp\" class=\"elementor-clickable pp-image-slider-slide-link\"><div class=\"pp-image-slider-thumb-item pp-image pp-ins-filter-hover\"><div class=\"pp-image-slider-thumb-image pp-ins-filter-target\" style=\"background-image:url(https:\/\/campingparcoadamello.it\/wp-content\/uploads\/2025\/06\/appartamenti-5-9-e-12-da-1-a-3-posti-letto-camping-parco-adamello-val-rendena-4-1024x768.webp)\"><\/div><div class=\"pp-image-slider-thumb-overlay pp-media-overlay\"><\/div><\/div><\/a>\t\t\t<\/div>\n\t\t\t\t\t\t<div class=\"pp-image-slider-thumb-item-wrap pp-swiper-slide swiper-slide\">\n\t\t\t\t<a data-elementor-open-lightbox=\"yes\" data-elementor-lightbox-slideshow=\"2693513\" data-elementor-lightbox-title=\"appartamenti 5 9 e 12 da 1 a 3 posti letto camping parco adamello val rendena (1)\" data-elementor-lightbox-description=\"appartamenti 5 9 e 12 da 1 a 3 posti letto camping parco adamello val rendena (1)\" data-e-action-hash=\"#elementor-action%3Aaction%3Dlightbox%26settings%3DeyJpZCI6NTgwMSwidXJsIjoiaHR0cHM6XC9cL2NhbXBpbmdwYXJjb2FkYW1lbGxvLml0XC93cC1jb250ZW50XC91cGxvYWRzXC8yMDI1XC8wNlwvYXBwYXJ0YW1lbnRpLTUtOS1lLTEyLWRhLTEtYS0zLXBvc3RpLWxldHRvLWNhbXBpbmctcGFyY28tYWRhbWVsbG8tdmFsLXJlbmRlbmEtMS1zY2FsZWQud2VicCIsInNsaWRlc2hvdyI6IjI2OTM1MTMifQ%3D%3D\" href=\"https:\/\/campingparcoadamello.it\/wp-content\/uploads\/2025\/06\/appartamenti-5-9-e-12-da-1-a-3-posti-letto-camping-parco-adamello-val-rendena-1-scaled.webp\" class=\"elementor-clickable pp-image-slider-slide-link\"><div class=\"pp-image-slider-thumb-item pp-image pp-ins-filter-hover\"><div class=\"pp-image-slider-thumb-image pp-ins-filter-target\" style=\"background-image:url(https:\/\/campingparcoadamello.it\/wp-content\/uploads\/2025\/06\/appartamenti-5-9-e-12-da-1-a-3-posti-letto-camping-parco-adamello-val-rendena-1-1024x768.webp)\"><\/div><div class=\"pp-image-slider-thumb-overlay pp-media-overlay\"><\/div><\/div><\/a>\t\t\t<\/div>\n\t\t\t\t\t\t<div class=\"pp-image-slider-thumb-item-wrap pp-swiper-slide swiper-slide\">\n\t\t\t\t<a data-elementor-open-lightbox=\"yes\" data-elementor-lightbox-slideshow=\"2693513\" data-elementor-lightbox-title=\"appartamenti 5 9 e 12 da 1 a 3 posti letto camping parco adamello val rendena (5)\" data-elementor-lightbox-description=\"appartamenti 5 9 e 12 da 1 a 3 posti letto camping parco adamello val rendena (5)\" data-e-action-hash=\"#elementor-action%3Aaction%3Dlightbox%26settings%3DeyJpZCI6NTgwNSwidXJsIjoiaHR0cHM6XC9cL2NhbXBpbmdwYXJjb2FkYW1lbGxvLml0XC93cC1jb250ZW50XC91cGxvYWRzXC8yMDI1XC8wNlwvYXBwYXJ0YW1lbnRpLTUtOS1lLTEyLWRhLTEtYS0zLXBvc3RpLWxldHRvLWNhbXBpbmctcGFyY28tYWRhbWVsbG8tdmFsLXJlbmRlbmEtNS1zY2FsZWQud2VicCIsInNsaWRlc2hvdyI6IjI2OTM1MTMifQ%3D%3D\" href=\"https:\/\/campingparcoadamello.it\/wp-content\/uploads\/2025\/06\/appartamenti-5-9-e-12-da-1-a-3-posti-letto-camping-parco-adamello-val-rendena-5-scaled.webp\" class=\"elementor-clickable pp-image-slider-slide-link\"><div class=\"pp-image-slider-thumb-item pp-image pp-ins-filter-hover\"><div class=\"pp-image-slider-thumb-image pp-ins-filter-target\" style=\"background-image:url(https:\/\/campingparcoadamello.it\/wp-content\/uploads\/2025\/06\/appartamenti-5-9-e-12-da-1-a-3-posti-letto-camping-parco-adamello-val-rendena-5-1024x768.webp)\"><\/div><div class=\"pp-image-slider-thumb-overlay pp-media-overlay\"><\/div><\/div><\/a>\t\t\t<\/div>\n\t\t\t\t\t\t<div class=\"pp-image-slider-thumb-item-wrap pp-swiper-slide swiper-slide\">\n\t\t\t\t<a data-elementor-open-lightbox=\"yes\" data-elementor-lightbox-slideshow=\"2693513\" data-elementor-lightbox-title=\"appartamenti 5 9 e 12 da 1 a 3 posti letto camping parco adamello val rendena (9)\" data-elementor-lightbox-description=\"appartamenti 5 9 e 12 da 1 a 3 posti letto camping parco adamello val rendena (9)\" data-e-action-hash=\"#elementor-action%3Aaction%3Dlightbox%26settings%3DeyJpZCI6NTgwOSwidXJsIjoiaHR0cHM6XC9cL2NhbXBpbmdwYXJjb2FkYW1lbGxvLml0XC93cC1jb250ZW50XC91cGxvYWRzXC8yMDI1XC8wNlwvYXBwYXJ0YW1lbnRpLTUtOS1lLTEyLWRhLTEtYS0zLXBvc3RpLWxldHRvLWNhbXBpbmctcGFyY28tYWRhbWVsbG8tdmFsLXJlbmRlbmEtOS1zY2FsZWQud2VicCIsInNsaWRlc2hvdyI6IjI2OTM1MTMifQ%3D%3D\" href=\"https:\/\/campingparcoadamello.it\/wp-content\/uploads\/2025\/06\/appartamenti-5-9-e-12-da-1-a-3-posti-letto-camping-parco-adamello-val-rendena-9-scaled.webp\" class=\"elementor-clickable pp-image-slider-slide-link\"><div class=\"pp-image-slider-thumb-item pp-image pp-ins-filter-hover\"><div class=\"pp-image-slider-thumb-image pp-ins-filter-target\" style=\"background-image:url(https:\/\/campingparcoadamello.it\/wp-content\/uploads\/2025\/06\/appartamenti-5-9-e-12-da-1-a-3-posti-letto-camping-parco-adamello-val-rendena-9-1024x768.webp)\"><\/div><div class=\"pp-image-slider-thumb-overlay pp-media-overlay\"><\/div><\/div><\/a>\t\t\t<\/div>\n\t\t\t\t\t\t<div class=\"pp-image-slider-thumb-item-wrap pp-swiper-slide swiper-slide\">\n\t\t\t\t<a data-elementor-open-lightbox=\"yes\" data-elementor-lightbox-slideshow=\"2693513\" data-elementor-lightbox-title=\"appartamenti 5 9 e 12 da 1 a 3 posti letto camping parco adamello val rendena (8)\" data-elementor-lightbox-description=\"appartamenti 5 9 e 12 da 1 a 3 posti letto camping parco adamello val rendena (8)\" data-e-action-hash=\"#elementor-action%3Aaction%3Dlightbox%26settings%3DeyJpZCI6NTgwOCwidXJsIjoiaHR0cHM6XC9cL2NhbXBpbmdwYXJjb2FkYW1lbGxvLml0XC93cC1jb250ZW50XC91cGxvYWRzXC8yMDI1XC8wNlwvYXBwYXJ0YW1lbnRpLTUtOS1lLTEyLWRhLTEtYS0zLXBvc3RpLWxldHRvLWNhbXBpbmctcGFyY28tYWRhbWVsbG8tdmFsLXJlbmRlbmEtOC1zY2FsZWQud2VicCIsInNsaWRlc2hvdyI6IjI2OTM1MTMifQ%3D%3D\" href=\"https:\/\/campingparcoadamello.it\/wp-content\/uploads\/2025\/06\/appartamenti-5-9-e-12-da-1-a-3-posti-letto-camping-parco-adamello-val-rendena-8-scaled.webp\" class=\"elementor-clickable pp-image-slider-slide-link\"><div class=\"pp-image-slider-thumb-item pp-image pp-ins-filter-hover\"><div class=\"pp-image-slider-thumb-image pp-ins-filter-target\" style=\"background-image:url(https:\/\/campingparcoadamello.it\/wp-content\/uploads\/2025\/06\/appartamenti-5-9-e-12-da-1-a-3-posti-letto-camping-parco-adamello-val-rendena-8-1024x768.webp)\"><\/div><div class=\"pp-image-slider-thumb-overlay pp-media-overlay\"><\/div><\/div><\/a>\t\t\t<\/div>\n\t\t\t\t\t\t<div class=\"pp-image-slider-thumb-item-wrap pp-swiper-slide swiper-slide\">\n\t\t\t\t<a data-elementor-open-lightbox=\"yes\" data-elementor-lightbox-slideshow=\"2693513\" data-elementor-lightbox-title=\"appartamenti 5 9 e 12 da 1 a 3 posti letto camping parco adamello val rendena (6)\" data-elementor-lightbox-description=\"appartamenti 5 9 e 12 da 1 a 3 posti letto camping parco adamello val rendena (6)\" data-e-action-hash=\"#elementor-action%3Aaction%3Dlightbox%26settings%3DeyJpZCI6NTgwNiwidXJsIjoiaHR0cHM6XC9cL2NhbXBpbmdwYXJjb2FkYW1lbGxvLml0XC93cC1jb250ZW50XC91cGxvYWRzXC8yMDI1XC8wNlwvYXBwYXJ0YW1lbnRpLTUtOS1lLTEyLWRhLTEtYS0zLXBvc3RpLWxldHRvLWNhbXBpbmctcGFyY28tYWRhbWVsbG8tdmFsLXJlbmRlbmEtNi1zY2FsZWQud2VicCIsInNsaWRlc2hvdyI6IjI2OTM1MTMifQ%3D%3D\" href=\"https:\/\/campingparcoadamello.it\/wp-content\/uploads\/2025\/06\/appartamenti-5-9-e-12-da-1-a-3-posti-letto-camping-parco-adamello-val-rendena-6-scaled.webp\" class=\"elementor-clickable pp-image-slider-slide-link\"><div class=\"pp-image-slider-thumb-item pp-image pp-ins-filter-hover\"><div class=\"pp-image-slider-thumb-image pp-ins-filter-target\" style=\"background-image:url(https:\/\/campingparcoadamello.it\/wp-content\/uploads\/2025\/06\/appartamenti-5-9-e-12-da-1-a-3-posti-letto-camping-parco-adamello-val-rendena-6-1024x768.webp)\"><\/div><div class=\"pp-image-slider-thumb-overlay pp-media-overlay\"><\/div><\/div><\/a>\t\t\t<\/div>\n\t\t\t\t\t\t<div class=\"pp-image-slider-thumb-item-wrap pp-swiper-slide swiper-slide\">\n\t\t\t\t<a data-elementor-open-lightbox=\"yes\" data-elementor-lightbox-slideshow=\"2693513\" data-elementor-lightbox-title=\"appartamenti 5 9 e 12 da 1 a 3 posti letto camping parco adamello val rendena (7)\" data-elementor-lightbox-description=\"appartamenti 5 9 e 12 da 1 a 3 posti letto camping parco adamello val rendena (7)\" data-e-action-hash=\"#elementor-action%3Aaction%3Dlightbox%26settings%3DeyJpZCI6NTgwNywidXJsIjoiaHR0cHM6XC9cL2NhbXBpbmdwYXJjb2FkYW1lbGxvLml0XC93cC1jb250ZW50XC91cGxvYWRzXC8yMDI1XC8wNlwvYXBwYXJ0YW1lbnRpLTUtOS1lLTEyLWRhLTEtYS0zLXBvc3RpLWxldHRvLWNhbXBpbmctcGFyY28tYWRhbWVsbG8tdmFsLXJlbmRlbmEtNy1zY2FsZWQud2VicCIsInNsaWRlc2hvdyI6IjI2OTM1MTMifQ%3D%3D\" href=\"https:\/\/campingparcoadamello.it\/wp-content\/uploads\/2025\/06\/appartamenti-5-9-e-12-da-1-a-3-posti-letto-camping-parco-adamello-val-rendena-7-scaled.webp\" class=\"elementor-clickable pp-image-slider-slide-link\"><div class=\"pp-image-slider-thumb-item pp-image pp-ins-filter-hover\"><div class=\"pp-image-slider-thumb-image pp-ins-filter-target\" style=\"background-image:url(https:\/\/campingparcoadamello.it\/wp-content\/uploads\/2025\/06\/appartamenti-5-9-e-12-da-1-a-3-posti-letto-camping-parco-adamello-val-rendena-7-1024x768.webp)\"><\/div><div class=\"pp-image-slider-thumb-overlay pp-media-overlay\"><\/div><\/div><\/a>\t\t\t<\/div>\n\t\t\t\t\t\t<div class=\"pp-image-slider-thumb-item-wrap pp-swiper-slide swiper-slide\">\n\t\t\t\t<a data-elementor-open-lightbox=\"yes\" data-elementor-lightbox-slideshow=\"2693513\" data-elementor-lightbox-title=\"appartamenti 5 9 e 12 da 1 a 3 posti letto camping parco adamello val rendena (12)\" data-elementor-lightbox-description=\"appartamenti 5 9 e 12 da 1 a 3 posti letto camping parco adamello val rendena (12)\" data-e-action-hash=\"#elementor-action%3Aaction%3Dlightbox%26settings%3DeyJpZCI6NTgxMiwidXJsIjoiaHR0cHM6XC9cL2NhbXBpbmdwYXJjb2FkYW1lbGxvLml0XC93cC1jb250ZW50XC91cGxvYWRzXC8yMDI1XC8wNlwvYXBwYXJ0YW1lbnRpLTUtOS1lLTEyLWRhLTEtYS0zLXBvc3RpLWxldHRvLWNhbXBpbmctcGFyY28tYWRhbWVsbG8tdmFsLXJlbmRlbmEtMTItc2NhbGVkLndlYnAiLCJzbGlkZXNob3ciOiIyNjkzNTEzIn0%3D\" href=\"https:\/\/campingparcoadamello.it\/wp-content\/uploads\/2025\/06\/appartamenti-5-9-e-12-da-1-a-3-posti-letto-camping-parco-adamello-val-rendena-12-scaled.webp\" class=\"elementor-clickable pp-image-slider-slide-link\"><div class=\"pp-image-slider-thumb-item pp-image pp-ins-filter-hover\"><div class=\"pp-image-slider-thumb-image pp-ins-filter-target\" style=\"background-image:url(https:\/\/campingparcoadamello.it\/wp-content\/uploads\/2025\/06\/appartamenti-5-9-e-12-da-1-a-3-posti-letto-camping-parco-adamello-val-rendena-12-1024x768.webp)\"><\/div><div class=\"pp-image-slider-thumb-overlay pp-media-overlay\"><\/div><\/div><\/a>\t\t\t<\/div>\n\t\t\t\t\t\t<div class=\"pp-image-slider-thumb-item-wrap pp-swiper-slide swiper-slide\">\n\t\t\t\t<a data-elementor-open-lightbox=\"yes\" data-elementor-lightbox-slideshow=\"2693513\" data-elementor-lightbox-title=\"20260403 103409\" data-elementor-lightbox-description=\"20260403 103409\" data-e-action-hash=\"#elementor-action%3Aaction%3Dlightbox%26settings%3DeyJpZCI6MTM3MzQsInVybCI6Imh0dHBzOlwvXC9jYW1waW5ncGFyY29hZGFtZWxsby5pdFwvd3AtY29udGVudFwvdXBsb2Fkc1wvMjAyNlwvMDRcLzIwMjYwNDAzXzEwMzQwOS1zY2FsZWQud2VicCIsInNsaWRlc2hvdyI6IjI2OTM1MTMifQ%3D%3D\" href=\"https:\/\/campingparcoadamello.it\/wp-content\/uploads\/2026\/04\/20260403_103409-scaled.webp\" class=\"elementor-clickable pp-image-slider-slide-link\"><div class=\"pp-image-slider-thumb-item pp-image pp-ins-filter-hover\"><div class=\"pp-image-slider-thumb-image pp-ins-filter-target\" style=\"background-image:url(https:\/\/campingparcoadamello.it\/wp-content\/uploads\/2026\/04\/20260403_103409-1024x1000.webp)\"><\/div><div class=\"pp-image-slider-thumb-overlay pp-media-overlay\"><\/div><\/div><\/a>\t\t\t<\/div>\n\t\t\t\t\t\t<div class=\"pp-image-slider-thumb-item-wrap pp-swiper-slide swiper-slide\">\n\t\t\t\t<a data-elementor-open-lightbox=\"yes\" data-elementor-lightbox-slideshow=\"2693513\" data-elementor-lightbox-title=\"appartamenti 5 9 e 12 da 1 a 3 posti letto camping parco adamello val rendena (13)\" data-elementor-lightbox-description=\"appartamenti 5 9 e 12 da 1 a 3 posti letto camping parco adamello val rendena (13)\" data-e-action-hash=\"#elementor-action%3Aaction%3Dlightbox%26settings%3DeyJpZCI6NTgxMywidXJsIjoiaHR0cHM6XC9cL2NhbXBpbmdwYXJjb2FkYW1lbGxvLml0XC93cC1jb250ZW50XC91cGxvYWRzXC8yMDI1XC8wNlwvYXBwYXJ0YW1lbnRpLTUtOS1lLTEyLWRhLTEtYS0zLXBvc3RpLWxldHRvLWNhbXBpbmctcGFyY28tYWRhbWVsbG8tdmFsLXJlbmRlbmEtMTMtc2NhbGVkLndlYnAiLCJzbGlkZXNob3ciOiIyNjkzNTEzIn0%3D\" href=\"https:\/\/campingparcoadamello.it\/wp-content\/uploads\/2025\/06\/appartamenti-5-9-e-12-da-1-a-3-posti-letto-camping-parco-adamello-val-rendena-13-scaled.webp\" class=\"elementor-clickable pp-image-slider-slide-link\"><div class=\"pp-image-slider-thumb-item pp-image pp-ins-filter-hover\"><div class=\"pp-image-slider-thumb-image pp-ins-filter-target\" style=\"background-image:url(https:\/\/campingparcoadamello.it\/wp-content\/uploads\/2025\/06\/appartamenti-5-9-e-12-da-1-a-3-posti-letto-camping-parco-adamello-val-rendena-13-1024x768.webp)\"><\/div><div class=\"pp-image-slider-thumb-overlay pp-media-overlay\"><\/div><\/div><\/a>\t\t\t<\/div>\n\t\t\t\t\t\t<div class=\"pp-image-slider-thumb-item-wrap pp-swiper-slide swiper-slide\">\n\t\t\t\t<a data-elementor-open-lightbox=\"yes\" data-elementor-lightbox-slideshow=\"2693513\" data-elementor-lightbox-title=\"appartamenti 5 9 e 12 da 1 a 3 posti letto camping parco adamello val rendena (14)\" data-elementor-lightbox-description=\"appartamenti 5 9 e 12 da 1 a 3 posti letto camping parco adamello val rendena (14)\" data-e-action-hash=\"#elementor-action%3Aaction%3Dlightbox%26settings%3DeyJpZCI6NTgxNCwidXJsIjoiaHR0cHM6XC9cL2NhbXBpbmdwYXJjb2FkYW1lbGxvLml0XC93cC1jb250ZW50XC91cGxvYWRzXC8yMDI1XC8wNlwvYXBwYXJ0YW1lbnRpLTUtOS1lLTEyLWRhLTEtYS0zLXBvc3RpLWxldHRvLWNhbXBpbmctcGFyY28tYWRhbWVsbG8tdmFsLXJlbmRlbmEtMTQtc2NhbGVkLndlYnAiLCJzbGlkZXNob3ciOiIyNjkzNTEzIn0%3D\" href=\"https:\/\/campingparcoadamello.it\/wp-content\/uploads\/2025\/06\/appartamenti-5-9-e-12-da-1-a-3-posti-letto-camping-parco-adamello-val-rendena-14-scaled.webp\" class=\"elementor-clickable pp-image-slider-slide-link\"><div class=\"pp-image-slider-thumb-item pp-image pp-ins-filter-hover\"><div class=\"pp-image-slider-thumb-image pp-ins-filter-target\" style=\"background-image:url(https:\/\/campingparcoadamello.it\/wp-content\/uploads\/2025\/06\/appartamenti-5-9-e-12-da-1-a-3-posti-letto-camping-parco-adamello-val-rendena-14-1024x768.webp)\"><\/div><div class=\"pp-image-slider-thumb-overlay pp-media-overlay\"><\/div><\/div><\/a>\t\t\t<\/div>\n\t\t\t\t\t\t<div class=\"pp-image-slider-thumb-item-wrap pp-swiper-slide swiper-slide\">\n\t\t\t\t<a data-elementor-open-lightbox=\"yes\" data-elementor-lightbox-slideshow=\"2693513\" data-elementor-lightbox-title=\"appartamenti 5 9 e 12 da 1 a 3 posti letto camping parco adamello val rendena (15)\" data-elementor-lightbox-description=\"appartamenti 5 9 e 12 da 1 a 3 posti letto camping parco adamello val rendena (15)\" data-e-action-hash=\"#elementor-action%3Aaction%3Dlightbox%26settings%3DeyJpZCI6NTgxNSwidXJsIjoiaHR0cHM6XC9cL2NhbXBpbmdwYXJjb2FkYW1lbGxvLml0XC93cC1jb250ZW50XC91cGxvYWRzXC8yMDI1XC8wNlwvYXBwYXJ0YW1lbnRpLTUtOS1lLTEyLWRhLTEtYS0zLXBvc3RpLWxldHRvLWNhbXBpbmctcGFyY28tYWRhbWVsbG8tdmFsLXJlbmRlbmEtMTUtc2NhbGVkLndlYnAiLCJzbGlkZXNob3ciOiIyNjkzNTEzIn0%3D\" href=\"https:\/\/campingparcoadamello.it\/wp-content\/uploads\/2025\/06\/appartamenti-5-9-e-12-da-1-a-3-posti-letto-camping-parco-adamello-val-rendena-15-scaled.webp\" class=\"elementor-clickable pp-image-slider-slide-link\"><div class=\"pp-image-slider-thumb-item pp-image pp-ins-filter-hover\"><div class=\"pp-image-slider-thumb-image pp-ins-filter-target\" style=\"background-image:url(https:\/\/campingparcoadamello.it\/wp-content\/uploads\/2025\/06\/appartamenti-5-9-e-12-da-1-a-3-posti-letto-camping-parco-adamello-val-rendena-15-768x1024.webp)\"><\/div><div class=\"pp-image-slider-thumb-overlay pp-media-overlay\"><\/div><\/div><\/a>\t\t\t<\/div>\n\t\t\t\t\t\t<div class=\"pp-image-slider-thumb-item-wrap pp-swiper-slide swiper-slide\">\n\t\t\t\t<a data-elementor-open-lightbox=\"yes\" data-elementor-lightbox-slideshow=\"2693513\" data-elementor-lightbox-title=\"appartamenti 5 9 e 12 da 1 a 3 posti letto camping parco adamello val rendena (16)\" data-elementor-lightbox-description=\"appartamenti 5 9 e 12 da 1 a 3 posti letto camping parco adamello val rendena (16)\" data-e-action-hash=\"#elementor-action%3Aaction%3Dlightbox%26settings%3DeyJpZCI6NTgxNiwidXJsIjoiaHR0cHM6XC9cL2NhbXBpbmdwYXJjb2FkYW1lbGxvLml0XC93cC1jb250ZW50XC91cGxvYWRzXC8yMDI1XC8wNlwvYXBwYXJ0YW1lbnRpLTUtOS1lLTEyLWRhLTEtYS0zLXBvc3RpLWxldHRvLWNhbXBpbmctcGFyY28tYWRhbWVsbG8tdmFsLXJlbmRlbmEtMTYtc2NhbGVkLndlYnAiLCJzbGlkZXNob3ciOiIyNjkzNTEzIn0%3D\" href=\"https:\/\/campingparcoadamello.it\/wp-content\/uploads\/2025\/06\/appartamenti-5-9-e-12-da-1-a-3-posti-letto-camping-parco-adamello-val-rendena-16-scaled.webp\" class=\"elementor-clickable pp-image-slider-slide-link\"><div class=\"pp-image-slider-thumb-item pp-image pp-ins-filter-hover\"><div class=\"pp-image-slider-thumb-image pp-ins-filter-target\" style=\"background-image:url(https:\/\/campingparcoadamello.it\/wp-content\/uploads\/2025\/06\/appartamenti-5-9-e-12-da-1-a-3-posti-letto-camping-parco-adamello-val-rendena-16-1024x768.webp)\"><\/div><div class=\"pp-image-slider-thumb-overlay pp-media-overlay\"><\/div><\/div><\/a>\t\t\t<\/div>\n\t\t\t\t\t\t<div class=\"pp-image-slider-thumb-item-wrap pp-swiper-slide swiper-slide\">\n\t\t\t\t<a data-elementor-open-lightbox=\"yes\" data-elementor-lightbox-slideshow=\"2693513\" data-elementor-lightbox-title=\"appartamenti 5 9 e 12 da 1 a 3 posti letto camping parco adamello val rendena (17)\" data-elementor-lightbox-description=\"appartamenti 5 9 e 12 da 1 a 3 posti letto camping parco adamello val rendena (17)\" data-e-action-hash=\"#elementor-action%3Aaction%3Dlightbox%26settings%3DeyJpZCI6NTgxNywidXJsIjoiaHR0cHM6XC9cL2NhbXBpbmdwYXJjb2FkYW1lbGxvLml0XC93cC1jb250ZW50XC91cGxvYWRzXC8yMDI1XC8wNlwvYXBwYXJ0YW1lbnRpLTUtOS1lLTEyLWRhLTEtYS0zLXBvc3RpLWxldHRvLWNhbXBpbmctcGFyY28tYWRhbWVsbG8tdmFsLXJlbmRlbmEtMTctc2NhbGVkLndlYnAiLCJzbGlkZXNob3ciOiIyNjkzNTEzIn0%3D\" href=\"https:\/\/campingparcoadamello.it\/wp-content\/uploads\/2025\/06\/appartamenti-5-9-e-12-da-1-a-3-posti-letto-camping-parco-adamello-val-rendena-17-scaled.webp\" class=\"elementor-clickable pp-image-slider-slide-link\"><div class=\"pp-image-slider-thumb-item pp-image pp-ins-filter-hover\"><div class=\"pp-image-slider-thumb-image pp-ins-filter-target\" style=\"background-image:url(https:\/\/campingparcoadamello.it\/wp-content\/uploads\/2025\/06\/appartamenti-5-9-e-12-da-1-a-3-posti-letto-camping-parco-adamello-val-rendena-17-1024x768.webp)\"><\/div><div class=\"pp-image-slider-thumb-overlay pp-media-overlay\"><\/div><\/div><\/a>\t\t\t<\/div>\n\t\t\t\t\t\t<div class=\"pp-image-slider-thumb-item-wrap pp-swiper-slide swiper-slide\">\n\t\t\t\t<a data-elementor-open-lightbox=\"yes\" data-elementor-lightbox-slideshow=\"2693513\" data-elementor-lightbox-title=\"appartamenti 5 9 e 12 da 1 a 3 posti letto camping parco adamello val rendena (18)\" data-elementor-lightbox-description=\"appartamenti 5 9 e 12 da 1 a 3 posti letto camping parco adamello val rendena (18)\" data-e-action-hash=\"#elementor-action%3Aaction%3Dlightbox%26settings%3DeyJpZCI6NTgxOCwidXJsIjoiaHR0cHM6XC9cL2NhbXBpbmdwYXJjb2FkYW1lbGxvLml0XC93cC1jb250ZW50XC91cGxvYWRzXC8yMDI1XC8wNlwvYXBwYXJ0YW1lbnRpLTUtOS1lLTEyLWRhLTEtYS0zLXBvc3RpLWxldHRvLWNhbXBpbmctcGFyY28tYWRhbWVsbG8tdmFsLXJlbmRlbmEtMTgtc2NhbGVkLndlYnAiLCJzbGlkZXNob3ciOiIyNjkzNTEzIn0%3D\" href=\"https:\/\/campingparcoadamello.it\/wp-content\/uploads\/2025\/06\/appartamenti-5-9-e-12-da-1-a-3-posti-letto-camping-parco-adamello-val-rendena-18-scaled.webp\" class=\"elementor-clickable pp-image-slider-slide-link\"><div class=\"pp-image-slider-thumb-item pp-image pp-ins-filter-hover\"><div class=\"pp-image-slider-thumb-image pp-ins-filter-target\" style=\"background-image:url(https:\/\/campingparcoadamello.it\/wp-content\/uploads\/2025\/06\/appartamenti-5-9-e-12-da-1-a-3-posti-letto-camping-parco-adamello-val-rendena-18-1024x768.webp)\"><\/div><div class=\"pp-image-slider-thumb-overlay pp-media-overlay\"><\/div><\/div><\/a>\t\t\t<\/div>\n\t\t\t\t\t\t<div class=\"pp-image-slider-thumb-item-wrap pp-swiper-slide swiper-slide\">\n\t\t\t\t<a data-elementor-open-lightbox=\"yes\" data-elementor-lightbox-slideshow=\"2693513\" data-elementor-lightbox-title=\"appartamenti 5 9 e 12 da 1 a 3 posti letto camping parco adamello val rendena (19)\" data-elementor-lightbox-description=\"appartamenti 5 9 e 12 da 1 a 3 posti letto camping parco adamello val rendena (19)\" data-e-action-hash=\"#elementor-action%3Aaction%3Dlightbox%26settings%3DeyJpZCI6NTgxOSwidXJsIjoiaHR0cHM6XC9cL2NhbXBpbmdwYXJjb2FkYW1lbGxvLml0XC93cC1jb250ZW50XC91cGxvYWRzXC8yMDI1XC8wNlwvYXBwYXJ0YW1lbnRpLTUtOS1lLTEyLWRhLTEtYS0zLXBvc3RpLWxldHRvLWNhbXBpbmctcGFyY28tYWRhbWVsbG8tdmFsLXJlbmRlbmEtMTktc2NhbGVkLndlYnAiLCJzbGlkZXNob3ciOiIyNjkzNTEzIn0%3D\" href=\"https:\/\/campingparcoadamello.it\/wp-content\/uploads\/2025\/06\/appartamenti-5-9-e-12-da-1-a-3-posti-letto-camping-parco-adamello-val-rendena-19-scaled.webp\" class=\"elementor-clickable pp-image-slider-slide-link\"><div class=\"pp-image-slider-thumb-item pp-image pp-ins-filter-hover\"><div class=\"pp-image-slider-thumb-image pp-ins-filter-target\" style=\"background-image:url(https:\/\/campingparcoadamello.it\/wp-content\/uploads\/2025\/06\/appartamenti-5-9-e-12-da-1-a-3-posti-letto-camping-parco-adamello-val-rendena-19-1024x618.webp)\"><\/div><div class=\"pp-image-slider-thumb-overlay pp-media-overlay\"><\/div><\/div><\/a>\t\t\t<\/div>\n\t\t\t\t\t\t<div class=\"pp-image-slider-thumb-item-wrap pp-swiper-slide swiper-slide\">\n\t\t\t\t<a data-elementor-open-lightbox=\"yes\" data-elementor-lightbox-slideshow=\"2693513\" data-elementor-lightbox-title=\"appartamenti 5 9 e 12 da 1 a 3 posti letto camping parco adamello val rendena (20)\" data-elementor-lightbox-description=\"appartamenti 5 9 e 12 da 1 a 3 posti letto camping parco adamello val rendena (20)\" data-e-action-hash=\"#elementor-action%3Aaction%3Dlightbox%26settings%3DeyJpZCI6NTgyMCwidXJsIjoiaHR0cHM6XC9cL2NhbXBpbmdwYXJjb2FkYW1lbGxvLml0XC93cC1jb250ZW50XC91cGxvYWRzXC8yMDI1XC8wNlwvYXBwYXJ0YW1lbnRpLTUtOS1lLTEyLWRhLTEtYS0zLXBvc3RpLWxldHRvLWNhbXBpbmctcGFyY28tYWRhbWVsbG8tdmFsLXJlbmRlbmEtMjAtc2NhbGVkLndlYnAiLCJzbGlkZXNob3ciOiIyNjkzNTEzIn0%3D\" href=\"https:\/\/campingparcoadamello.it\/wp-content\/uploads\/2025\/06\/appartamenti-5-9-e-12-da-1-a-3-posti-letto-camping-parco-adamello-val-rendena-20-scaled.webp\" class=\"elementor-clickable pp-image-slider-slide-link\"><div class=\"pp-image-slider-thumb-item pp-image pp-ins-filter-hover\"><div class=\"pp-image-slider-thumb-image pp-ins-filter-target\" style=\"background-image:url(https:\/\/campingparcoadamello.it\/wp-content\/uploads\/2025\/06\/appartamenti-5-9-e-12-da-1-a-3-posti-letto-camping-parco-adamello-val-rendena-20-1024x768.webp)\"><\/div><div class=\"pp-image-slider-thumb-overlay pp-media-overlay\"><\/div><\/div><\/a>\t\t\t<\/div>\n\t\t\t\t\t\t<div class=\"pp-image-slider-thumb-item-wrap pp-swiper-slide swiper-slide\">\n\t\t\t\t<a data-elementor-open-lightbox=\"yes\" data-elementor-lightbox-slideshow=\"2693513\" data-elementor-lightbox-title=\"Appartamento 9 e 12 da 1 a 3 posti letto Camping Parco Adamello (5)\" data-e-action-hash=\"#elementor-action%3Aaction%3Dlightbox%26settings%3DeyJpZCI6MTk5LCJ1cmwiOiJodHRwczpcL1wvY2FtcGluZ3BhcmNvYWRhbWVsbG8uaXRcL3dwLWNvbnRlbnRcL3VwbG9hZHNcLzIwMjRcLzAxXC9BcHBhcnRhbWVudG8tOS1lLTEyLWRhLTEtYS0zLXBvc3RpLWxldHRvLUNhbXBpbmctUGFyY28tQWRhbWVsbG8tNS53ZWJwIiwic2xpZGVzaG93IjoiMjY5MzUxMyJ9\" href=\"https:\/\/campingparcoadamello.it\/wp-content\/uploads\/2024\/01\/Appartamento-9-e-12-da-1-a-3-posti-letto-Camping-Parco-Adamello-5.webp\" class=\"elementor-clickable pp-image-slider-slide-link\"><div class=\"pp-image-slider-thumb-item pp-image pp-ins-filter-hover\"><div class=\"pp-image-slider-thumb-image pp-ins-filter-target\" style=\"background-image:url(https:\/\/campingparcoadamello.it\/wp-content\/uploads\/2024\/01\/Appartamento-9-e-12-da-1-a-3-posti-letto-Camping-Parco-Adamello-5-1024x680.webp)\"><\/div><div class=\"pp-image-slider-thumb-overlay pp-media-overlay\"><\/div><\/div><\/a>\t\t\t<\/div>\n\t\t\t\t\t\t<div class=\"pp-image-slider-thumb-item-wrap pp-swiper-slide swiper-slide\">\n\t\t\t\t<a data-elementor-open-lightbox=\"yes\" data-elementor-lightbox-slideshow=\"2693513\" data-elementor-lightbox-title=\"Appartamento 10 e 11 da 1 a 5 posti letto Camping Parco Adamello Pinzolo Carisolo (9)\" data-e-action-hash=\"#elementor-action%3Aaction%3Dlightbox%26settings%3DeyJpZCI6MjE2LCJ1cmwiOiJodHRwczpcL1wvY2FtcGluZ3BhcmNvYWRhbWVsbG8uaXRcL3dwLWNvbnRlbnRcL3VwbG9hZHNcLzIwMjRcLzAxXC9BcHBhcnRhbWVudG8tMTAtZS0xMS1kYS0xLWEtNS1wb3N0aS1sZXR0by1DYW1waW5nLVBhcmNvLUFkYW1lbGxvLVBpbnpvbG8tQ2FyaXNvbG8tOS53ZWJwIiwic2xpZGVzaG93IjoiMjY5MzUxMyJ9\" href=\"https:\/\/campingparcoadamello.it\/wp-content\/uploads\/2024\/01\/Appartamento-10-e-11-da-1-a-5-posti-letto-Camping-Parco-Adamello-Pinzolo-Carisolo-9.webp\" class=\"elementor-clickable pp-image-slider-slide-link\"><div class=\"pp-image-slider-thumb-item pp-image pp-ins-filter-hover\"><div class=\"pp-image-slider-thumb-image pp-ins-filter-target\" style=\"background-image:url(https:\/\/campingparcoadamello.it\/wp-content\/uploads\/2024\/01\/Appartamento-10-e-11-da-1-a-5-posti-letto-Camping-Parco-Adamello-Pinzolo-Carisolo-9-1024x664.webp)\"><\/div><div class=\"pp-image-slider-thumb-overlay pp-media-overlay\"><\/div><\/div><\/a>\t\t\t<\/div>\n\t\t\t\t\t\t<div class=\"pp-image-slider-thumb-item-wrap pp-swiper-slide swiper-slide\">\n\t\t\t\t<a data-elementor-open-lightbox=\"yes\" data-elementor-lightbox-slideshow=\"2693513\" data-elementor-lightbox-title=\"Appartamento 10 e 11 da 1 a 5 posti letto Camping Parco Adamello Pinzolo Carisolo (19)\" data-e-action-hash=\"#elementor-action%3Aaction%3Dlightbox%26settings%3DeyJpZCI6MjI2LCJ1cmwiOiJodHRwczpcL1wvY2FtcGluZ3BhcmNvYWRhbWVsbG8uaXRcL3dwLWNvbnRlbnRcL3VwbG9hZHNcLzIwMjRcLzAxXC9BcHBhcnRhbWVudG8tMTAtZS0xMS1kYS0xLWEtNS1wb3N0aS1sZXR0by1DYW1waW5nLVBhcmNvLUFkYW1lbGxvLVBpbnpvbG8tQ2FyaXNvbG8tMTkud2VicCIsInNsaWRlc2hvdyI6IjI2OTM1MTMifQ%3D%3D\" href=\"https:\/\/campingparcoadamello.it\/wp-content\/uploads\/2024\/01\/Appartamento-10-e-11-da-1-a-5-posti-letto-Camping-Parco-Adamello-Pinzolo-Carisolo-19.webp\" class=\"elementor-clickable pp-image-slider-slide-link\"><div class=\"pp-image-slider-thumb-item pp-image pp-ins-filter-hover\"><div class=\"pp-image-slider-thumb-image pp-ins-filter-target\" style=\"background-image:url(https:\/\/campingparcoadamello.it\/wp-content\/uploads\/2024\/01\/Appartamento-10-e-11-da-1-a-5-posti-letto-Camping-Parco-Adamello-Pinzolo-Carisolo-19-1024x719.webp)\"><\/div><div class=\"pp-image-slider-thumb-overlay pp-media-overlay\"><\/div><\/div><\/a>\t\t\t<\/div>\n\t\t\t\t\t\t<div class=\"pp-image-slider-thumb-item-wrap pp-swiper-slide swiper-slide\">\n\t\t\t\t<a data-elementor-open-lightbox=\"yes\" data-elementor-lightbox-slideshow=\"2693513\" data-elementor-lightbox-title=\"20260403 103227\" data-elementor-lightbox-description=\"20260403 103227\" data-e-action-hash=\"#elementor-action%3Aaction%3Dlightbox%26settings%3DeyJpZCI6MTM3MjYsInVybCI6Imh0dHBzOlwvXC9jYW1waW5ncGFyY29hZGFtZWxsby5pdFwvd3AtY29udGVudFwvdXBsb2Fkc1wvMjAyNlwvMDRcLzIwMjYwNDAzXzEwMzIyNy1zY2FsZWQud2VicCIsInNsaWRlc2hvdyI6IjI2OTM1MTMifQ%3D%3D\" href=\"https:\/\/campingparcoadamello.it\/wp-content\/uploads\/2026\/04\/20260403_103227-scaled.webp\" class=\"elementor-clickable pp-image-slider-slide-link\"><div class=\"pp-image-slider-thumb-item pp-image pp-ins-filter-hover\"><div class=\"pp-image-slider-thumb-image pp-ins-filter-target\" style=\"background-image:url(https:\/\/campingparcoadamello.it\/wp-content\/uploads\/2026\/04\/20260403_103227-768x1024.webp)\"><\/div><div class=\"pp-image-slider-thumb-overlay pp-media-overlay\"><\/div><\/div><\/a>\t\t\t<\/div>\n\t\t\t\t\t\t<div class=\"pp-image-slider-thumb-item-wrap pp-swiper-slide swiper-slide\">\n\t\t\t\t<a data-elementor-open-lightbox=\"yes\" data-elementor-lightbox-slideshow=\"2693513\" data-elementor-lightbox-title=\"20260403 103240\" data-elementor-lightbox-description=\"20260403 103240\" data-e-action-hash=\"#elementor-action%3Aaction%3Dlightbox%26settings%3DeyJpZCI6MTM3MjcsInVybCI6Imh0dHBzOlwvXC9jYW1waW5ncGFyY29hZGFtZWxsby5pdFwvd3AtY29udGVudFwvdXBsb2Fkc1wvMjAyNlwvMDRcLzIwMjYwNDAzXzEwMzI0MC1zY2FsZWQud2VicCIsInNsaWRlc2hvdyI6IjI2OTM1MTMifQ%3D%3D\" href=\"https:\/\/campingparcoadamello.it\/wp-content\/uploads\/2026\/04\/20260403_103240-scaled.webp\" class=\"elementor-clickable pp-image-slider-slide-link\"><div class=\"pp-image-slider-thumb-item pp-image pp-ins-filter-hover\"><div class=\"pp-image-slider-thumb-image pp-ins-filter-target\" style=\"background-image:url(https:\/\/campingparcoadamello.it\/wp-content\/uploads\/2026\/04\/20260403_103240-768x1024.webp)\"><\/div><div class=\"pp-image-slider-thumb-overlay pp-media-overlay\"><\/div><\/div><\/a>\t\t\t<\/div>\n\t\t\t\t\t\t\t\t\t<\/div>\n\t\t\t\t\t<\/div>\n\t\t\t\t\t\t\t\t\t<div class=\"pp-slider-arrow elementor-swiper-button-prev swiper-button-prev-2693513\" role=\"button\" tabindex=\"0\">\n\t\t\t\t\t<svg aria-hidden=\"true\" class=\"e-font-icon-svg e-fas-angle-left\" viewbox=\"0 0 256 512\" xmlns=\"http:\/\/www.w3.org\/2000\/svg\"><path d=\"M31.7 239l136-136c9.4-9.4 24.6-9.4 33.9 0l22.6 22.6c9.4 9.4 9.4 24.6 0 33.9L127.9 256l96.4 96.4c9.4 9.4 9.4 24.6 0 33.9L201.7 409c-9.4 9.4-24.6 9.4-33.9 0l-136-136c-9.5-9.4-9.5-24.6-.1-34z\"><\/path><\/svg>\t\t\t\t<\/div>\n\t\t\t\t<div class=\"pp-slider-arrow elementor-swiper-button-next swiper-button-next-2693513\" role=\"button\" tabindex=\"0\">\n\t\t\t\t\t<svg aria-hidden=\"true\" class=\"e-font-icon-svg e-fas-angle-right\" viewbox=\"0 0 256 512\" xmlns=\"http:\/\/www.w3.org\/2000\/svg\"><path d=\"M224.3 273l-136 136c-9.4 9.4-24.6 9.4-33.9 0l-22.6-22.6c-9.4-9.4-9.4-24.6 0-33.9l96.4-96.4-96.4-96.4c-9.4-9.4-9.4-24.6 0-33.9L54.3 103c9.4-9.4 24.6-9.4 33.9 0l136 136c9.5 9.4 9.5 24.6.1 34z\"><\/path><\/svg>\t\t\t\t<\/div>\n\t\t\t\t\t\t\t<\/div>\n\t\t\t<\/div>\n\t\t\t\t\t<\/div>\n\t\t\t\t\t\t\t<\/div>\n\t\t\t\t<\/div>\n\t\t<div class=\"elementor-element elementor-element-9e9b835 e-con-full e-flex e-con e-child\" data-id=\"9e9b835\" data-element_type=\"container\" data-e-type=\"container\">\n\t\t\t\t<div class=\"elementor-element elementor-element-d17f8a0 elementor-widget elementor-widget-heading\" data-id=\"d17f8a0\" data-element_type=\"widget\" data-e-type=\"widget\" data-widget_type=\"heading.default\">\n\t\t\t\t\t<h2 class=\"elementor-heading-title elementor-size-default\">Appartamenti 5, 9 e 12 da 1 a 3 Posti Letto<\/h2>\t\t\t\t<\/div>\n\t\t\t\t<div class=\"elementor-element elementor-element-9145356 elementor-widget elementor-widget-text-editor\" data-id=\"9145356\" data-element_type=\"widget\" data-e-type=\"widget\" data-widget_type=\"text-editor.default\">\n\t\t\t\t\t\t\t\t\t<p>Die Wohnungen <b>5, 9&nbsp;e 12<\/b> des Camping Parco Adamello sind ideale Zufluchtsorte f\u00fcr <strong>1-3 G\u00e4ste<\/strong>mit einem Innendesign, das die W\u00e4rme und Eleganz von Holz hervorhebt. Die <strong>Wohnstube<\/strong> ist mit einem klassischen Sofa ausgestattet. Eine Kochnische <strong>vollst\u00e4ndig<\/strong> bietet alle Annehmlichkeiten, die man von zu Hause kennt. Der Weg nach oben <strong>Holztreppe<\/strong>erreichen Sie das Zwischengeschoss, wo sich ein <strong>Doppelbett<\/strong> und eine <strong>einzeln<\/strong>die einen intimen Schlafplatz einrichten. Diese Wohnungen versprechen einen Aufenthalt <strong>bequem und entspannend<\/strong>.<\/p>\t\t\t\t\t\t\t\t<\/div>\n\t\t<div class=\"elementor-element elementor-element-3cb69c3 e-flex e-con-boxed e-con e-child\" data-id=\"3cb69c3\" data-element_type=\"container\" data-e-type=\"container\">\n\t\t\t\t\t<div class=\"e-con-inner\">\n\t\t\t\t<div class=\"elementor-element elementor-element-b822372 elementor-widget elementor-widget-button\" data-id=\"b822372\" data-element_type=\"widget\" data-e-type=\"widget\" data-widget_type=\"button.default\">\n\t\t\t\t\t\t\t\t\t\t<a class=\"elementor-button elementor-button-link elementor-size-sm elementor-animation-grow\" href=\"#video\">\n\t\t\t\t\t\t<span class=\"elementor-button-content-wrapper\">\n\t\t\t\t\t\t\t\t\t<span class=\"elementor-button-text\">Sehen Sie sich die Videos an<\/span>\n\t\t\t\t\t<\/span>\n\t\t\t\t\t<\/a>\n\t\t\t\t\t\t\t\t<\/div>\n\t\t\t\t<div class=\"elementor-element elementor-element-7947cff elementor-widget elementor-widget-button\" data-id=\"7947cff\" data-element_type=\"widget\" data-e-type=\"widget\" data-widget_type=\"button.default\">\n\t\t\t\t\t\t\t\t\t\t<a class=\"elementor-button elementor-button-link elementor-size-sm elementor-animation-grow\" href=\"https:\/\/campingparcoadamello.it\/de\/contatti\/\">\n\t\t\t\t\t\t<span class=\"elementor-button-content-wrapper\">\n\t\t\t\t\t\t\t\t\t<span class=\"elementor-button-text\">Kontakt<\/span>\n\t\t\t\t\t<\/span>\n\t\t\t\t\t<\/a>\n\t\t\t\t\t\t\t\t<\/div>\n\t\t\t\t\t<\/div>\n\t\t\t\t<\/div>\n\t\t\t\t<\/div>\n\t\t\t\t\t<\/div>\n\t\t\t\t<\/div>\n\t\t<div class=\"elementor-element elementor-element-eee122b e-flex e-con-boxed e-con e-parent\" data-id=\"eee122b\" data-element_type=\"container\" data-e-type=\"container\" data-settings=\"{&quot;background_background&quot;:&quot;classic&quot;}\">\n\t\t\t\t\t<div class=\"e-con-inner\">\n\t\t<div class=\"elementor-element elementor-element-4a909aa e-con-full e-flex e-con e-child\" data-id=\"4a909aa\" data-element_type=\"container\" data-e-type=\"container\">\n\t\t\t\t<div class=\"elementor-element elementor-element-d58498e elementor-widget elementor-widget-heading\" data-id=\"d58498e\" data-element_type=\"widget\" data-e-type=\"widget\" data-widget_type=\"heading.default\">\n\t\t\t\t\t<h2 class=\"elementor-heading-title elementor-size-default\">Wohnungen 10 und 11 1 bis 5 Betten<\/h2>\t\t\t\t<\/div>\n\t\t\t\t<div class=\"elementor-element elementor-element-655813f elementor-widget elementor-widget-text-editor\" data-id=\"655813f\" data-element_type=\"widget\" data-e-type=\"widget\" data-widget_type=\"text-editor.default\">\n\t\t\t\t\t\t\t\t\t<p>Die Wohnungen 10 und 11 bilden eine perfekte Harmonie mit der umliegenden Berglandschaft. Diese R\u00e4ume sind <strong>perfekt ausgestattet, um bis zu 5 Personen unterzubringen<\/strong>mit einem Grundriss, der das Platzangebot optimiert, ohne auf Stil und Komfort zu verzichten.<\/p><p>Im Erdgeschoss befindet sich das Wohnzimmer <strong>gem\u00fctlich und funktionell<\/strong>mit einem Schlafsofa, das leicht in ein zus\u00e4tzliches Doppelbett umgewandelt werden kann. Die K\u00fcche ist <strong>voll ausgestattet<\/strong>perfekt f\u00fcr die Zubereitung von hausgemachten Mahlzeiten, die man mit der Familie oder Freunden genie\u00dfen kann.<\/p><p>Das Hochparterre, das \u00fcber eine <strong>robuste Holztreppe<\/strong>ist ein Raum, der der Ruhe gewidmet ist, mit einem <strong>Doppelbett und ein Einzelbett<\/strong>umrahmt von freiliegenden Holzbalken, die an den Charme der Alpenh\u00e4user erinnern.\u00a0<\/p>\t\t\t\t\t\t\t\t<\/div>\n\t\t<div class=\"elementor-element elementor-element-d8c48bb e-flex e-con-boxed e-con e-child\" data-id=\"d8c48bb\" data-element_type=\"container\" data-e-type=\"container\">\n\t\t\t\t\t<div class=\"e-con-inner\">\n\t\t\t\t<div class=\"elementor-element elementor-element-ce8bd26 elementor-widget elementor-widget-button\" data-id=\"ce8bd26\" data-element_type=\"widget\" data-e-type=\"widget\" data-widget_type=\"button.default\">\n\t\t\t\t\t\t\t\t\t\t<a class=\"elementor-button elementor-button-link elementor-size-sm elementor-animation-grow\" href=\"#video\">\n\t\t\t\t\t\t<span class=\"elementor-button-content-wrapper\">\n\t\t\t\t\t\t\t\t\t<span class=\"elementor-button-text\">Sehen Sie sich die Videos an<\/span>\n\t\t\t\t\t<\/span>\n\t\t\t\t\t<\/a>\n\t\t\t\t\t\t\t\t<\/div>\n\t\t\t\t<div class=\"elementor-element elementor-element-3097324 elementor-widget elementor-widget-button\" data-id=\"3097324\" data-element_type=\"widget\" data-e-type=\"widget\" data-widget_type=\"button.default\">\n\t\t\t\t\t\t\t\t\t\t<a class=\"elementor-button elementor-button-link elementor-size-sm elementor-animation-grow\" href=\"https:\/\/campingparcoadamello.it\/de\/contatti\/\">\n\t\t\t\t\t\t<span class=\"elementor-button-content-wrapper\">\n\t\t\t\t\t\t\t\t\t<span class=\"elementor-button-text\">Kontakt<\/span>\n\t\t\t\t\t<\/span>\n\t\t\t\t\t<\/a>\n\t\t\t\t\t\t\t\t<\/div>\n\t\t\t\t\t<\/div>\n\t\t\t\t<\/div>\n\t\t\t\t<\/div>\n\t\t<div class=\"elementor-element elementor-element-5bd0a5d e-con-full e-flex e-con e-child\" data-id=\"5bd0a5d\" data-element_type=\"container\" data-e-type=\"container\">\n\t\t\t\t<div class=\"elementor-element elementor-element-812bc97 pp-image-slider-carousel pp-ins-normal pp-ins-hover-normal elementor-widget elementor-widget-pp-image-slider\" data-id=\"812bc97\" data-element_type=\"widget\" data-e-type=\"widget\" data-settings=\"{&quot;skin&quot;:&quot;carousel&quot;,&quot;pause_on_hover&quot;:&quot;yes&quot;,&quot;infinite_loop&quot;:&quot;yes&quot;}\" data-widget_type=\"pp-image-slider.default\">\n\t\t\t\t\t\t\t\t\t<div class=\"pp-image-slider-container pp-thumbs-equal-height\">\n\t\t\t<div class=\"pp-image-slider-wrap swiper-container-wrap\">\n\t\t\t\t<div class=\"pp-image-slider-box\">\n\t\t\t\t\t<div class=\"pp-image-slider pp-swiper-slider swiper-container\" id=\"pp-image-slider-812bc97\" data-slider-settings=\"{&quot;direction&quot;:&quot;horizontal&quot;,&quot;effect&quot;:&quot;slide&quot;,&quot;speed&quot;:600,&quot;slides_per_view&quot;:1,&quot;slides_per_group&quot;:1,&quot;space_between&quot;:10,&quot;auto_height&quot;:true,&quot;loop&quot;:&quot;yes&quot;,&quot;autoplay&quot;:&quot;yes&quot;,&quot;autoplay_speed&quot;:3000,&quot;show_arrows&quot;:true,&quot;slides_per_view_mobile&quot;:2,&quot;slides_per_group_mobile&quot;:1,&quot;space_between_mobile&quot;:15,&quot;slides_per_view_tablet&quot;:2,&quot;slides_per_group_tablet&quot;:1,&quot;space_between_tablet&quot;:10}\">\n\t\t\t\t\t\t<div class=\"swiper-wrapper\">\n\t\t\t\t\t\t\t\t\t\t<div class=\"pp-image-slider-thumb-item-wrap pp-swiper-slide swiper-slide\">\n\t\t\t\t<a data-elementor-open-lightbox=\"yes\" data-elementor-lightbox-slideshow=\"812bc97\" data-elementor-lightbox-title=\"appartamenti 10 e 11 da 1 a 5 posti letto campung parco adamello val rendena carisolo (1)\" data-elementor-lightbox-description=\"appartamenti 10 e 11 da 1 a 5 posti letto campung parco adamello val rendena carisolo (1)\" data-e-action-hash=\"#elementor-action%3Aaction%3Dlightbox%26settings%3DeyJpZCI6NTgyNiwidXJsIjoiaHR0cHM6XC9cL2NhbXBpbmdwYXJjb2FkYW1lbGxvLml0XC93cC1jb250ZW50XC91cGxvYWRzXC8yMDI1XC8wNlwvYXBwYXJ0YW1lbnRpLTEwLWUtMTEtZGEtMS1hLTUtcG9zdGktbGV0dG8tY2FtcHVuZy1wYXJjby1hZGFtZWxsby12YWwtcmVuZGVuYS1jYXJpc29sby0xLXNjYWxlZC53ZWJwIiwic2xpZGVzaG93IjoiODEyYmM5NyJ9\" href=\"https:\/\/campingparcoadamello.it\/wp-content\/uploads\/2025\/06\/appartamenti-10-e-11-da-1-a-5-posti-letto-campung-parco-adamello-val-rendena-carisolo-1-scaled.webp\" class=\"elementor-clickable pp-image-slider-slide-link\"><div class=\"pp-image-slider-thumb-item pp-image pp-ins-filter-hover\"><div class=\"pp-image-slider-thumb-image pp-ins-filter-target\" style=\"background-image:url(https:\/\/campingparcoadamello.it\/wp-content\/uploads\/2025\/06\/appartamenti-10-e-11-da-1-a-5-posti-letto-campung-parco-adamello-val-rendena-carisolo-1-1024x768.webp)\"><\/div><div class=\"pp-image-slider-thumb-overlay pp-media-overlay\"><\/div><\/div><\/a>\t\t\t<\/div>\n\t\t\t\t\t\t<div class=\"pp-image-slider-thumb-item-wrap pp-swiper-slide swiper-slide\">\n\t\t\t\t<a data-elementor-open-lightbox=\"yes\" data-elementor-lightbox-slideshow=\"812bc97\" data-elementor-lightbox-title=\"Appartamento 10 e 11 da 1 a 5 posti letto Camping Parco Adamello Pinzolo Carisolo (3)\" data-e-action-hash=\"#elementor-action%3Aaction%3Dlightbox%26settings%3DeyJpZCI6MjEwLCJ1cmwiOiJodHRwczpcL1wvY2FtcGluZ3BhcmNvYWRhbWVsbG8uaXRcL3dwLWNvbnRlbnRcL3VwbG9hZHNcLzIwMjRcLzAxXC9BcHBhcnRhbWVudG8tMTAtZS0xMS1kYS0xLWEtNS1wb3N0aS1sZXR0by1DYW1waW5nLVBhcmNvLUFkYW1lbGxvLVBpbnpvbG8tQ2FyaXNvbG8tMy53ZWJwIiwic2xpZGVzaG93IjoiODEyYmM5NyJ9\" href=\"https:\/\/campingparcoadamello.it\/wp-content\/uploads\/2024\/01\/Appartamento-10-e-11-da-1-a-5-posti-letto-Camping-Parco-Adamello-Pinzolo-Carisolo-3.webp\" class=\"elementor-clickable pp-image-slider-slide-link\"><div class=\"pp-image-slider-thumb-item pp-image pp-ins-filter-hover\"><div class=\"pp-image-slider-thumb-image pp-ins-filter-target\" style=\"background-image:url(https:\/\/campingparcoadamello.it\/wp-content\/uploads\/2024\/01\/Appartamento-10-e-11-da-1-a-5-posti-letto-Camping-Parco-Adamello-Pinzolo-Carisolo-3-1024x819.webp)\"><\/div><div class=\"pp-image-slider-thumb-overlay pp-media-overlay\"><\/div><\/div><\/a>\t\t\t<\/div>\n\t\t\t\t\t\t<div class=\"pp-image-slider-thumb-item-wrap pp-swiper-slide swiper-slide\">\n\t\t\t\t<a data-elementor-open-lightbox=\"yes\" data-elementor-lightbox-slideshow=\"812bc97\" data-elementor-lightbox-title=\"appartamenti 10 e 11 da 1 a 5 posti letto campung parco adamello val rendena carisolo (6)\" data-elementor-lightbox-description=\"appartamenti 10 e 11 da 1 a 5 posti letto campung parco adamello val rendena carisolo (6)\" data-e-action-hash=\"#elementor-action%3Aaction%3Dlightbox%26settings%3DeyJpZCI6NTgyMywidXJsIjoiaHR0cHM6XC9cL2NhbXBpbmdwYXJjb2FkYW1lbGxvLml0XC93cC1jb250ZW50XC91cGxvYWRzXC8yMDI1XC8wNlwvYXBwYXJ0YW1lbnRpLTEwLWUtMTEtZGEtMS1hLTUtcG9zdGktbGV0dG8tY2FtcHVuZy1wYXJjby1hZGFtZWxsby12YWwtcmVuZGVuYS1jYXJpc29sby02LXNjYWxlZC53ZWJwIiwic2xpZGVzaG93IjoiODEyYmM5NyJ9\" href=\"https:\/\/campingparcoadamello.it\/wp-content\/uploads\/2025\/06\/appartamenti-10-e-11-da-1-a-5-posti-letto-campung-parco-adamello-val-rendena-carisolo-6-scaled.webp\" class=\"elementor-clickable pp-image-slider-slide-link\"><div class=\"pp-image-slider-thumb-item pp-image pp-ins-filter-hover\"><div class=\"pp-image-slider-thumb-image pp-ins-filter-target\" style=\"background-image:url(https:\/\/campingparcoadamello.it\/wp-content\/uploads\/2025\/06\/appartamenti-10-e-11-da-1-a-5-posti-letto-campung-parco-adamello-val-rendena-carisolo-6-1024x768.webp)\"><\/div><div class=\"pp-image-slider-thumb-overlay pp-media-overlay\"><\/div><\/div><\/a>\t\t\t<\/div>\n\t\t\t\t\t\t<div class=\"pp-image-slider-thumb-item-wrap pp-swiper-slide swiper-slide\">\n\t\t\t\t<a data-elementor-open-lightbox=\"yes\" data-elementor-lightbox-slideshow=\"812bc97\" data-elementor-lightbox-title=\"Appartamento 10 e 11 da 1 a 5 posti letto Camping Parco Adamello Pinzolo Carisolo (6)\" data-e-action-hash=\"#elementor-action%3Aaction%3Dlightbox%26settings%3DeyJpZCI6MjEzLCJ1cmwiOiJodHRwczpcL1wvY2FtcGluZ3BhcmNvYWRhbWVsbG8uaXRcL3dwLWNvbnRlbnRcL3VwbG9hZHNcLzIwMjRcLzAxXC9BcHBhcnRhbWVudG8tMTAtZS0xMS1kYS0xLWEtNS1wb3N0aS1sZXR0by1DYW1waW5nLVBhcmNvLUFkYW1lbGxvLVBpbnpvbG8tQ2FyaXNvbG8tNi53ZWJwIiwic2xpZGVzaG93IjoiODEyYmM5NyJ9\" href=\"https:\/\/campingparcoadamello.it\/wp-content\/uploads\/2024\/01\/Appartamento-10-e-11-da-1-a-5-posti-letto-Camping-Parco-Adamello-Pinzolo-Carisolo-6.webp\" class=\"elementor-clickable pp-image-slider-slide-link\"><div class=\"pp-image-slider-thumb-item pp-image pp-ins-filter-hover\"><div class=\"pp-image-slider-thumb-image pp-ins-filter-target\" style=\"background-image:url(https:\/\/campingparcoadamello.it\/wp-content\/uploads\/2024\/01\/Appartamento-10-e-11-da-1-a-5-posti-letto-Camping-Parco-Adamello-Pinzolo-Carisolo-6-1024x719.webp)\"><\/div><div class=\"pp-image-slider-thumb-overlay pp-media-overlay\"><\/div><\/div><\/a>\t\t\t<\/div>\n\t\t\t\t\t\t<div class=\"pp-image-slider-thumb-item-wrap pp-swiper-slide swiper-slide\">\n\t\t\t\t<a data-elementor-open-lightbox=\"yes\" data-elementor-lightbox-slideshow=\"812bc97\" data-elementor-lightbox-title=\"Appartamento 10 e 11 da 1 a 5 posti letto Camping Parco Adamello Pinzolo Carisolo (16)\" data-e-action-hash=\"#elementor-action%3Aaction%3Dlightbox%26settings%3DeyJpZCI6MjIzLCJ1cmwiOiJodHRwczpcL1wvY2FtcGluZ3BhcmNvYWRhbWVsbG8uaXRcL3dwLWNvbnRlbnRcL3VwbG9hZHNcLzIwMjRcLzAxXC9BcHBhcnRhbWVudG8tMTAtZS0xMS1kYS0xLWEtNS1wb3N0aS1sZXR0by1DYW1waW5nLVBhcmNvLUFkYW1lbGxvLVBpbnpvbG8tQ2FyaXNvbG8tMTYud2VicCIsInNsaWRlc2hvdyI6IjgxMmJjOTcifQ%3D%3D\" href=\"https:\/\/campingparcoadamello.it\/wp-content\/uploads\/2024\/01\/Appartamento-10-e-11-da-1-a-5-posti-letto-Camping-Parco-Adamello-Pinzolo-Carisolo-16.webp\" class=\"elementor-clickable pp-image-slider-slide-link\"><div class=\"pp-image-slider-thumb-item pp-image pp-ins-filter-hover\"><div class=\"pp-image-slider-thumb-image pp-ins-filter-target\" style=\"background-image:url(https:\/\/campingparcoadamello.it\/wp-content\/uploads\/2024\/01\/Appartamento-10-e-11-da-1-a-5-posti-letto-Camping-Parco-Adamello-Pinzolo-Carisolo-16-1024x978.webp)\"><\/div><div class=\"pp-image-slider-thumb-overlay pp-media-overlay\"><\/div><\/div><\/a>\t\t\t<\/div>\n\t\t\t\t\t\t<div class=\"pp-image-slider-thumb-item-wrap pp-swiper-slide swiper-slide\">\n\t\t\t\t<a data-elementor-open-lightbox=\"yes\" data-elementor-lightbox-slideshow=\"812bc97\" data-elementor-lightbox-title=\"Appartamento 10 e 11 da 1 a 5 posti letto Camping Parco Adamello Pinzolo Carisolo (17)\" data-e-action-hash=\"#elementor-action%3Aaction%3Dlightbox%26settings%3DeyJpZCI6MjI0LCJ1cmwiOiJodHRwczpcL1wvY2FtcGluZ3BhcmNvYWRhbWVsbG8uaXRcL3dwLWNvbnRlbnRcL3VwbG9hZHNcLzIwMjRcLzAxXC9BcHBhcnRhbWVudG8tMTAtZS0xMS1kYS0xLWEtNS1wb3N0aS1sZXR0by1DYW1waW5nLVBhcmNvLUFkYW1lbGxvLVBpbnpvbG8tQ2FyaXNvbG8tMTcud2VicCIsInNsaWRlc2hvdyI6IjgxMmJjOTcifQ%3D%3D\" href=\"https:\/\/campingparcoadamello.it\/wp-content\/uploads\/2024\/01\/Appartamento-10-e-11-da-1-a-5-posti-letto-Camping-Parco-Adamello-Pinzolo-Carisolo-17.webp\" class=\"elementor-clickable pp-image-slider-slide-link\"><div class=\"pp-image-slider-thumb-item pp-image pp-ins-filter-hover\"><div class=\"pp-image-slider-thumb-image pp-ins-filter-target\" style=\"background-image:url(https:\/\/campingparcoadamello.it\/wp-content\/uploads\/2024\/01\/Appartamento-10-e-11-da-1-a-5-posti-letto-Camping-Parco-Adamello-Pinzolo-Carisolo-17-1024x939.webp)\"><\/div><div class=\"pp-image-slider-thumb-overlay pp-media-overlay\"><\/div><\/div><\/a>\t\t\t<\/div>\n\t\t\t\t\t\t<div class=\"pp-image-slider-thumb-item-wrap pp-swiper-slide swiper-slide\">\n\t\t\t\t<a data-elementor-open-lightbox=\"yes\" data-elementor-lightbox-slideshow=\"812bc97\" data-elementor-lightbox-title=\"appartamenti 10 e 11 da 1 a 5 posti letto campung parco adamello val rendena carisolo (2)\" data-elementor-lightbox-description=\"appartamenti 10 e 11 da 1 a 5 posti letto campung parco adamello val rendena carisolo (2)\" data-e-action-hash=\"#elementor-action%3Aaction%3Dlightbox%26settings%3DeyJpZCI6NTgyNywidXJsIjoiaHR0cHM6XC9cL2NhbXBpbmdwYXJjb2FkYW1lbGxvLml0XC93cC1jb250ZW50XC91cGxvYWRzXC8yMDI1XC8wNlwvYXBwYXJ0YW1lbnRpLTEwLWUtMTEtZGEtMS1hLTUtcG9zdGktbGV0dG8tY2FtcHVuZy1wYXJjby1hZGFtZWxsby12YWwtcmVuZGVuYS1jYXJpc29sby0yLXNjYWxlZC53ZWJwIiwic2xpZGVzaG93IjoiODEyYmM5NyJ9\" href=\"https:\/\/campingparcoadamello.it\/wp-content\/uploads\/2025\/06\/appartamenti-10-e-11-da-1-a-5-posti-letto-campung-parco-adamello-val-rendena-carisolo-2-scaled.webp\" class=\"elementor-clickable pp-image-slider-slide-link\"><div class=\"pp-image-slider-thumb-item pp-image pp-ins-filter-hover\"><div class=\"pp-image-slider-thumb-image pp-ins-filter-target\" style=\"background-image:url(https:\/\/campingparcoadamello.it\/wp-content\/uploads\/2025\/06\/appartamenti-10-e-11-da-1-a-5-posti-letto-campung-parco-adamello-val-rendena-carisolo-2-1024x768.webp)\"><\/div><div class=\"pp-image-slider-thumb-overlay pp-media-overlay\"><\/div><\/div><\/a>\t\t\t<\/div>\n\t\t\t\t\t\t<div class=\"pp-image-slider-thumb-item-wrap pp-swiper-slide swiper-slide\">\n\t\t\t\t<a data-elementor-open-lightbox=\"yes\" data-elementor-lightbox-slideshow=\"812bc97\" data-elementor-lightbox-title=\"appartamenti 10 e 11 da 1 a 5 posti letto campung parco adamello val rendena carisolo (4)\" data-elementor-lightbox-description=\"appartamenti 10 e 11 da 1 a 5 posti letto campung parco adamello val rendena carisolo (4)\" data-e-action-hash=\"#elementor-action%3Aaction%3Dlightbox%26settings%3DeyJpZCI6NTgyMSwidXJsIjoiaHR0cHM6XC9cL2NhbXBpbmdwYXJjb2FkYW1lbGxvLml0XC93cC1jb250ZW50XC91cGxvYWRzXC8yMDI1XC8wNlwvYXBwYXJ0YW1lbnRpLTEwLWUtMTEtZGEtMS1hLTUtcG9zdGktbGV0dG8tY2FtcHVuZy1wYXJjby1hZGFtZWxsby12YWwtcmVuZGVuYS1jYXJpc29sby00LXNjYWxlZC53ZWJwIiwic2xpZGVzaG93IjoiODEyYmM5NyJ9\" href=\"https:\/\/campingparcoadamello.it\/wp-content\/uploads\/2025\/06\/appartamenti-10-e-11-da-1-a-5-posti-letto-campung-parco-adamello-val-rendena-carisolo-4-scaled.webp\" class=\"elementor-clickable pp-image-slider-slide-link\"><div class=\"pp-image-slider-thumb-item pp-image pp-ins-filter-hover\"><div class=\"pp-image-slider-thumb-image pp-ins-filter-target\" style=\"background-image:url(https:\/\/campingparcoadamello.it\/wp-content\/uploads\/2025\/06\/appartamenti-10-e-11-da-1-a-5-posti-letto-campung-parco-adamello-val-rendena-carisolo-4-768x1024.webp)\"><\/div><div class=\"pp-image-slider-thumb-overlay pp-media-overlay\"><\/div><\/div><\/a>\t\t\t<\/div>\n\t\t\t\t\t\t<div class=\"pp-image-slider-thumb-item-wrap pp-swiper-slide swiper-slide\">\n\t\t\t\t<a data-elementor-open-lightbox=\"yes\" data-elementor-lightbox-slideshow=\"812bc97\" data-elementor-lightbox-title=\"appartamenti 10 e 11 da 1 a 5 posti letto campung parco adamello val rendena carisolo (5)\" data-elementor-lightbox-description=\"appartamenti 10 e 11 da 1 a 5 posti letto campung parco adamello val rendena carisolo (5)\" data-e-action-hash=\"#elementor-action%3Aaction%3Dlightbox%26settings%3DeyJpZCI6NTgyMiwidXJsIjoiaHR0cHM6XC9cL2NhbXBpbmdwYXJjb2FkYW1lbGxvLml0XC93cC1jb250ZW50XC91cGxvYWRzXC8yMDI1XC8wNlwvYXBwYXJ0YW1lbnRpLTEwLWUtMTEtZGEtMS1hLTUtcG9zdGktbGV0dG8tY2FtcHVuZy1wYXJjby1hZGFtZWxsby12YWwtcmVuZGVuYS1jYXJpc29sby01LXNjYWxlZC53ZWJwIiwic2xpZGVzaG93IjoiODEyYmM5NyJ9\" href=\"https:\/\/campingparcoadamello.it\/wp-content\/uploads\/2025\/06\/appartamenti-10-e-11-da-1-a-5-posti-letto-campung-parco-adamello-val-rendena-carisolo-5-scaled.webp\" class=\"elementor-clickable pp-image-slider-slide-link\"><div class=\"pp-image-slider-thumb-item pp-image pp-ins-filter-hover\"><div class=\"pp-image-slider-thumb-image pp-ins-filter-target\" style=\"background-image:url(https:\/\/campingparcoadamello.it\/wp-content\/uploads\/2025\/06\/appartamenti-10-e-11-da-1-a-5-posti-letto-campung-parco-adamello-val-rendena-carisolo-5-1024x768.webp)\"><\/div><div class=\"pp-image-slider-thumb-overlay pp-media-overlay\"><\/div><\/div><\/a>\t\t\t<\/div>\n\t\t\t\t\t\t<div class=\"pp-image-slider-thumb-item-wrap pp-swiper-slide swiper-slide\">\n\t\t\t\t<a data-elementor-open-lightbox=\"yes\" data-elementor-lightbox-slideshow=\"812bc97\" data-elementor-lightbox-title=\"20260403 103401\" data-elementor-lightbox-description=\"20260403 103401\" data-e-action-hash=\"#elementor-action%3Aaction%3Dlightbox%26settings%3DeyJpZCI6MTM3MjksInVybCI6Imh0dHBzOlwvXC9jYW1waW5ncGFyY29hZGFtZWxsby5pdFwvd3AtY29udGVudFwvdXBsb2Fkc1wvMjAyNlwvMDRcLzIwMjYwNDAzXzEwMzQwMS1zY2FsZWQud2VicCIsInNsaWRlc2hvdyI6IjgxMmJjOTcifQ%3D%3D\" href=\"https:\/\/campingparcoadamello.it\/wp-content\/uploads\/2026\/04\/20260403_103401-scaled.webp\" class=\"elementor-clickable pp-image-slider-slide-link\"><div class=\"pp-image-slider-thumb-item pp-image pp-ins-filter-hover\"><div class=\"pp-image-slider-thumb-image pp-ins-filter-target\" style=\"background-image:url(https:\/\/campingparcoadamello.it\/wp-content\/uploads\/2026\/04\/20260403_103401-768x1024.webp)\"><\/div><div class=\"pp-image-slider-thumb-overlay pp-media-overlay\"><\/div><\/div><\/a>\t\t\t<\/div>\n\t\t\t\t\t\t<div class=\"pp-image-slider-thumb-item-wrap pp-swiper-slide swiper-slide\">\n\t\t\t\t<a data-elementor-open-lightbox=\"yes\" data-elementor-lightbox-slideshow=\"812bc97\" data-elementor-lightbox-title=\"Appartamento 10 e 11 da 1 a 5 posti letto Camping Parco Adamello Pinzolo Carisolo (9)\" data-e-action-hash=\"#elementor-action%3Aaction%3Dlightbox%26settings%3DeyJpZCI6MjE2LCJ1cmwiOiJodHRwczpcL1wvY2FtcGluZ3BhcmNvYWRhbWVsbG8uaXRcL3dwLWNvbnRlbnRcL3VwbG9hZHNcLzIwMjRcLzAxXC9BcHBhcnRhbWVudG8tMTAtZS0xMS1kYS0xLWEtNS1wb3N0aS1sZXR0by1DYW1waW5nLVBhcmNvLUFkYW1lbGxvLVBpbnpvbG8tQ2FyaXNvbG8tOS53ZWJwIiwic2xpZGVzaG93IjoiODEyYmM5NyJ9\" href=\"https:\/\/campingparcoadamello.it\/wp-content\/uploads\/2024\/01\/Appartamento-10-e-11-da-1-a-5-posti-letto-Camping-Parco-Adamello-Pinzolo-Carisolo-9.webp\" class=\"elementor-clickable pp-image-slider-slide-link\"><div class=\"pp-image-slider-thumb-item pp-image pp-ins-filter-hover\"><div class=\"pp-image-slider-thumb-image pp-ins-filter-target\" style=\"background-image:url(https:\/\/campingparcoadamello.it\/wp-content\/uploads\/2024\/01\/Appartamento-10-e-11-da-1-a-5-posti-letto-Camping-Parco-Adamello-Pinzolo-Carisolo-9-1024x664.webp)\"><\/div><div class=\"pp-image-slider-thumb-overlay pp-media-overlay\"><\/div><\/div><\/a>\t\t\t<\/div>\n\t\t\t\t\t\t<div class=\"pp-image-slider-thumb-item-wrap pp-swiper-slide swiper-slide\">\n\t\t\t\t<a data-elementor-open-lightbox=\"yes\" data-elementor-lightbox-slideshow=\"812bc97\" data-elementor-lightbox-title=\"appartamenti 10 e 11 da 1 a 5 posti letto campung parco adamello val rendena carisolo (7)\" data-elementor-lightbox-description=\"appartamenti 10 e 11 da 1 a 5 posti letto campung parco adamello val rendena carisolo (7)\" data-e-action-hash=\"#elementor-action%3Aaction%3Dlightbox%26settings%3DeyJpZCI6NTgyNCwidXJsIjoiaHR0cHM6XC9cL2NhbXBpbmdwYXJjb2FkYW1lbGxvLml0XC93cC1jb250ZW50XC91cGxvYWRzXC8yMDI1XC8wNlwvYXBwYXJ0YW1lbnRpLTEwLWUtMTEtZGEtMS1hLTUtcG9zdGktbGV0dG8tY2FtcHVuZy1wYXJjby1hZGFtZWxsby12YWwtcmVuZGVuYS1jYXJpc29sby03LXNjYWxlZC53ZWJwIiwic2xpZGVzaG93IjoiODEyYmM5NyJ9\" href=\"https:\/\/campingparcoadamello.it\/wp-content\/uploads\/2025\/06\/appartamenti-10-e-11-da-1-a-5-posti-letto-campung-parco-adamello-val-rendena-carisolo-7-scaled.webp\" class=\"elementor-clickable pp-image-slider-slide-link\"><div class=\"pp-image-slider-thumb-item pp-image pp-ins-filter-hover\"><div class=\"pp-image-slider-thumb-image pp-ins-filter-target\" style=\"background-image:url(https:\/\/campingparcoadamello.it\/wp-content\/uploads\/2025\/06\/appartamenti-10-e-11-da-1-a-5-posti-letto-campung-parco-adamello-val-rendena-carisolo-7-1024x768.webp)\"><\/div><div class=\"pp-image-slider-thumb-overlay pp-media-overlay\"><\/div><\/div><\/a>\t\t\t<\/div>\n\t\t\t\t\t\t<div class=\"pp-image-slider-thumb-item-wrap pp-swiper-slide swiper-slide\">\n\t\t\t\t<a data-elementor-open-lightbox=\"yes\" data-elementor-lightbox-slideshow=\"812bc97\" data-elementor-lightbox-title=\"appartamenti 10 e 11 da 1 a 5 posti letto campung parco adamello val rendena carisolo (8)\" data-elementor-lightbox-description=\"appartamenti 10 e 11 da 1 a 5 posti letto campung parco adamello val rendena carisolo (8)\" data-e-action-hash=\"#elementor-action%3Aaction%3Dlightbox%26settings%3DeyJpZCI6NTgyNSwidXJsIjoiaHR0cHM6XC9cL2NhbXBpbmdwYXJjb2FkYW1lbGxvLml0XC93cC1jb250ZW50XC91cGxvYWRzXC8yMDI1XC8wNlwvYXBwYXJ0YW1lbnRpLTEwLWUtMTEtZGEtMS1hLTUtcG9zdGktbGV0dG8tY2FtcHVuZy1wYXJjby1hZGFtZWxsby12YWwtcmVuZGVuYS1jYXJpc29sby04LXNjYWxlZC53ZWJwIiwic2xpZGVzaG93IjoiODEyYmM5NyJ9\" href=\"https:\/\/campingparcoadamello.it\/wp-content\/uploads\/2025\/06\/appartamenti-10-e-11-da-1-a-5-posti-letto-campung-parco-adamello-val-rendena-carisolo-8-scaled.webp\" class=\"elementor-clickable pp-image-slider-slide-link\"><div class=\"pp-image-slider-thumb-item pp-image pp-ins-filter-hover\"><div class=\"pp-image-slider-thumb-image pp-ins-filter-target\" style=\"background-image:url(https:\/\/campingparcoadamello.it\/wp-content\/uploads\/2025\/06\/appartamenti-10-e-11-da-1-a-5-posti-letto-campung-parco-adamello-val-rendena-carisolo-8-1024x768.webp)\"><\/div><div class=\"pp-image-slider-thumb-overlay pp-media-overlay\"><\/div><\/div><\/a>\t\t\t<\/div>\n\t\t\t\t\t\t<div class=\"pp-image-slider-thumb-item-wrap pp-swiper-slide swiper-slide\">\n\t\t\t\t<a data-elementor-open-lightbox=\"yes\" data-elementor-lightbox-slideshow=\"812bc97\" data-elementor-lightbox-title=\"Appartamento 10 e 11 da 1 a 5 posti letto Camping Parco Adamello Pinzolo Carisolo (4)\" data-e-action-hash=\"#elementor-action%3Aaction%3Dlightbox%26settings%3DeyJpZCI6MjExLCJ1cmwiOiJodHRwczpcL1wvY2FtcGluZ3BhcmNvYWRhbWVsbG8uaXRcL3dwLWNvbnRlbnRcL3VwbG9hZHNcLzIwMjRcLzAxXC9BcHBhcnRhbWVudG8tMTAtZS0xMS1kYS0xLWEtNS1wb3N0aS1sZXR0by1DYW1waW5nLVBhcmNvLUFkYW1lbGxvLVBpbnpvbG8tQ2FyaXNvbG8tNC5qcGVnIiwic2xpZGVzaG93IjoiODEyYmM5NyJ9\" href=\"https:\/\/campingparcoadamello.it\/wp-content\/uploads\/2024\/01\/Appartamento-10-e-11-da-1-a-5-posti-letto-Camping-Parco-Adamello-Pinzolo-Carisolo-4.jpeg\" class=\"elementor-clickable pp-image-slider-slide-link\"><div class=\"pp-image-slider-thumb-item pp-image pp-ins-filter-hover\"><div class=\"pp-image-slider-thumb-image pp-ins-filter-target\" style=\"background-image:url(https:\/\/campingparcoadamello.it\/wp-content\/uploads\/2024\/01\/Appartamento-10-e-11-da-1-a-5-posti-letto-Camping-Parco-Adamello-Pinzolo-Carisolo-4-1024x755.webp)\"><\/div><div class=\"pp-image-slider-thumb-overlay pp-media-overlay\"><\/div><\/div><\/a>\t\t\t<\/div>\n\t\t\t\t\t\t<div class=\"pp-image-slider-thumb-item-wrap pp-swiper-slide swiper-slide\">\n\t\t\t\t<a data-elementor-open-lightbox=\"yes\" data-elementor-lightbox-slideshow=\"812bc97\" data-elementor-lightbox-title=\"Appartamento 10 e 11 da 1 a 5 posti letto Camping Parco Adamello Pinzolo Carisolo (5)\" data-e-action-hash=\"#elementor-action%3Aaction%3Dlightbox%26settings%3DeyJpZCI6MjEyLCJ1cmwiOiJodHRwczpcL1wvY2FtcGluZ3BhcmNvYWRhbWVsbG8uaXRcL3dwLWNvbnRlbnRcL3VwbG9hZHNcLzIwMjRcLzAxXC9BcHBhcnRhbWVudG8tMTAtZS0xMS1kYS0xLWEtNS1wb3N0aS1sZXR0by1DYW1waW5nLVBhcmNvLUFkYW1lbGxvLVBpbnpvbG8tQ2FyaXNvbG8tNS53ZWJwIiwic2xpZGVzaG93IjoiODEyYmM5NyJ9\" href=\"https:\/\/campingparcoadamello.it\/wp-content\/uploads\/2024\/01\/Appartamento-10-e-11-da-1-a-5-posti-letto-Camping-Parco-Adamello-Pinzolo-Carisolo-5.webp\" class=\"elementor-clickable pp-image-slider-slide-link\"><div class=\"pp-image-slider-thumb-item pp-image pp-ins-filter-hover\"><div class=\"pp-image-slider-thumb-image pp-ins-filter-target\" style=\"background-image:url(https:\/\/campingparcoadamello.it\/wp-content\/uploads\/2024\/01\/Appartamento-10-e-11-da-1-a-5-posti-letto-Camping-Parco-Adamello-Pinzolo-Carisolo-5-1024x768.webp)\"><\/div><div class=\"pp-image-slider-thumb-overlay pp-media-overlay\"><\/div><\/div><\/a>\t\t\t<\/div>\n\t\t\t\t\t\t<div class=\"pp-image-slider-thumb-item-wrap pp-swiper-slide swiper-slide\">\n\t\t\t\t<a data-elementor-open-lightbox=\"yes\" data-elementor-lightbox-slideshow=\"812bc97\" data-elementor-lightbox-title=\"Appartamento 10 e 11 da 1 a 5 posti letto Camping Parco Adamello Pinzolo Carisolo (11)\" data-e-action-hash=\"#elementor-action%3Aaction%3Dlightbox%26settings%3DeyJpZCI6MjE4LCJ1cmwiOiJodHRwczpcL1wvY2FtcGluZ3BhcmNvYWRhbWVsbG8uaXRcL3dwLWNvbnRlbnRcL3VwbG9hZHNcLzIwMjRcLzAxXC9BcHBhcnRhbWVudG8tMTAtZS0xMS1kYS0xLWEtNS1wb3N0aS1sZXR0by1DYW1waW5nLVBhcmNvLUFkYW1lbGxvLVBpbnpvbG8tQ2FyaXNvbG8tMTEud2VicCIsInNsaWRlc2hvdyI6IjgxMmJjOTcifQ%3D%3D\" href=\"https:\/\/campingparcoadamello.it\/wp-content\/uploads\/2024\/01\/Appartamento-10-e-11-da-1-a-5-posti-letto-Camping-Parco-Adamello-Pinzolo-Carisolo-11.webp\" class=\"elementor-clickable pp-image-slider-slide-link\"><div class=\"pp-image-slider-thumb-item pp-image pp-ins-filter-hover\"><div class=\"pp-image-slider-thumb-image pp-ins-filter-target\" style=\"background-image:url(https:\/\/campingparcoadamello.it\/wp-content\/uploads\/2024\/01\/Appartamento-10-e-11-da-1-a-5-posti-letto-Camping-Parco-Adamello-Pinzolo-Carisolo-11-1024x752.webp)\"><\/div><div class=\"pp-image-slider-thumb-overlay pp-media-overlay\"><\/div><\/div><\/a>\t\t\t<\/div>\n\t\t\t\t\t\t<div class=\"pp-image-slider-thumb-item-wrap pp-swiper-slide swiper-slide\">\n\t\t\t\t<a data-elementor-open-lightbox=\"yes\" data-elementor-lightbox-slideshow=\"812bc97\" data-elementor-lightbox-title=\"Appartamento 10 e 11 da 1 a 5 posti letto Camping Parco Adamello Pinzolo Carisolo (12)\" data-e-action-hash=\"#elementor-action%3Aaction%3Dlightbox%26settings%3DeyJpZCI6MjE5LCJ1cmwiOiJodHRwczpcL1wvY2FtcGluZ3BhcmNvYWRhbWVsbG8uaXRcL3dwLWNvbnRlbnRcL3VwbG9hZHNcLzIwMjRcLzAxXC9BcHBhcnRhbWVudG8tMTAtZS0xMS1kYS0xLWEtNS1wb3N0aS1sZXR0by1DYW1waW5nLVBhcmNvLUFkYW1lbGxvLVBpbnpvbG8tQ2FyaXNvbG8tMTIud2VicCIsInNsaWRlc2hvdyI6IjgxMmJjOTcifQ%3D%3D\" href=\"https:\/\/campingparcoadamello.it\/wp-content\/uploads\/2024\/01\/Appartamento-10-e-11-da-1-a-5-posti-letto-Camping-Parco-Adamello-Pinzolo-Carisolo-12.webp\" class=\"elementor-clickable pp-image-slider-slide-link\"><div class=\"pp-image-slider-thumb-item pp-image pp-ins-filter-hover\"><div class=\"pp-image-slider-thumb-image pp-ins-filter-target\" style=\"background-image:url(https:\/\/campingparcoadamello.it\/wp-content\/uploads\/2024\/01\/Appartamento-10-e-11-da-1-a-5-posti-letto-Camping-Parco-Adamello-Pinzolo-Carisolo-12-1024x610.webp)\"><\/div><div class=\"pp-image-slider-thumb-overlay pp-media-overlay\"><\/div><\/div><\/a>\t\t\t<\/div>\n\t\t\t\t\t\t<div class=\"pp-image-slider-thumb-item-wrap pp-swiper-slide swiper-slide\">\n\t\t\t\t<a data-elementor-open-lightbox=\"yes\" data-elementor-lightbox-slideshow=\"812bc97\" data-elementor-lightbox-title=\"Appartamento 10 e 11 da 1 a 5 posti letto Camping Parco Adamello Pinzolo Carisolo (13)\" data-e-action-hash=\"#elementor-action%3Aaction%3Dlightbox%26settings%3DeyJpZCI6MjIwLCJ1cmwiOiJodHRwczpcL1wvY2FtcGluZ3BhcmNvYWRhbWVsbG8uaXRcL3dwLWNvbnRlbnRcL3VwbG9hZHNcLzIwMjRcLzAxXC9BcHBhcnRhbWVudG8tMTAtZS0xMS1kYS0xLWEtNS1wb3N0aS1sZXR0by1DYW1waW5nLVBhcmNvLUFkYW1lbGxvLVBpbnpvbG8tQ2FyaXNvbG8tMTMud2VicCIsInNsaWRlc2hvdyI6IjgxMmJjOTcifQ%3D%3D\" href=\"https:\/\/campingparcoadamello.it\/wp-content\/uploads\/2024\/01\/Appartamento-10-e-11-da-1-a-5-posti-letto-Camping-Parco-Adamello-Pinzolo-Carisolo-13.webp\" class=\"elementor-clickable pp-image-slider-slide-link\"><div class=\"pp-image-slider-thumb-item pp-image pp-ins-filter-hover\"><div class=\"pp-image-slider-thumb-image pp-ins-filter-target\" style=\"background-image:url(https:\/\/campingparcoadamello.it\/wp-content\/uploads\/2024\/01\/Appartamento-10-e-11-da-1-a-5-posti-letto-Camping-Parco-Adamello-Pinzolo-Carisolo-13-1024x758.webp)\"><\/div><div class=\"pp-image-slider-thumb-overlay pp-media-overlay\"><\/div><\/div><\/a>\t\t\t<\/div>\n\t\t\t\t\t\t<div class=\"pp-image-slider-thumb-item-wrap pp-swiper-slide swiper-slide\">\n\t\t\t\t<a data-elementor-open-lightbox=\"yes\" data-elementor-lightbox-slideshow=\"812bc97\" data-elementor-lightbox-title=\"appartamenti 10 e 11 da 1 a 5 posti letto campung parco adamello val rendena carisolo (3)\" data-elementor-lightbox-description=\"appartamenti 10 e 11 da 1 a 5 posti letto campung parco adamello val rendena carisolo (3)\" data-e-action-hash=\"#elementor-action%3Aaction%3Dlightbox%26settings%3DeyJpZCI6NTgyOCwidXJsIjoiaHR0cHM6XC9cL2NhbXBpbmdwYXJjb2FkYW1lbGxvLml0XC93cC1jb250ZW50XC91cGxvYWRzXC8yMDI1XC8wNlwvYXBwYXJ0YW1lbnRpLTEwLWUtMTEtZGEtMS1hLTUtcG9zdGktbGV0dG8tY2FtcHVuZy1wYXJjby1hZGFtZWxsby12YWwtcmVuZGVuYS1jYXJpc29sby0zLXNjYWxlZC53ZWJwIiwic2xpZGVzaG93IjoiODEyYmM5NyJ9\" href=\"https:\/\/campingparcoadamello.it\/wp-content\/uploads\/2025\/06\/appartamenti-10-e-11-da-1-a-5-posti-letto-campung-parco-adamello-val-rendena-carisolo-3-scaled.webp\" class=\"elementor-clickable pp-image-slider-slide-link\"><div class=\"pp-image-slider-thumb-item pp-image pp-ins-filter-hover\"><div class=\"pp-image-slider-thumb-image pp-ins-filter-target\" style=\"background-image:url(https:\/\/campingparcoadamello.it\/wp-content\/uploads\/2025\/06\/appartamenti-10-e-11-da-1-a-5-posti-letto-campung-parco-adamello-val-rendena-carisolo-3-1024x768.webp)\"><\/div><div class=\"pp-image-slider-thumb-overlay pp-media-overlay\"><\/div><\/div><\/a>\t\t\t<\/div>\n\t\t\t\t\t\t<div class=\"pp-image-slider-thumb-item-wrap pp-swiper-slide swiper-slide\">\n\t\t\t\t<a data-elementor-open-lightbox=\"yes\" data-elementor-lightbox-slideshow=\"812bc97\" data-elementor-lightbox-title=\"Appartamento 10 e 11 da 1 a 5 posti letto Camping Parco Adamello Pinzolo Carisolo (18)\" data-e-action-hash=\"#elementor-action%3Aaction%3Dlightbox%26settings%3DeyJpZCI6MjI1LCJ1cmwiOiJodHRwczpcL1wvY2FtcGluZ3BhcmNvYWRhbWVsbG8uaXRcL3dwLWNvbnRlbnRcL3VwbG9hZHNcLzIwMjRcLzAxXC9BcHBhcnRhbWVudG8tMTAtZS0xMS1kYS0xLWEtNS1wb3N0aS1sZXR0by1DYW1waW5nLVBhcmNvLUFkYW1lbGxvLVBpbnpvbG8tQ2FyaXNvbG8tMTgud2VicCIsInNsaWRlc2hvdyI6IjgxMmJjOTcifQ%3D%3D\" href=\"https:\/\/campingparcoadamello.it\/wp-content\/uploads\/2024\/01\/Appartamento-10-e-11-da-1-a-5-posti-letto-Camping-Parco-Adamello-Pinzolo-Carisolo-18.webp\" class=\"elementor-clickable pp-image-slider-slide-link\"><div class=\"pp-image-slider-thumb-item pp-image pp-ins-filter-hover\"><div class=\"pp-image-slider-thumb-image pp-ins-filter-target\" style=\"background-image:url(https:\/\/campingparcoadamello.it\/wp-content\/uploads\/2024\/01\/Appartamento-10-e-11-da-1-a-5-posti-letto-Camping-Parco-Adamello-Pinzolo-Carisolo-18-1024x702.webp)\"><\/div><div class=\"pp-image-slider-thumb-overlay pp-media-overlay\"><\/div><\/div><\/a>\t\t\t<\/div>\n\t\t\t\t\t\t<div class=\"pp-image-slider-thumb-item-wrap pp-swiper-slide swiper-slide\">\n\t\t\t\t<a data-elementor-open-lightbox=\"yes\" data-elementor-lightbox-slideshow=\"812bc97\" data-elementor-lightbox-title=\"20260403 103227\" data-elementor-lightbox-description=\"20260403 103227\" data-e-action-hash=\"#elementor-action%3Aaction%3Dlightbox%26settings%3DeyJpZCI6MTM3MjYsInVybCI6Imh0dHBzOlwvXC9jYW1waW5ncGFyY29hZGFtZWxsby5pdFwvd3AtY29udGVudFwvdXBsb2Fkc1wvMjAyNlwvMDRcLzIwMjYwNDAzXzEwMzIyNy1zY2FsZWQud2VicCIsInNsaWRlc2hvdyI6IjgxMmJjOTcifQ%3D%3D\" href=\"https:\/\/campingparcoadamello.it\/wp-content\/uploads\/2026\/04\/20260403_103227-scaled.webp\" class=\"elementor-clickable pp-image-slider-slide-link\"><div class=\"pp-image-slider-thumb-item pp-image pp-ins-filter-hover\"><div class=\"pp-image-slider-thumb-image pp-ins-filter-target\" style=\"background-image:url(https:\/\/campingparcoadamello.it\/wp-content\/uploads\/2026\/04\/20260403_103227-768x1024.webp)\"><\/div><div class=\"pp-image-slider-thumb-overlay pp-media-overlay\"><\/div><\/div><\/a>\t\t\t<\/div>\n\t\t\t\t\t\t<div class=\"pp-image-slider-thumb-item-wrap pp-swiper-slide swiper-slide\">\n\t\t\t\t<a data-elementor-open-lightbox=\"yes\" data-elementor-lightbox-slideshow=\"812bc97\" data-elementor-lightbox-title=\"20260403 103342\" data-elementor-lightbox-description=\"20260403 103342\" data-e-action-hash=\"#elementor-action%3Aaction%3Dlightbox%26settings%3DeyJpZCI6MTM3MjgsInVybCI6Imh0dHBzOlwvXC9jYW1waW5ncGFyY29hZGFtZWxsby5pdFwvd3AtY29udGVudFwvdXBsb2Fkc1wvMjAyNlwvMDRcLzIwMjYwNDAzXzEwMzM0Mi1zY2FsZWQud2VicCIsInNsaWRlc2hvdyI6IjgxMmJjOTcifQ%3D%3D\" href=\"https:\/\/campingparcoadamello.it\/wp-content\/uploads\/2026\/04\/20260403_103342-scaled.webp\" class=\"elementor-clickable pp-image-slider-slide-link\"><div class=\"pp-image-slider-thumb-item pp-image pp-ins-filter-hover\"><div class=\"pp-image-slider-thumb-image pp-ins-filter-target\" style=\"background-image:url(https:\/\/campingparcoadamello.it\/wp-content\/uploads\/2026\/04\/20260403_103342-1024x768.webp)\"><\/div><div class=\"pp-image-slider-thumb-overlay pp-media-overlay\"><\/div><\/div><\/a>\t\t\t<\/div>\n\t\t\t\t\t\t<div class=\"pp-image-slider-thumb-item-wrap pp-swiper-slide swiper-slide\">\n\t\t\t\t<a data-elementor-open-lightbox=\"yes\" data-elementor-lightbox-slideshow=\"812bc97\" data-elementor-lightbox-title=\"20260403 103240\" data-elementor-lightbox-description=\"20260403 103240\" data-e-action-hash=\"#elementor-action%3Aaction%3Dlightbox%26settings%3DeyJpZCI6MTM3MjcsInVybCI6Imh0dHBzOlwvXC9jYW1waW5ncGFyY29hZGFtZWxsby5pdFwvd3AtY29udGVudFwvdXBsb2Fkc1wvMjAyNlwvMDRcLzIwMjYwNDAzXzEwMzI0MC1zY2FsZWQud2VicCIsInNsaWRlc2hvdyI6IjgxMmJjOTcifQ%3D%3D\" href=\"https:\/\/campingparcoadamello.it\/wp-content\/uploads\/2026\/04\/20260403_103240-scaled.webp\" class=\"elementor-clickable pp-image-slider-slide-link\"><div class=\"pp-image-slider-thumb-item pp-image pp-ins-filter-hover\"><div class=\"pp-image-slider-thumb-image pp-ins-filter-target\" style=\"background-image:url(https:\/\/campingparcoadamello.it\/wp-content\/uploads\/2026\/04\/20260403_103240-768x1024.webp)\"><\/div><div class=\"pp-image-slider-thumb-overlay pp-media-overlay\"><\/div><\/div><\/a>\t\t\t<\/div>\n\t\t\t\t\t\t\t\t\t<\/div>\n\t\t\t\t\t<\/div>\n\t\t\t\t\t\t\t\t\t<div class=\"pp-slider-arrow elementor-swiper-button-prev swiper-button-prev-812bc97\" role=\"button\" tabindex=\"0\">\n\t\t\t\t\t<svg aria-hidden=\"true\" class=\"e-font-icon-svg e-fas-angle-left\" viewbox=\"0 0 256 512\" xmlns=\"http:\/\/www.w3.org\/2000\/svg\"><path d=\"M31.7 239l136-136c9.4-9.4 24.6-9.4 33.9 0l22.6 22.6c9.4 9.4 9.4 24.6 0 33.9L127.9 256l96.4 96.4c9.4 9.4 9.4 24.6 0 33.9L201.7 409c-9.4 9.4-24.6 9.4-33.9 0l-136-136c-9.5-9.4-9.5-24.6-.1-34z\"><\/path><\/svg>\t\t\t\t<\/div>\n\t\t\t\t<div class=\"pp-slider-arrow elementor-swiper-button-next swiper-button-next-812bc97\" role=\"button\" tabindex=\"0\">\n\t\t\t\t\t<svg aria-hidden=\"true\" class=\"e-font-icon-svg e-fas-angle-right\" viewbox=\"0 0 256 512\" xmlns=\"http:\/\/www.w3.org\/2000\/svg\"><path d=\"M224.3 273l-136 136c-9.4 9.4-24.6 9.4-33.9 0l-22.6-22.6c-9.4-9.4-9.4-24.6 0-33.9l96.4-96.4-96.4-96.4c-9.4-9.4-9.4-24.6 0-33.9L54.3 103c9.4-9.4 24.6-9.4 33.9 0l136 136c9.5 9.4 9.5 24.6.1 34z\"><\/path><\/svg>\t\t\t\t<\/div>\n\t\t\t\t\t\t\t<\/div>\n\t\t\t<\/div>\n\t\t\t\t\t<\/div>\n\t\t\t\t\t\t\t<\/div>\n\t\t\t\t<\/div>\n\t\t\t\t\t<\/div>\n\t\t\t\t<\/div>\n\t\t<div class=\"elementor-element elementor-element-2d651f1 e-flex e-con-boxed e-con e-parent\" data-id=\"2d651f1\" data-element_type=\"container\" data-e-type=\"container\" data-settings=\"{&quot;background_background&quot;:&quot;classic&quot;}\">\n\t\t\t\t\t<div class=\"e-con-inner\">\n\t\t<div class=\"elementor-element elementor-element-35a0d9c e-con-full e-flex e-con e-child\" data-id=\"35a0d9c\" data-element_type=\"container\" data-e-type=\"container\">\n\t\t\t\t<div class=\"elementor-element elementor-element-bd2fe94 pp-image-slider-carousel pp-ins-normal pp-ins-hover-normal elementor-widget elementor-widget-pp-image-slider\" data-id=\"bd2fe94\" data-element_type=\"widget\" data-e-type=\"widget\" data-settings=\"{&quot;skin&quot;:&quot;carousel&quot;,&quot;pause_on_hover&quot;:&quot;yes&quot;,&quot;infinite_loop&quot;:&quot;yes&quot;}\" data-widget_type=\"pp-image-slider.default\">\n\t\t\t\t\t\t\t\t\t<div class=\"pp-image-slider-container pp-thumbs-equal-height\">\n\t\t\t<div class=\"pp-image-slider-wrap swiper-container-wrap\">\n\t\t\t\t<div class=\"pp-image-slider-box\">\n\t\t\t\t\t<div class=\"pp-image-slider pp-swiper-slider swiper-container\" id=\"pp-image-slider-bd2fe94\" data-slider-settings=\"{&quot;direction&quot;:&quot;horizontal&quot;,&quot;effect&quot;:&quot;slide&quot;,&quot;speed&quot;:600,&quot;slides_per_view&quot;:1,&quot;slides_per_group&quot;:1,&quot;space_between&quot;:10,&quot;auto_height&quot;:true,&quot;loop&quot;:&quot;yes&quot;,&quot;autoplay&quot;:&quot;yes&quot;,&quot;autoplay_speed&quot;:3000,&quot;show_arrows&quot;:true,&quot;slides_per_view_mobile&quot;:2,&quot;slides_per_group_mobile&quot;:1,&quot;space_between_mobile&quot;:10,&quot;slides_per_view_tablet&quot;:2,&quot;slides_per_group_tablet&quot;:1,&quot;space_between_tablet&quot;:10}\">\n\t\t\t\t\t\t<div class=\"swiper-wrapper\">\n\t\t\t\t\t\t\t\t\t\t<div class=\"pp-image-slider-thumb-item-wrap pp-swiper-slide swiper-slide\">\n\t\t\t\t<a data-elementor-open-lightbox=\"yes\" data-elementor-lightbox-slideshow=\"bd2fe94\" data-elementor-lightbox-title=\"appartamenti 13,14 e 15 da 1 a 5 posti letto camping parco adamello val rendena pinzolo (8)\" data-elementor-lightbox-description=\"appartamenti 13,14 e 15 da 1 a 5 posti letto camping parco adamello val rendena pinzolo (8)\" data-e-action-hash=\"#elementor-action%3Aaction%3Dlightbox%26settings%3DeyJpZCI6NTgzOSwidXJsIjoiaHR0cHM6XC9cL2NhbXBpbmdwYXJjb2FkYW1lbGxvLml0XC93cC1jb250ZW50XC91cGxvYWRzXC8yMDI1XC8wNlwvYXBwYXJ0YW1lbnRpLTEzMTQtZS0xNS1kYS0xLWEtNS1wb3N0aS1sZXR0by1jYW1waW5nLXBhcmNvLWFkYW1lbGxvLXZhbC1yZW5kZW5hLXBpbnpvbG8tOC1zY2FsZWQud2VicCIsInNsaWRlc2hvdyI6ImJkMmZlOTQifQ%3D%3D\" href=\"https:\/\/campingparcoadamello.it\/wp-content\/uploads\/2025\/06\/appartamenti-1314-e-15-da-1-a-5-posti-letto-camping-parco-adamello-val-rendena-pinzolo-8-scaled.webp\" class=\"elementor-clickable pp-image-slider-slide-link\"><div class=\"pp-image-slider-thumb-item pp-image pp-ins-filter-hover\"><div class=\"pp-image-slider-thumb-image pp-ins-filter-target\" style=\"background-image:url(https:\/\/campingparcoadamello.it\/wp-content\/uploads\/2025\/06\/appartamenti-1314-e-15-da-1-a-5-posti-letto-camping-parco-adamello-val-rendena-pinzolo-8-1024x768.webp)\"><\/div><div class=\"pp-image-slider-thumb-overlay pp-media-overlay\"><\/div><\/div><\/a>\t\t\t<\/div>\n\t\t\t\t\t\t<div class=\"pp-image-slider-thumb-item-wrap pp-swiper-slide swiper-slide\">\n\t\t\t\t<a data-elementor-open-lightbox=\"yes\" data-elementor-lightbox-slideshow=\"bd2fe94\" data-elementor-lightbox-title=\"appartamenti 13,14 e 15 da 1 a 5 posti letto camping parco adamello val rendena pinzolo (2)\" data-elementor-lightbox-description=\"appartamenti 13,14 e 15 da 1 a 5 posti letto camping parco adamello val rendena pinzolo (2)\" data-e-action-hash=\"#elementor-action%3Aaction%3Dlightbox%26settings%3DeyJpZCI6NTgyOSwidXJsIjoiaHR0cHM6XC9cL2NhbXBpbmdwYXJjb2FkYW1lbGxvLml0XC93cC1jb250ZW50XC91cGxvYWRzXC8yMDI1XC8wNlwvYXBwYXJ0YW1lbnRpLTEzMTQtZS0xNS1kYS0xLWEtNS1wb3N0aS1sZXR0by1jYW1waW5nLXBhcmNvLWFkYW1lbGxvLXZhbC1yZW5kZW5hLXBpbnpvbG8tMi1zY2FsZWQud2VicCIsInNsaWRlc2hvdyI6ImJkMmZlOTQifQ%3D%3D\" href=\"https:\/\/campingparcoadamello.it\/wp-content\/uploads\/2025\/06\/appartamenti-1314-e-15-da-1-a-5-posti-letto-camping-parco-adamello-val-rendena-pinzolo-2-scaled.webp\" class=\"elementor-clickable pp-image-slider-slide-link\"><div class=\"pp-image-slider-thumb-item pp-image pp-ins-filter-hover\"><div class=\"pp-image-slider-thumb-image pp-ins-filter-target\" style=\"background-image:url(https:\/\/campingparcoadamello.it\/wp-content\/uploads\/2025\/06\/appartamenti-1314-e-15-da-1-a-5-posti-letto-camping-parco-adamello-val-rendena-pinzolo-2-1024x768.webp)\"><\/div><div class=\"pp-image-slider-thumb-overlay pp-media-overlay\"><\/div><\/div><\/a>\t\t\t<\/div>\n\t\t\t\t\t\t<div class=\"pp-image-slider-thumb-item-wrap pp-swiper-slide swiper-slide\">\n\t\t\t\t<a data-elementor-open-lightbox=\"yes\" data-elementor-lightbox-slideshow=\"bd2fe94\" data-elementor-lightbox-title=\"Appartamenti 13 14 15 da 1 a 5 posti letto Camping Parco Adamello Pinzolo Carisolo (10)\" data-e-action-hash=\"#elementor-action%3Aaction%3Dlightbox%26settings%3DeyJpZCI6MjQ3LCJ1cmwiOiJodHRwczpcL1wvY2FtcGluZ3BhcmNvYWRhbWVsbG8uaXRcL3dwLWNvbnRlbnRcL3VwbG9hZHNcLzIwMjRcLzAxXC9BcHBhcnRhbWVudGktMTMtMTQtMTUtZGEtMS1hLTUtcG9zdGktbGV0dG8tQ2FtcGluZy1QYXJjby1BZGFtZWxsby1QaW56b2xvLUNhcmlzb2xvLTEwLndlYnAiLCJzbGlkZXNob3ciOiJiZDJmZTk0In0%3D\" href=\"https:\/\/campingparcoadamello.it\/wp-content\/uploads\/2024\/01\/Appartamenti-13-14-15-da-1-a-5-posti-letto-Camping-Parco-Adamello-Pinzolo-Carisolo-10.webp\" class=\"elementor-clickable pp-image-slider-slide-link\"><div class=\"pp-image-slider-thumb-item pp-image pp-ins-filter-hover\"><div class=\"pp-image-slider-thumb-image pp-ins-filter-target\" style=\"background-image:url(https:\/\/campingparcoadamello.it\/wp-content\/uploads\/2024\/01\/Appartamenti-13-14-15-da-1-a-5-posti-letto-Camping-Parco-Adamello-Pinzolo-Carisolo-10-1024x672.webp)\"><\/div><div class=\"pp-image-slider-thumb-overlay pp-media-overlay\"><\/div><\/div><\/a>\t\t\t<\/div>\n\t\t\t\t\t\t<div class=\"pp-image-slider-thumb-item-wrap pp-swiper-slide swiper-slide\">\n\t\t\t\t<a data-elementor-open-lightbox=\"yes\" data-elementor-lightbox-slideshow=\"bd2fe94\" data-elementor-lightbox-title=\"Appartamenti 13 14 15 da 1 a 5 posti letto Camping Parco Adamello Pinzolo Carisolo (9)\" data-e-action-hash=\"#elementor-action%3Aaction%3Dlightbox%26settings%3DeyJpZCI6MjQ2LCJ1cmwiOiJodHRwczpcL1wvY2FtcGluZ3BhcmNvYWRhbWVsbG8uaXRcL3dwLWNvbnRlbnRcL3VwbG9hZHNcLzIwMjRcLzAxXC9BcHBhcnRhbWVudGktMTMtMTQtMTUtZGEtMS1hLTUtcG9zdGktbGV0dG8tQ2FtcGluZy1QYXJjby1BZGFtZWxsby1QaW56b2xvLUNhcmlzb2xvLTkud2VicCIsInNsaWRlc2hvdyI6ImJkMmZlOTQifQ%3D%3D\" href=\"https:\/\/campingparcoadamello.it\/wp-content\/uploads\/2024\/01\/Appartamenti-13-14-15-da-1-a-5-posti-letto-Camping-Parco-Adamello-Pinzolo-Carisolo-9.webp\" class=\"elementor-clickable pp-image-slider-slide-link\"><div class=\"pp-image-slider-thumb-item pp-image pp-ins-filter-hover\"><div class=\"pp-image-slider-thumb-image pp-ins-filter-target\" style=\"background-image:url(https:\/\/campingparcoadamello.it\/wp-content\/uploads\/2024\/01\/Appartamenti-13-14-15-da-1-a-5-posti-letto-Camping-Parco-Adamello-Pinzolo-Carisolo-9-982x1024.webp)\"><\/div><div class=\"pp-image-slider-thumb-overlay pp-media-overlay\"><\/div><\/div><\/a>\t\t\t<\/div>\n\t\t\t\t\t\t<div class=\"pp-image-slider-thumb-item-wrap pp-swiper-slide swiper-slide\">\n\t\t\t\t<a data-elementor-open-lightbox=\"yes\" data-elementor-lightbox-slideshow=\"bd2fe94\" data-elementor-lightbox-title=\"appartamenti 13,14 e 15 da 1 a 5 posti letto camping parco adamello val rendena pinzolo (7)\" data-elementor-lightbox-description=\"appartamenti 13,14 e 15 da 1 a 5 posti letto camping parco adamello val rendena pinzolo (7)\" data-e-action-hash=\"#elementor-action%3Aaction%3Dlightbox%26settings%3DeyJpZCI6NTgzOCwidXJsIjoiaHR0cHM6XC9cL2NhbXBpbmdwYXJjb2FkYW1lbGxvLml0XC93cC1jb250ZW50XC91cGxvYWRzXC8yMDI1XC8wNlwvYXBwYXJ0YW1lbnRpLTEzMTQtZS0xNS1kYS0xLWEtNS1wb3N0aS1sZXR0by1jYW1waW5nLXBhcmNvLWFkYW1lbGxvLXZhbC1yZW5kZW5hLXBpbnpvbG8tNy1zY2FsZWQud2VicCIsInNsaWRlc2hvdyI6ImJkMmZlOTQifQ%3D%3D\" href=\"https:\/\/campingparcoadamello.it\/wp-content\/uploads\/2025\/06\/appartamenti-1314-e-15-da-1-a-5-posti-letto-camping-parco-adamello-val-rendena-pinzolo-7-scaled.webp\" class=\"elementor-clickable pp-image-slider-slide-link\"><div class=\"pp-image-slider-thumb-item pp-image pp-ins-filter-hover\"><div class=\"pp-image-slider-thumb-image pp-ins-filter-target\" style=\"background-image:url(https:\/\/campingparcoadamello.it\/wp-content\/uploads\/2025\/06\/appartamenti-1314-e-15-da-1-a-5-posti-letto-camping-parco-adamello-val-rendena-pinzolo-7-1024x768.webp)\"><\/div><div class=\"pp-image-slider-thumb-overlay pp-media-overlay\"><\/div><\/div><\/a>\t\t\t<\/div>\n\t\t\t\t\t\t<div class=\"pp-image-slider-thumb-item-wrap pp-swiper-slide swiper-slide\">\n\t\t\t\t<a data-elementor-open-lightbox=\"yes\" data-elementor-lightbox-slideshow=\"bd2fe94\" data-elementor-lightbox-title=\"20260403 103401\" data-elementor-lightbox-description=\"20260403 103401\" data-e-action-hash=\"#elementor-action%3Aaction%3Dlightbox%26settings%3DeyJpZCI6MTM3MjksInVybCI6Imh0dHBzOlwvXC9jYW1waW5ncGFyY29hZGFtZWxsby5pdFwvd3AtY29udGVudFwvdXBsb2Fkc1wvMjAyNlwvMDRcLzIwMjYwNDAzXzEwMzQwMS1zY2FsZWQud2VicCIsInNsaWRlc2hvdyI6ImJkMmZlOTQifQ%3D%3D\" href=\"https:\/\/campingparcoadamello.it\/wp-content\/uploads\/2026\/04\/20260403_103401-scaled.webp\" class=\"elementor-clickable pp-image-slider-slide-link\"><div class=\"pp-image-slider-thumb-item pp-image pp-ins-filter-hover\"><div class=\"pp-image-slider-thumb-image pp-ins-filter-target\" style=\"background-image:url(https:\/\/campingparcoadamello.it\/wp-content\/uploads\/2026\/04\/20260403_103401-768x1024.webp)\"><\/div><div class=\"pp-image-slider-thumb-overlay pp-media-overlay\"><\/div><\/div><\/a>\t\t\t<\/div>\n\t\t\t\t\t\t<div class=\"pp-image-slider-thumb-item-wrap pp-swiper-slide swiper-slide\">\n\t\t\t\t<a data-elementor-open-lightbox=\"yes\" data-elementor-lightbox-slideshow=\"bd2fe94\" data-elementor-lightbox-title=\"appartamenti 13,14 e 15 da 1 a 5 posti letto camping parco adamello val rendena pinzolo (4)\" data-elementor-lightbox-description=\"appartamenti 13,14 e 15 da 1 a 5 posti letto camping parco adamello val rendena pinzolo (4)\" data-e-action-hash=\"#elementor-action%3Aaction%3Dlightbox%26settings%3DeyJpZCI6NTgzMiwidXJsIjoiaHR0cHM6XC9cL2NhbXBpbmdwYXJjb2FkYW1lbGxvLml0XC93cC1jb250ZW50XC91cGxvYWRzXC8yMDI1XC8wNlwvYXBwYXJ0YW1lbnRpLTEzMTQtZS0xNS1kYS0xLWEtNS1wb3N0aS1sZXR0by1jYW1waW5nLXBhcmNvLWFkYW1lbGxvLXZhbC1yZW5kZW5hLXBpbnpvbG8tNC1zY2FsZWQud2VicCIsInNsaWRlc2hvdyI6ImJkMmZlOTQifQ%3D%3D\" href=\"https:\/\/campingparcoadamello.it\/wp-content\/uploads\/2025\/06\/appartamenti-1314-e-15-da-1-a-5-posti-letto-camping-parco-adamello-val-rendena-pinzolo-4-scaled.webp\" class=\"elementor-clickable pp-image-slider-slide-link\"><div class=\"pp-image-slider-thumb-item pp-image pp-ins-filter-hover\"><div class=\"pp-image-slider-thumb-image pp-ins-filter-target\" style=\"background-image:url(https:\/\/campingparcoadamello.it\/wp-content\/uploads\/2025\/06\/appartamenti-1314-e-15-da-1-a-5-posti-letto-camping-parco-adamello-val-rendena-pinzolo-4-1024x768.webp)\"><\/div><div class=\"pp-image-slider-thumb-overlay pp-media-overlay\"><\/div><\/div><\/a>\t\t\t<\/div>\n\t\t\t\t\t\t<div class=\"pp-image-slider-thumb-item-wrap pp-swiper-slide swiper-slide\">\n\t\t\t\t<a data-elementor-open-lightbox=\"yes\" data-elementor-lightbox-slideshow=\"bd2fe94\" data-elementor-lightbox-title=\"appartamenti 13,14 e 15 da 1 a 5 posti letto camping parco adamello val rendena pinzolo (6)\" data-elementor-lightbox-description=\"appartamenti 13,14 e 15 da 1 a 5 posti letto camping parco adamello val rendena pinzolo (6)\" data-e-action-hash=\"#elementor-action%3Aaction%3Dlightbox%26settings%3DeyJpZCI6NTgzNCwidXJsIjoiaHR0cHM6XC9cL2NhbXBpbmdwYXJjb2FkYW1lbGxvLml0XC93cC1jb250ZW50XC91cGxvYWRzXC8yMDI1XC8wNlwvYXBwYXJ0YW1lbnRpLTEzMTQtZS0xNS1kYS0xLWEtNS1wb3N0aS1sZXR0by1jYW1waW5nLXBhcmNvLWFkYW1lbGxvLXZhbC1yZW5kZW5hLXBpbnpvbG8tNi1zY2FsZWQud2VicCIsInNsaWRlc2hvdyI6ImJkMmZlOTQifQ%3D%3D\" href=\"https:\/\/campingparcoadamello.it\/wp-content\/uploads\/2025\/06\/appartamenti-1314-e-15-da-1-a-5-posti-letto-camping-parco-adamello-val-rendena-pinzolo-6-scaled.webp\" class=\"elementor-clickable pp-image-slider-slide-link\"><div class=\"pp-image-slider-thumb-item pp-image pp-ins-filter-hover\"><div class=\"pp-image-slider-thumb-image pp-ins-filter-target\" style=\"background-image:url(https:\/\/campingparcoadamello.it\/wp-content\/uploads\/2025\/06\/appartamenti-1314-e-15-da-1-a-5-posti-letto-camping-parco-adamello-val-rendena-pinzolo-6-768x1024.webp)\"><\/div><div class=\"pp-image-slider-thumb-overlay pp-media-overlay\"><\/div><\/div><\/a>\t\t\t<\/div>\n\t\t\t\t\t\t<div class=\"pp-image-slider-thumb-item-wrap pp-swiper-slide swiper-slide\">\n\t\t\t\t<a data-elementor-open-lightbox=\"yes\" data-elementor-lightbox-slideshow=\"bd2fe94\" data-elementor-lightbox-title=\"Appartamenti 13 14 15 da 1 a 5 posti letto Camping Parco Adamello Pinzolo Carisolo (8)\" data-e-action-hash=\"#elementor-action%3Aaction%3Dlightbox%26settings%3DeyJpZCI6MjQ1LCJ1cmwiOiJodHRwczpcL1wvY2FtcGluZ3BhcmNvYWRhbWVsbG8uaXRcL3dwLWNvbnRlbnRcL3VwbG9hZHNcLzIwMjRcLzAxXC9BcHBhcnRhbWVudGktMTMtMTQtMTUtZGEtMS1hLTUtcG9zdGktbGV0dG8tQ2FtcGluZy1QYXJjby1BZGFtZWxsby1QaW56b2xvLUNhcmlzb2xvLTgud2VicCIsInNsaWRlc2hvdyI6ImJkMmZlOTQifQ%3D%3D\" href=\"https:\/\/campingparcoadamello.it\/wp-content\/uploads\/2024\/01\/Appartamenti-13-14-15-da-1-a-5-posti-letto-Camping-Parco-Adamello-Pinzolo-Carisolo-8.webp\" class=\"elementor-clickable pp-image-slider-slide-link\"><div class=\"pp-image-slider-thumb-item pp-image pp-ins-filter-hover\"><div class=\"pp-image-slider-thumb-image pp-ins-filter-target\" style=\"background-image:url(https:\/\/campingparcoadamello.it\/wp-content\/uploads\/2024\/01\/Appartamenti-13-14-15-da-1-a-5-posti-letto-Camping-Parco-Adamello-Pinzolo-Carisolo-8-1024x768.webp)\"><\/div><div class=\"pp-image-slider-thumb-overlay pp-media-overlay\"><\/div><\/div><\/a>\t\t\t<\/div>\n\t\t\t\t\t\t<div class=\"pp-image-slider-thumb-item-wrap pp-swiper-slide swiper-slide\">\n\t\t\t\t<a data-elementor-open-lightbox=\"yes\" data-elementor-lightbox-slideshow=\"bd2fe94\" data-elementor-lightbox-title=\"appartamenti 13,14 e 15 da 1 a 5 posti letto camping parco adamello val rendena pinzolo (9)\" data-elementor-lightbox-description=\"appartamenti 13,14 e 15 da 1 a 5 posti letto camping parco adamello val rendena pinzolo (9)\" data-e-action-hash=\"#elementor-action%3Aaction%3Dlightbox%26settings%3DeyJpZCI6NTg0MCwidXJsIjoiaHR0cHM6XC9cL2NhbXBpbmdwYXJjb2FkYW1lbGxvLml0XC93cC1jb250ZW50XC91cGxvYWRzXC8yMDI1XC8wNlwvYXBwYXJ0YW1lbnRpLTEzMTQtZS0xNS1kYS0xLWEtNS1wb3N0aS1sZXR0by1jYW1waW5nLXBhcmNvLWFkYW1lbGxvLXZhbC1yZW5kZW5hLXBpbnpvbG8tOS1zY2FsZWQud2VicCIsInNsaWRlc2hvdyI6ImJkMmZlOTQifQ%3D%3D\" href=\"https:\/\/campingparcoadamello.it\/wp-content\/uploads\/2025\/06\/appartamenti-1314-e-15-da-1-a-5-posti-letto-camping-parco-adamello-val-rendena-pinzolo-9-scaled.webp\" class=\"elementor-clickable pp-image-slider-slide-link\"><div class=\"pp-image-slider-thumb-item pp-image pp-ins-filter-hover\"><div class=\"pp-image-slider-thumb-image pp-ins-filter-target\" style=\"background-image:url(https:\/\/campingparcoadamello.it\/wp-content\/uploads\/2025\/06\/appartamenti-1314-e-15-da-1-a-5-posti-letto-camping-parco-adamello-val-rendena-pinzolo-9-1024x803.webp)\"><\/div><div class=\"pp-image-slider-thumb-overlay pp-media-overlay\"><\/div><\/div><\/a>\t\t\t<\/div>\n\t\t\t\t\t\t<div class=\"pp-image-slider-thumb-item-wrap pp-swiper-slide swiper-slide\">\n\t\t\t\t<a data-elementor-open-lightbox=\"yes\" data-elementor-lightbox-slideshow=\"bd2fe94\" data-elementor-lightbox-title=\"appartamenti 13,14 e 15 da 1 a 5 posti letto camping parco adamello val rendena pinzolo (10)\" data-elementor-lightbox-description=\"appartamenti 13,14 e 15 da 1 a 5 posti letto camping parco adamello val rendena pinzolo (10)\" data-e-action-hash=\"#elementor-action%3Aaction%3Dlightbox%26settings%3DeyJpZCI6NTg0MSwidXJsIjoiaHR0cHM6XC9cL2NhbXBpbmdwYXJjb2FkYW1lbGxvLml0XC93cC1jb250ZW50XC91cGxvYWRzXC8yMDI1XC8wNlwvYXBwYXJ0YW1lbnRpLTEzMTQtZS0xNS1kYS0xLWEtNS1wb3N0aS1sZXR0by1jYW1waW5nLXBhcmNvLWFkYW1lbGxvLXZhbC1yZW5kZW5hLXBpbnpvbG8tMTAtc2NhbGVkLndlYnAiLCJzbGlkZXNob3ciOiJiZDJmZTk0In0%3D\" href=\"https:\/\/campingparcoadamello.it\/wp-content\/uploads\/2025\/06\/appartamenti-1314-e-15-da-1-a-5-posti-letto-camping-parco-adamello-val-rendena-pinzolo-10-scaled.webp\" class=\"elementor-clickable pp-image-slider-slide-link\"><div class=\"pp-image-slider-thumb-item pp-image pp-ins-filter-hover\"><div class=\"pp-image-slider-thumb-image pp-ins-filter-target\" style=\"background-image:url(https:\/\/campingparcoadamello.it\/wp-content\/uploads\/2025\/06\/appartamenti-1314-e-15-da-1-a-5-posti-letto-camping-parco-adamello-val-rendena-pinzolo-10-1024x929.webp)\"><\/div><div class=\"pp-image-slider-thumb-overlay pp-media-overlay\"><\/div><\/div><\/a>\t\t\t<\/div>\n\t\t\t\t\t\t<div class=\"pp-image-slider-thumb-item-wrap pp-swiper-slide swiper-slide\">\n\t\t\t\t<a data-elementor-open-lightbox=\"yes\" data-elementor-lightbox-slideshow=\"bd2fe94\" data-elementor-lightbox-title=\"Appartamenti 13 14 15 da 1 a 5 posti letto Camping Parco Adamello Pinzolo Carisolo (6)\" data-e-action-hash=\"#elementor-action%3Aaction%3Dlightbox%26settings%3DeyJpZCI6MjQzLCJ1cmwiOiJodHRwczpcL1wvY2FtcGluZ3BhcmNvYWRhbWVsbG8uaXRcL3dwLWNvbnRlbnRcL3VwbG9hZHNcLzIwMjRcLzAxXC9BcHBhcnRhbWVudGktMTMtMTQtMTUtZGEtMS1hLTUtcG9zdGktbGV0dG8tQ2FtcGluZy1QYXJjby1BZGFtZWxsby1QaW56b2xvLUNhcmlzb2xvLTYud2VicCIsInNsaWRlc2hvdyI6ImJkMmZlOTQifQ%3D%3D\" href=\"https:\/\/campingparcoadamello.it\/wp-content\/uploads\/2024\/01\/Appartamenti-13-14-15-da-1-a-5-posti-letto-Camping-Parco-Adamello-Pinzolo-Carisolo-6.webp\" class=\"elementor-clickable pp-image-slider-slide-link\"><div class=\"pp-image-slider-thumb-item pp-image pp-ins-filter-hover\"><div class=\"pp-image-slider-thumb-image pp-ins-filter-target\" style=\"background-image:url(https:\/\/campingparcoadamello.it\/wp-content\/uploads\/2024\/01\/Appartamenti-13-14-15-da-1-a-5-posti-letto-Camping-Parco-Adamello-Pinzolo-Carisolo-6-1024x829.webp)\"><\/div><div class=\"pp-image-slider-thumb-overlay pp-media-overlay\"><\/div><\/div><\/a>\t\t\t<\/div>\n\t\t\t\t\t\t<div class=\"pp-image-slider-thumb-item-wrap pp-swiper-slide swiper-slide\">\n\t\t\t\t<a data-elementor-open-lightbox=\"yes\" data-elementor-lightbox-slideshow=\"bd2fe94\" data-elementor-lightbox-title=\"Appartamenti 13 14 15 da 1 a 5 posti letto Camping Parco Adamello Pinzolo Carisolo (7)\" data-e-action-hash=\"#elementor-action%3Aaction%3Dlightbox%26settings%3DeyJpZCI6MjQ0LCJ1cmwiOiJodHRwczpcL1wvY2FtcGluZ3BhcmNvYWRhbWVsbG8uaXRcL3dwLWNvbnRlbnRcL3VwbG9hZHNcLzIwMjRcLzAxXC9BcHBhcnRhbWVudGktMTMtMTQtMTUtZGEtMS1hLTUtcG9zdGktbGV0dG8tQ2FtcGluZy1QYXJjby1BZGFtZWxsby1QaW56b2xvLUNhcmlzb2xvLTcud2VicCIsInNsaWRlc2hvdyI6ImJkMmZlOTQifQ%3D%3D\" href=\"https:\/\/campingparcoadamello.it\/wp-content\/uploads\/2024\/01\/Appartamenti-13-14-15-da-1-a-5-posti-letto-Camping-Parco-Adamello-Pinzolo-Carisolo-7.webp\" class=\"elementor-clickable pp-image-slider-slide-link\"><div class=\"pp-image-slider-thumb-item pp-image pp-ins-filter-hover\"><div class=\"pp-image-slider-thumb-image pp-ins-filter-target\" style=\"background-image:url(https:\/\/campingparcoadamello.it\/wp-content\/uploads\/2024\/01\/Appartamenti-13-14-15-da-1-a-5-posti-letto-Camping-Parco-Adamello-Pinzolo-Carisolo-7-1024x925.webp)\"><\/div><div class=\"pp-image-slider-thumb-overlay pp-media-overlay\"><\/div><\/div><\/a>\t\t\t<\/div>\n\t\t\t\t\t\t<div class=\"pp-image-slider-thumb-item-wrap pp-swiper-slide swiper-slide\">\n\t\t\t\t<a data-elementor-open-lightbox=\"yes\" data-elementor-lightbox-slideshow=\"bd2fe94\" data-elementor-lightbox-title=\"Appartamenti 13 14 15 da 1 a 5 posti letto Camping Parco Adamello Pinzolo Carisolo (2)\" data-e-action-hash=\"#elementor-action%3Aaction%3Dlightbox%26settings%3DeyJpZCI6MjM5LCJ1cmwiOiJodHRwczpcL1wvY2FtcGluZ3BhcmNvYWRhbWVsbG8uaXRcL3dwLWNvbnRlbnRcL3VwbG9hZHNcLzIwMjRcLzAxXC9BcHBhcnRhbWVudGktMTMtMTQtMTUtZGEtMS1hLTUtcG9zdGktbGV0dG8tQ2FtcGluZy1QYXJjby1BZGFtZWxsby1QaW56b2xvLUNhcmlzb2xvLTIud2VicCIsInNsaWRlc2hvdyI6ImJkMmZlOTQifQ%3D%3D\" href=\"https:\/\/campingparcoadamello.it\/wp-content\/uploads\/2024\/01\/Appartamenti-13-14-15-da-1-a-5-posti-letto-Camping-Parco-Adamello-Pinzolo-Carisolo-2.webp\" class=\"elementor-clickable pp-image-slider-slide-link\"><div class=\"pp-image-slider-thumb-item pp-image pp-ins-filter-hover\"><div class=\"pp-image-slider-thumb-image pp-ins-filter-target\" style=\"background-image:url(https:\/\/campingparcoadamello.it\/wp-content\/uploads\/2024\/01\/Appartamenti-13-14-15-da-1-a-5-posti-letto-Camping-Parco-Adamello-Pinzolo-Carisolo-2-1024x561.webp)\"><\/div><div class=\"pp-image-slider-thumb-overlay pp-media-overlay\"><\/div><\/div><\/a>\t\t\t<\/div>\n\t\t\t\t\t\t<div class=\"pp-image-slider-thumb-item-wrap pp-swiper-slide swiper-slide\">\n\t\t\t\t<a data-elementor-open-lightbox=\"yes\" data-elementor-lightbox-slideshow=\"bd2fe94\" data-elementor-lightbox-title=\"appartamenti 13,14 e 15 da 1 a 5 posti letto camping parco adamello val rendena pinzolo (1)\" data-elementor-lightbox-description=\"appartamenti 13,14 e 15 da 1 a 5 posti letto camping parco adamello val rendena pinzolo (1)\" data-e-action-hash=\"#elementor-action%3Aaction%3Dlightbox%26settings%3DeyJpZCI6NTg0MiwidXJsIjoiaHR0cHM6XC9cL2NhbXBpbmdwYXJjb2FkYW1lbGxvLml0XC93cC1jb250ZW50XC91cGxvYWRzXC8yMDI1XC8wNlwvYXBwYXJ0YW1lbnRpLTEzMTQtZS0xNS1kYS0xLWEtNS1wb3N0aS1sZXR0by1jYW1waW5nLXBhcmNvLWFkYW1lbGxvLXZhbC1yZW5kZW5hLXBpbnpvbG8tMS53ZWJwIiwic2xpZGVzaG93IjoiYmQyZmU5NCJ9\" href=\"https:\/\/campingparcoadamello.it\/wp-content\/uploads\/2025\/06\/appartamenti-1314-e-15-da-1-a-5-posti-letto-camping-parco-adamello-val-rendena-pinzolo-1.webp\" class=\"elementor-clickable pp-image-slider-slide-link\"><div class=\"pp-image-slider-thumb-item pp-image pp-ins-filter-hover\"><div class=\"pp-image-slider-thumb-image pp-ins-filter-target\" style=\"background-image:url(https:\/\/campingparcoadamello.it\/wp-content\/uploads\/2025\/06\/appartamenti-1314-e-15-da-1-a-5-posti-letto-camping-parco-adamello-val-rendena-pinzolo-1.webp)\"><\/div><div class=\"pp-image-slider-thumb-overlay pp-media-overlay\"><\/div><\/div><\/a>\t\t\t<\/div>\n\t\t\t\t\t\t<div class=\"pp-image-slider-thumb-item-wrap pp-swiper-slide swiper-slide\">\n\t\t\t\t<a data-elementor-open-lightbox=\"yes\" data-elementor-lightbox-slideshow=\"bd2fe94\" data-elementor-lightbox-title=\"Appartamenti 13 14 15 da 1 a 5 posti letto Camping Parco Adamello Pinzolo Carisolo (13)\" data-e-action-hash=\"#elementor-action%3Aaction%3Dlightbox%26settings%3DeyJpZCI6MjUwLCJ1cmwiOiJodHRwczpcL1wvY2FtcGluZ3BhcmNvYWRhbWVsbG8uaXRcL3dwLWNvbnRlbnRcL3VwbG9hZHNcLzIwMjRcLzAxXC9BcHBhcnRhbWVudGktMTMtMTQtMTUtZGEtMS1hLTUtcG9zdGktbGV0dG8tQ2FtcGluZy1QYXJjby1BZGFtZWxsby1QaW56b2xvLUNhcmlzb2xvLTEzLndlYnAiLCJzbGlkZXNob3ciOiJiZDJmZTk0In0%3D\" href=\"https:\/\/campingparcoadamello.it\/wp-content\/uploads\/2024\/01\/Appartamenti-13-14-15-da-1-a-5-posti-letto-Camping-Parco-Adamello-Pinzolo-Carisolo-13.webp\" class=\"elementor-clickable pp-image-slider-slide-link\"><div class=\"pp-image-slider-thumb-item pp-image pp-ins-filter-hover\"><div class=\"pp-image-slider-thumb-image pp-ins-filter-target\" style=\"background-image:url(https:\/\/campingparcoadamello.it\/wp-content\/uploads\/2024\/01\/Appartamenti-13-14-15-da-1-a-5-posti-letto-Camping-Parco-Adamello-Pinzolo-Carisolo-13-1024x768.webp)\"><\/div><div class=\"pp-image-slider-thumb-overlay pp-media-overlay\"><\/div><\/div><\/a>\t\t\t<\/div>\n\t\t\t\t\t\t<div class=\"pp-image-slider-thumb-item-wrap pp-swiper-slide swiper-slide\">\n\t\t\t\t<a data-elementor-open-lightbox=\"yes\" data-elementor-lightbox-slideshow=\"bd2fe94\" data-elementor-lightbox-title=\"Appartamenti 13 14 15 da 1 a 5 posti letto Camping Parco Adamello Pinzolo Carisolo (4)\" data-e-action-hash=\"#elementor-action%3Aaction%3Dlightbox%26settings%3DeyJpZCI6MjQxLCJ1cmwiOiJodHRwczpcL1wvY2FtcGluZ3BhcmNvYWRhbWVsbG8uaXRcL3dwLWNvbnRlbnRcL3VwbG9hZHNcLzIwMjRcLzAxXC9BcHBhcnRhbWVudGktMTMtMTQtMTUtZGEtMS1hLTUtcG9zdGktbGV0dG8tQ2FtcGluZy1QYXJjby1BZGFtZWxsby1QaW56b2xvLUNhcmlzb2xvLTQud2VicCIsInNsaWRlc2hvdyI6ImJkMmZlOTQifQ%3D%3D\" href=\"https:\/\/campingparcoadamello.it\/wp-content\/uploads\/2024\/01\/Appartamenti-13-14-15-da-1-a-5-posti-letto-Camping-Parco-Adamello-Pinzolo-Carisolo-4.webp\" class=\"elementor-clickable pp-image-slider-slide-link\"><div class=\"pp-image-slider-thumb-item pp-image pp-ins-filter-hover\"><div class=\"pp-image-slider-thumb-image pp-ins-filter-target\" style=\"background-image:url(https:\/\/campingparcoadamello.it\/wp-content\/uploads\/2024\/01\/Appartamenti-13-14-15-da-1-a-5-posti-letto-Camping-Parco-Adamello-Pinzolo-Carisolo-4-1024x620.webp)\"><\/div><div class=\"pp-image-slider-thumb-overlay pp-media-overlay\"><\/div><\/div><\/a>\t\t\t<\/div>\n\t\t\t\t\t\t<div class=\"pp-image-slider-thumb-item-wrap pp-swiper-slide swiper-slide\">\n\t\t\t\t<a data-elementor-open-lightbox=\"yes\" data-elementor-lightbox-slideshow=\"bd2fe94\" data-elementor-lightbox-title=\"Appartamenti 13 14 15 da 1 a 5 posti letto Camping Parco Adamello Pinzolo Carisolo (3)\" data-e-action-hash=\"#elementor-action%3Aaction%3Dlightbox%26settings%3DeyJpZCI6MjQwLCJ1cmwiOiJodHRwczpcL1wvY2FtcGluZ3BhcmNvYWRhbWVsbG8uaXRcL3dwLWNvbnRlbnRcL3VwbG9hZHNcLzIwMjRcLzAxXC9BcHBhcnRhbWVudGktMTMtMTQtMTUtZGEtMS1hLTUtcG9zdGktbGV0dG8tQ2FtcGluZy1QYXJjby1BZGFtZWxsby1QaW56b2xvLUNhcmlzb2xvLTMud2VicCIsInNsaWRlc2hvdyI6ImJkMmZlOTQifQ%3D%3D\" href=\"https:\/\/campingparcoadamello.it\/wp-content\/uploads\/2024\/01\/Appartamenti-13-14-15-da-1-a-5-posti-letto-Camping-Parco-Adamello-Pinzolo-Carisolo-3.webp\" class=\"elementor-clickable pp-image-slider-slide-link\"><div class=\"pp-image-slider-thumb-item pp-image pp-ins-filter-hover\"><div class=\"pp-image-slider-thumb-image pp-ins-filter-target\" style=\"background-image:url(https:\/\/campingparcoadamello.it\/wp-content\/uploads\/2024\/01\/Appartamenti-13-14-15-da-1-a-5-posti-letto-Camping-Parco-Adamello-Pinzolo-Carisolo-3-1024x745.webp)\"><\/div><div class=\"pp-image-slider-thumb-overlay pp-media-overlay\"><\/div><\/div><\/a>\t\t\t<\/div>\n\t\t\t\t\t\t<div class=\"pp-image-slider-thumb-item-wrap pp-swiper-slide swiper-slide\">\n\t\t\t\t<a data-elementor-open-lightbox=\"yes\" data-elementor-lightbox-slideshow=\"bd2fe94\" data-elementor-lightbox-title=\"appartamenti 13,14 e 15 da 1 a 5 posti letto camping parco adamello val rendena pinzolo (5)\" data-elementor-lightbox-description=\"appartamenti 13,14 e 15 da 1 a 5 posti letto camping parco adamello val rendena pinzolo (5)\" data-e-action-hash=\"#elementor-action%3Aaction%3Dlightbox%26settings%3DeyJpZCI6NTgzMywidXJsIjoiaHR0cHM6XC9cL2NhbXBpbmdwYXJjb2FkYW1lbGxvLml0XC93cC1jb250ZW50XC91cGxvYWRzXC8yMDI1XC8wNlwvYXBwYXJ0YW1lbnRpLTEzMTQtZS0xNS1kYS0xLWEtNS1wb3N0aS1sZXR0by1jYW1waW5nLXBhcmNvLWFkYW1lbGxvLXZhbC1yZW5kZW5hLXBpbnpvbG8tNS1zY2FsZWQud2VicCIsInNsaWRlc2hvdyI6ImJkMmZlOTQifQ%3D%3D\" href=\"https:\/\/campingparcoadamello.it\/wp-content\/uploads\/2025\/06\/appartamenti-1314-e-15-da-1-a-5-posti-letto-camping-parco-adamello-val-rendena-pinzolo-5-scaled.webp\" class=\"elementor-clickable pp-image-slider-slide-link\"><div class=\"pp-image-slider-thumb-item pp-image pp-ins-filter-hover\"><div class=\"pp-image-slider-thumb-image pp-ins-filter-target\" style=\"background-image:url(https:\/\/campingparcoadamello.it\/wp-content\/uploads\/2025\/06\/appartamenti-1314-e-15-da-1-a-5-posti-letto-camping-parco-adamello-val-rendena-pinzolo-5-1024x768.webp)\"><\/div><div class=\"pp-image-slider-thumb-overlay pp-media-overlay\"><\/div><\/div><\/a>\t\t\t<\/div>\n\t\t\t\t\t\t<div class=\"pp-image-slider-thumb-item-wrap pp-swiper-slide swiper-slide\">\n\t\t\t\t<a data-elementor-open-lightbox=\"yes\" data-elementor-lightbox-slideshow=\"bd2fe94\" data-elementor-lightbox-title=\"20260403 103620\" data-elementor-lightbox-description=\"20260403 103620\" data-e-action-hash=\"#elementor-action%3Aaction%3Dlightbox%26settings%3DeyJpZCI6MTM3MzAsInVybCI6Imh0dHBzOlwvXC9jYW1waW5ncGFyY29hZGFtZWxsby5pdFwvd3AtY29udGVudFwvdXBsb2Fkc1wvMjAyNlwvMDRcLzIwMjYwNDAzXzEwMzYyMC1zY2FsZWQud2VicCIsInNsaWRlc2hvdyI6ImJkMmZlOTQifQ%3D%3D\" href=\"https:\/\/campingparcoadamello.it\/wp-content\/uploads\/2026\/04\/20260403_103620-scaled.webp\" class=\"elementor-clickable pp-image-slider-slide-link\"><div class=\"pp-image-slider-thumb-item pp-image pp-ins-filter-hover\"><div class=\"pp-image-slider-thumb-image pp-ins-filter-target\" style=\"background-image:url(https:\/\/campingparcoadamello.it\/wp-content\/uploads\/2026\/04\/20260403_103620-1024x674.webp)\"><\/div><div class=\"pp-image-slider-thumb-overlay pp-media-overlay\"><\/div><\/div><\/a>\t\t\t<\/div>\n\t\t\t\t\t\t<div class=\"pp-image-slider-thumb-item-wrap pp-swiper-slide swiper-slide\">\n\t\t\t\t<a data-elementor-open-lightbox=\"yes\" data-elementor-lightbox-slideshow=\"bd2fe94\" data-elementor-lightbox-title=\"20260403 103558\" data-elementor-lightbox-description=\"20260403 103558\" data-e-action-hash=\"#elementor-action%3Aaction%3Dlightbox%26settings%3DeyJpZCI6MTM3MzEsInVybCI6Imh0dHBzOlwvXC9jYW1waW5ncGFyY29hZGFtZWxsby5pdFwvd3AtY29udGVudFwvdXBsb2Fkc1wvMjAyNlwvMDRcLzIwMjYwNDAzXzEwMzU1OC1zY2FsZWQuanBnIiwic2xpZGVzaG93IjoiYmQyZmU5NCJ9\" href=\"https:\/\/campingparcoadamello.it\/wp-content\/uploads\/2026\/04\/20260403_103558-scaled.jpg\" class=\"elementor-clickable pp-image-slider-slide-link\"><div class=\"pp-image-slider-thumb-item pp-image pp-ins-filter-hover\"><div class=\"pp-image-slider-thumb-image pp-ins-filter-target\" style=\"background-image:url(https:\/\/campingparcoadamello.it\/wp-content\/uploads\/2026\/04\/20260403_103558-768x1024.jpg)\"><\/div><div class=\"pp-image-slider-thumb-overlay pp-media-overlay\"><\/div><\/div><\/a>\t\t\t<\/div>\n\t\t\t\t\t\t<div class=\"pp-image-slider-thumb-item-wrap pp-swiper-slide swiper-slide\">\n\t\t\t\t<a data-elementor-open-lightbox=\"yes\" data-elementor-lightbox-slideshow=\"bd2fe94\" data-elementor-lightbox-title=\"20260403 103544\" data-elementor-lightbox-description=\"20260403 103544\" data-e-action-hash=\"#elementor-action%3Aaction%3Dlightbox%26settings%3DeyJpZCI6MTM3MzIsInVybCI6Imh0dHBzOlwvXC9jYW1waW5ncGFyY29hZGFtZWxsby5pdFwvd3AtY29udGVudFwvdXBsb2Fkc1wvMjAyNlwvMDRcLzIwMjYwNDAzXzEwMzU0NC1zY2FsZWQud2VicCIsInNsaWRlc2hvdyI6ImJkMmZlOTQifQ%3D%3D\" href=\"https:\/\/campingparcoadamello.it\/wp-content\/uploads\/2026\/04\/20260403_103544-scaled.webp\" class=\"elementor-clickable pp-image-slider-slide-link\"><div class=\"pp-image-slider-thumb-item pp-image pp-ins-filter-hover\"><div class=\"pp-image-slider-thumb-image pp-ins-filter-target\" style=\"background-image:url(https:\/\/campingparcoadamello.it\/wp-content\/uploads\/2026\/04\/20260403_103544-1024x945.webp)\"><\/div><div class=\"pp-image-slider-thumb-overlay pp-media-overlay\"><\/div><\/div><\/a>\t\t\t<\/div>\n\t\t\t\t\t\t<div class=\"pp-image-slider-thumb-item-wrap pp-swiper-slide swiper-slide\">\n\t\t\t\t<a data-elementor-open-lightbox=\"yes\" data-elementor-lightbox-slideshow=\"bd2fe94\" data-elementor-lightbox-title=\"20260403 103329\" data-elementor-lightbox-description=\"20260403 103329\" data-e-action-hash=\"#elementor-action%3Aaction%3Dlightbox%26settings%3DeyJpZCI6MTM3MzMsInVybCI6Imh0dHBzOlwvXC9jYW1waW5ncGFyY29hZGFtZWxsby5pdFwvd3AtY29udGVudFwvdXBsb2Fkc1wvMjAyNlwvMDRcLzIwMjYwNDAzXzEwMzMyOS1zY2FsZWQud2VicCIsInNsaWRlc2hvdyI6ImJkMmZlOTQifQ%3D%3D\" href=\"https:\/\/campingparcoadamello.it\/wp-content\/uploads\/2026\/04\/20260403_103329-scaled.webp\" class=\"elementor-clickable pp-image-slider-slide-link\"><div class=\"pp-image-slider-thumb-item pp-image pp-ins-filter-hover\"><div class=\"pp-image-slider-thumb-image pp-ins-filter-target\" style=\"background-image:url(https:\/\/campingparcoadamello.it\/wp-content\/uploads\/2026\/04\/20260403_103329-1024x502.webp)\"><\/div><div class=\"pp-image-slider-thumb-overlay pp-media-overlay\"><\/div><\/div><\/a>\t\t\t<\/div>\n\t\t\t\t\t\t\t\t\t<\/div>\n\t\t\t\t\t<\/div>\n\t\t\t\t\t\t\t\t\t<div class=\"pp-slider-arrow elementor-swiper-button-prev swiper-button-prev-bd2fe94\" role=\"button\" tabindex=\"0\">\n\t\t\t\t\t<svg aria-hidden=\"true\" class=\"e-font-icon-svg e-fas-angle-left\" viewbox=\"0 0 256 512\" xmlns=\"http:\/\/www.w3.org\/2000\/svg\"><path d=\"M31.7 239l136-136c9.4-9.4 24.6-9.4 33.9 0l22.6 22.6c9.4 9.4 9.4 24.6 0 33.9L127.9 256l96.4 96.4c9.4 9.4 9.4 24.6 0 33.9L201.7 409c-9.4 9.4-24.6 9.4-33.9 0l-136-136c-9.5-9.4-9.5-24.6-.1-34z\"><\/path><\/svg>\t\t\t\t<\/div>\n\t\t\t\t<div class=\"pp-slider-arrow elementor-swiper-button-next swiper-button-next-bd2fe94\" role=\"button\" tabindex=\"0\">\n\t\t\t\t\t<svg aria-hidden=\"true\" class=\"e-font-icon-svg e-fas-angle-right\" viewbox=\"0 0 256 512\" xmlns=\"http:\/\/www.w3.org\/2000\/svg\"><path d=\"M224.3 273l-136 136c-9.4 9.4-24.6 9.4-33.9 0l-22.6-22.6c-9.4-9.4-9.4-24.6 0-33.9l96.4-96.4-96.4-96.4c-9.4-9.4-9.4-24.6 0-33.9L54.3 103c9.4-9.4 24.6-9.4 33.9 0l136 136c9.5 9.4 9.5 24.6.1 34z\"><\/path><\/svg>\t\t\t\t<\/div>\n\t\t\t\t\t\t\t<\/div>\n\t\t\t<\/div>\n\t\t\t\t\t<\/div>\n\t\t\t\t\t\t\t<\/div>\n\t\t\t\t<\/div>\n\t\t<div class=\"elementor-element elementor-element-726a3ff e-con-full e-flex e-con e-child\" data-id=\"726a3ff\" data-element_type=\"container\" data-e-type=\"container\">\n\t\t\t\t<div class=\"elementor-element elementor-element-cd9a9e0 elementor-widget elementor-widget-heading\" data-id=\"cd9a9e0\" data-element_type=\"widget\" data-e-type=\"widget\" data-widget_type=\"heading.default\">\n\t\t\t\t\t<h2 class=\"elementor-heading-title elementor-size-default\">Wohnungen 13,14 und 15 <br>1 bis 5 Betten<\/h2>\t\t\t\t<\/div>\n\t\t\t\t<div class=\"elementor-element elementor-element-2598873 elementor-widget elementor-widget-text-editor\" data-id=\"2598873\" data-element_type=\"widget\" data-e-type=\"widget\" data-widget_type=\"text-editor.default\">\n\t\t\t\t\t\t\t\t\t<p><strong>Wohnungen 13, 14 und 15<\/strong> bieten ein perfektes Gleichgewicht zwischen rustikaler Eleganz und modernem Komfort. Jeder Raum ist <strong>liebevoll eingerichtet<\/strong> mit Holzelementen, die das Wesen des Berges widerspiegeln, w\u00e4hrend die <strong>moderne Annehmlichkeiten<\/strong> garantieren einen sorglosen Aufenthalt. Mit <strong>Kapazit\u00e4t f\u00fcr bis zu 5 G\u00e4ste<\/strong>Diese Unterk\u00fcnfte sind ideal f\u00fcr Paare, Familien oder kleine Gruppen. Der gem\u00fctliche und ruhige Schlafbereich verf\u00fcgt \u00fcber ein Doppel- und ein Einzelbett, w\u00e4hrend im Wohnzimmer ein bequemes ausziehbares Sofa zwei bequeme Einzelbetten f\u00fcr einen erholsamen Schlaf nach abenteuerlichen Tagen im Freien bietet. Die Kochnischen sind <strong>voll ausgestattet<\/strong>bereit, um schmackhafte Mahlzeiten oder einfache Snacks zuzubereiten. Die warme und einladende Atmosph\u00e4re wird durch dekorative Details noch verst\u00e4rkt, die die Liebe zur Natur und zur alpinen Umgebung widerspiegeln.<\/p>\t\t\t\t\t\t\t\t<\/div>\n\t\t<div class=\"elementor-element elementor-element-db8a3a9 e-flex e-con-boxed e-con e-child\" data-id=\"db8a3a9\" data-element_type=\"container\" data-e-type=\"container\">\n\t\t\t\t\t<div class=\"e-con-inner\">\n\t\t\t\t<div class=\"elementor-element elementor-element-ad4323a elementor-widget elementor-widget-button\" data-id=\"ad4323a\" data-element_type=\"widget\" data-e-type=\"widget\" data-widget_type=\"button.default\">\n\t\t\t\t\t\t\t\t\t\t<a class=\"elementor-button elementor-button-link elementor-size-sm elementor-animation-grow\" href=\"#video\">\n\t\t\t\t\t\t<span class=\"elementor-button-content-wrapper\">\n\t\t\t\t\t\t\t\t\t<span class=\"elementor-button-text\">Sehen Sie sich die Videos an<\/span>\n\t\t\t\t\t<\/span>\n\t\t\t\t\t<\/a>\n\t\t\t\t\t\t\t\t<\/div>\n\t\t\t\t<div class=\"elementor-element elementor-element-c3baff6 elementor-widget elementor-widget-button\" data-id=\"c3baff6\" data-element_type=\"widget\" data-e-type=\"widget\" data-widget_type=\"button.default\">\n\t\t\t\t\t\t\t\t\t\t<a class=\"elementor-button elementor-button-link elementor-size-sm elementor-animation-grow\" href=\"https:\/\/campingparcoadamello.it\/de\/contatti\/\">\n\t\t\t\t\t\t<span class=\"elementor-button-content-wrapper\">\n\t\t\t\t\t\t\t\t\t<span class=\"elementor-button-text\">Kontakt<\/span>\n\t\t\t\t\t<\/span>\n\t\t\t\t\t<\/a>\n\t\t\t\t\t\t\t\t<\/div>\n\t\t\t\t\t<\/div>\n\t\t\t\t<\/div>\n\t\t\t\t<\/div>\n\t\t\t\t\t<\/div>\n\t\t\t\t<\/div>\n\t\t<div class=\"elementor-element elementor-element-6825a46 e-flex e-con-boxed e-con e-parent\" data-id=\"6825a46\" data-element_type=\"container\" data-e-type=\"container\">\n\t\t\t\t\t<div class=\"e-con-inner\">\n\t\t<div class=\"elementor-element elementor-element-0f4f408 e-flex e-con-boxed e-con e-child\" data-id=\"0f4f408\" data-element_type=\"container\" data-e-type=\"container\" data-settings=\"{&quot;background_background&quot;:&quot;classic&quot;}\">\n\t\t\t\t\t<div class=\"e-con-inner\">\n\t\t\t\t<div class=\"elementor-element elementor-element-eb585c6 elementor-widget elementor-widget-text-editor\" data-id=\"eb585c6\" data-element_type=\"widget\" data-e-type=\"widget\" data-widget_type=\"text-editor.default\">\n\t\t\t\t\t\t\t\t\t<div class=\"bianco\">CHECK-IN 16:00-20:00<\/div><div class=\"bianco\">CHECK-OUT bis 10:00 Uhr.<\/div><div class=\"bianco\">SOJOURN TAX \u20ac. 1.50 PRO NACHT (nur Erwachsene)<\/div>\t\t\t\t\t\t\t\t<\/div>\n\t\t\t\t\t<\/div>\n\t\t\t\t<\/div>\n\t\t\t\t\t<\/div>\n\t\t\t\t<\/div>\n\t\t<div class=\"elementor-element elementor-element-a363bcb e-flex e-con-boxed e-con e-parent\" data-id=\"a363bcb\" data-element_type=\"container\" data-e-type=\"container\">\n\t\t\t\t\t<div class=\"e-con-inner\">\n\t\t\t\t<div class=\"elementor-element elementor-element-7fc4465 elementor-hidden-desktop elementor-hidden-tablet elementor-hidden-mobile elementor-widget elementor-widget-heading\" data-id=\"7fc4465\" data-element_type=\"widget\" data-e-type=\"widget\" data-widget_type=\"heading.default\">\n\t\t\t\t\t<h2 class=\"elementor-heading-title elementor-size-default\">W\u00f6chentlich 7 N\u00e4chte ab Samstag oder Sonntag <\/h2>\t\t\t\t<\/div>\n\t\t\t\t<div class=\"elementor-element elementor-element-9b66502 elementor-hidden-desktop elementor-hidden-tablet elementor-hidden-mobile elementor-widget elementor-widget-shortcode\" data-id=\"9b66502\" data-element_type=\"widget\" data-e-type=\"widget\" data-widget_type=\"shortcode.default\">\n\t\t\t\t\t\t\t<div class=\"elementor-shortcode\">\n<table id=\"tablepress-2\" class=\"tablepress tablepress-id-2\">\n<thead>\n<tr class=\"row-1\">\n\t<td class=\"column-1\"><\/td><td class=\"column-2\"><\/td><td class=\"column-3\"><\/td><td class=\"column-4\"><\/td><td class=\"column-5\"><\/td><td class=\"column-6\"><\/td>\n<\/tr>\n<\/thead>\n<tbody class=\"row-striping row-hover\">\n<tr class=\"row-2\">\n\t<td class=\"column-1\"><\/td><td class=\"column-2\">1 Person<\/td><td class=\"column-3\">2 Personen<\/td><td class=\"column-4\">3 Personen<\/td><td class=\"column-5\">4 Personen<\/td><td class=\"column-6\">5 Personen<\/td>\n<\/tr>\n<tr class=\"row-3\">\n\t<td class=\"column-1\">Nebensaison<\/td><td class=\"column-2\">\u20ac 400,00<\/td><td class=\"column-3\">\u20ac 500,00<\/td><td class=\"column-4\">\u20ac 600,00<\/td><td class=\"column-5\">\u20ac 700,00<\/td><td class=\"column-6\">\u20ac 800,00<\/td>\n<\/tr>\n<tr class=\"row-4\">\n\t<td class=\"column-1\">Zwischensaison<\/td><td class=\"column-2\">\u20ac 700,00<\/td><td class=\"column-3\">\u20ac 800,00<\/td><td class=\"column-4\">\u20ac 900,00<\/td><td class=\"column-5\">\u20ac 1000,00<\/td><td class=\"column-6\">\u20ac 1100,00<\/td>\n<\/tr>\n<tr class=\"row-5\">\n\t<td class=\"column-1\">Hochsaison<\/td><td class=\"column-2\">\u20ac 1100,00<\/td><td class=\"column-3\">\u20ac 1200,00<\/td><td class=\"column-4\">\u20ac 1300,00<\/td><td class=\"column-5\">\u20ac 1400,00<\/td><td class=\"column-6\">\u20ac 1500,00<\/td>\n<\/tr>\n<tr class=\"row-6\">\n\t<td class=\"column-1\">Tiere<\/td><td class=\"column-2\">\u20ac 50,00 CAD.<\/td><td class=\"column-3\"><\/td><td class=\"column-4\"><\/td><td class=\"column-5\"><\/td><td class=\"column-6\"><\/td>\n<\/tr>\n<\/tbody>\n<\/table>\n<\/div>\n\t\t\t\t\t\t<\/div>\n\t\t\t\t<div class=\"elementor-element elementor-element-b36c382 elementor-widget elementor-widget-text-editor\" data-id=\"b36c382\" data-element_type=\"widget\" data-e-type=\"widget\" data-widget_type=\"text-editor.default\">\n\t\t\t\t\t\t\t\t\t<p data-start=\"135\" data-end=\"352\">Durante l\u2019<strong data-start=\"145\" data-end=\"172\">Winterhochsaison<\/strong> und in <strong data-start=\"178\" data-end=\"197\">luglio \u2013 agosto<\/strong>, accettiamo <strong data-start=\"210\" data-end=\"253\">esclusivamente prenotazioni settimanali<\/strong> da <strong data-start=\"257\" data-end=\"267\">sabato<\/strong> o da <strong data-start=\"273\" data-end=\"285\">domenica<\/strong>. Nei <strong data-start=\"291\" data-end=\"311\">restanti periodi<\/strong>, sono possibili soggiorni a <strong data-start=\"340\" data-end=\"349\">notte<\/strong>.<\/p><p data-start=\"354\" data-end=\"579\">Gli <strong data-start=\"358\" data-end=\"374\">Wohnungen<\/strong>, situati all\u2019interno dello <strong data-start=\"402\" data-end=\"434\">stabile centrale del camping<\/strong>, sono costruiti in muratura e includono un <strong data-start=\"478\" data-end=\"507\">salotto con angolo cucina<\/strong>, <strong data-start=\"509\" data-end=\"533\">bagno con box doccia<\/strong> und eine <strong data-start=\"539\" data-end=\"576\">soppalco openspace con zona notte<\/strong>.<\/p><ul data-start=\"581\" data-end=\"1328\"><li data-start=\"581\" data-end=\"716\"><p data-start=\"583\" data-end=\"716\">L\u2019<strong data-start=\"585\" data-end=\"591\">A7<\/strong> bietet eine <strong data-start=\"601\" data-end=\"620\">divano classico<\/strong> nel salotto, permettendo una configurazione da <strong data-start=\"668\" data-end=\"689\">1 a 3 posti letto<\/strong> (3 singoli su soppalco).<\/p><\/li><li data-start=\"717\" data-end=\"883\"><p data-start=\"719\" data-end=\"883\">Gli <strong data-start=\"723\" data-end=\"739\">A5, A9 e A12<\/strong> presentano la stessa tipologia di salotto con la possibilit\u00e0 di ospitare fino a <strong data-start=\"820\" data-end=\"833\">3 persone<\/strong> (<strong data-start=\"835\" data-end=\"879\">letto matrimoniale + singolo su soppalco<\/strong>).<\/p><\/li><li data-start=\"884\" data-end=\"1097\"><p data-start=\"886\" data-end=\"1097\">Per gli <strong data-start=\"894\" data-end=\"907\">A10 e A11<\/strong>, il salotto \u00e8 dotato di un <strong data-start=\"935\" data-end=\"964\">divano letto matrimoniale<\/strong>, consentendo una configurazione fino a <strong data-start=\"1004\" data-end=\"1021\">5 posti letto<\/strong> (<strong data-start=\"1023\" data-end=\"1093\">letto matrimoniale + singolo su soppalco + matrimoniale in salotto<\/strong>).<\/p><\/li><li data-start=\"1098\" data-end=\"1328\"><p data-start=\"1100\" data-end=\"1328\">Negli <strong data-start=\"1106\" data-end=\"1124\">A13, A14 e A15<\/strong>, il salotto presenta un <strong data-start=\"1149\" data-end=\"1201\">divano letto in legno con 2 singoli a cassettone<\/strong>, offrendo una configurazione da <strong data-start=\"1234\" data-end=\"1255\">1 a 5 posti letto<\/strong> (<strong data-start=\"1257\" data-end=\"1324\">letto matrimoniale + singolo su soppalco + 2 singoli in salotto<\/strong>).<\/p><\/li><\/ul><p data-start=\"1330\" data-end=\"1369\">Ogni appartamento \u00e8 equipaggiato con:<\/p><ul data-start=\"1370\" data-end=\"1544\"><li data-start=\"1370\" data-end=\"1430\"><p data-start=\"1372\" data-end=\"1430\"><strong data-start=\"1372\" data-end=\"1378\">TV<\/strong>, <strong data-start=\"1380\" data-end=\"1393\">microonde<\/strong>, <strong data-start=\"1395\" data-end=\"1428\">macchina da caff\u00e8 Dolce Gusto<\/strong><\/p><\/li><li data-start=\"1431\" data-end=\"1503\"><p data-start=\"1433\" data-end=\"1503\">stoviglie, pentolame, coperte e cuscini adeguati al numero di ospiti<\/p><\/li><li data-start=\"1504\" data-end=\"1544\"><p data-start=\"1506\" data-end=\"1544\"><strong data-start=\"1506\" data-end=\"1542\">una coperta aggiuntiva per letto<\/strong><\/p><\/li><\/ul><p data-start=\"1546\" data-end=\"1567\">I prezzi includono:<\/p><ul data-start=\"1568\" data-end=\"1975\"><li data-start=\"1568\" data-end=\"1595\"><p data-start=\"1570\" data-end=\"1595\"><strong data-start=\"1570\" data-end=\"1593\">biancheria da letto<\/strong><\/p><\/li><li data-start=\"1596\" data-end=\"1639\"><p data-start=\"1598\" data-end=\"1639\"><strong data-start=\"1598\" data-end=\"1637\">un set di tre asciugamani a persona<\/strong><\/p><\/li><li data-start=\"1640\" data-end=\"1760\"><p data-start=\"1642\" data-end=\"1760\"><strong data-start=\"1642\" data-end=\"1674\">set di cortesia per il bagno<\/strong> comprensivo di <strong data-start=\"1690\" data-end=\"1698\">phon<\/strong>, oltre a <strong data-start=\"1708\" data-end=\"1758\">scendi doccia, strofinacci da cucina, tovaglia<\/strong><\/p><\/li><li data-start=\"1761\" data-end=\"1860\"><p data-start=\"1763\" data-end=\"1860\"><strong data-start=\"1763\" data-end=\"1800\">kit di benvenuto per la colazione<\/strong> con prodotti confezionati, acqua, succo e cialde da caff\u00e8<\/p><\/li><li data-start=\"1861\" data-end=\"1883\"><p data-start=\"1863\" data-end=\"1883\"><strong data-start=\"1863\" data-end=\"1881\">Endreinigung<\/strong><\/p><\/li><li data-start=\"1884\" data-end=\"1929\"><p data-start=\"1886\" data-end=\"1929\"><strong data-start=\"1886\" data-end=\"1927\">consumi di acqua, luce, riscaldamento<\/strong><\/p><\/li><li data-start=\"1930\" data-end=\"1975\"><p data-start=\"1932\" data-end=\"1975\"><strong data-start=\"1932\" data-end=\"1973\">un parcheggio auto riservato numerato<\/strong><\/p><\/li><\/ul><p data-start=\"1977\" data-end=\"2015\">In camping sono inoltre disponibili:<\/p><ul data-start=\"2016\" data-end=\"2155\"><li data-start=\"2016\" data-end=\"2072\"><p data-start=\"2018\" data-end=\"2072\"><strong data-start=\"2018\" data-end=\"2070\">lavatrici, asciugatrici e lavastoviglie a moneta<\/strong><\/p><\/li><li data-start=\"2073\" data-end=\"2094\"><p data-start=\"2075\" data-end=\"2094\"><strong data-start=\"2075\" data-end=\"2092\">zona barbecue<\/strong><\/p><\/li><li data-start=\"2095\" data-end=\"2127\"><p data-start=\"2097\" data-end=\"2127\"><strong data-start=\"2097\" data-end=\"2125\">Kinderspielplatz<\/strong><\/p><\/li><li data-start=\"2128\" data-end=\"2155\"><p data-start=\"2130\" data-end=\"2155\"><strong data-start=\"2130\" data-end=\"2153\">eingez\u00e4untes Hundegel\u00e4nde<\/strong><\/p><\/li><\/ul><p data-start=\"2157\" data-end=\"2277\">Non offriamo <strong data-start=\"2173\" data-end=\"2222\">servizi di pensione completa o mezza pensione<\/strong> e non disponiamo di <strong data-start=\"2243\" data-end=\"2274\">culle o lettini per neonati<\/strong>.<\/p><p data-start=\"2279\" data-end=\"2395\">I <strong data-start=\"2281\" data-end=\"2329\">prezzi si intendono per posto letto occupato<\/strong>. \u00c8 richiesto di <strong data-start=\"2346\" data-end=\"2392\">smaltire le immondizie prima del check-out<\/strong>.<\/p><p data-start=\"2397\" data-end=\"2674\">Negli appartamenti sono ben accetti i vostri <strong data-start=\"2442\" data-end=\"2461\">amici a 4 zampe<\/strong>.<br data-start=\"2462\" data-end=\"2465\" \/>A <strong data-start=\"2467\" data-end=\"2487\">1 km vom Campingplatz entfernt<\/strong> si trova un <strong data-start=\"2500\" data-end=\"2537\">negozio specializzato per animali<\/strong> und eine <strong data-start=\"2543\" data-end=\"2571\">servizio di toelettatura<\/strong>.<br data-start=\"2572\" data-end=\"2575\" \/>Dal camping \u00e8 possibile l\u2019<strong data-start=\"2601\" data-end=\"2671\">accesso diretto alla pista ciclopedonabile Pinzolo \u2013 Val di Genova<\/strong>.<\/p>\t\t\t\t\t\t\t\t<\/div>\n\t\t\t\t\t<\/div>\n\t\t\t\t<\/div>\n\t\t<div class=\"elementor-element elementor-element-86887a7 e-flex e-con-boxed e-con e-parent\" data-id=\"86887a7\" data-element_type=\"container\" data-e-type=\"container\">\n\t\t\t\t\t<div class=\"e-con-inner\">\n\t\t\t\t<div class=\"elementor-element elementor-element-47a28e1 elementor-widget elementor-widget-heading\" data-id=\"47a28e1\" data-element_type=\"widget\" data-e-type=\"widget\" data-widget_type=\"heading.default\">\n\t\t\t\t\t<h2 class=\"elementor-heading-title elementor-size-default\">PREZZI PER 1 NOTTE  (sconto 10% per soggiorni superiori a 7 notti)<\/h2>\t\t\t\t<\/div>\n\t\t\t\t<div class=\"elementor-element elementor-element-3cfe71f elementor-widget elementor-widget-shortcode\" data-id=\"3cfe71f\" data-element_type=\"widget\" data-e-type=\"widget\" data-widget_type=\"shortcode.default\">\n\t\t\t\t\t\t\t<div class=\"elementor-shortcode\">\n<table id=\"tablepress-3\" class=\"tablepress tablepress-id-3\">\n<thead>\n<tr class=\"row-1\">\n\t<th class=\"column-1\">LISTINO 11.01.2026 \u2013 31,12,2026<br \/>\n<br \/>\nSCHL\u00dcSSE         <br \/>\n26\/04\/2026 h 20:00 -  29\/05\/2026 h 9:00<br \/>\n04\/10\/2026 h 20:00 \u2013 04\/12\/2026 h 9:00<\/th><th class=\"column-2\">NEBENSAISON<br \/>\n08.03.26 \u2013 02.04.26              06.04.26 - 23.04.26     <br \/>\n02.06.26 \u2013 02.07.26              13.09.26 \u2013 04.10.26<br \/>\n<\/th><th class=\"column-3\">MITTELSAISON<br \/>\n11.01.26 \u2013 07.03.26            <br \/>\n03.04.26 \u2013 05.04.26<br \/>\n24.04.26 \u2013 26.04.26        <br \/>\n29.05.26 \u2013 01.06.26            <br \/>\n03.07.26 - 30.07.26            <br \/>\n23.08.26 \u2013 12.09.26<br \/>\n04.12.26 \u2013 24.12.26  <\/th><th class=\"column-4\">HAUPTSAISON<br \/>\n                                           <br \/>\n 31.07.26 \u2013 22.08.26<br \/>\n 25.12.26 \u2013 09.01.27<\/th>\n<\/tr>\n<\/thead>\n<tbody class=\"row-striping row-hover\">\n<tr class=\"row-2\">\n\t<td class=\"column-1\">APPARTAMENTO - apartment<\/td><td class=\"column-2\">\u20ac 40,00<\/td><td class=\"column-3\">\u20ac 90,00<\/td><td class=\"column-4\">\u20ac 160,00<\/td>\n<\/tr>\n<tr class=\"row-3\">\n\t<td class=\"column-1\">ADULTO \u2013 adult    (POSTO LETTO)<\/td><td class=\"column-2\">\u20ac 20,00<\/td><td class=\"column-3\">\u20ac 20,00<\/td><td class=\"column-4\">\u20ac 20,00<\/td>\n<\/tr>\n<tr class=\"row-4\">\n\t<td class=\"column-1\">BAMBINO \u2013 children 3-14   (POSTO LETTO)<\/td><td class=\"column-2\">\u20ac 20,00<\/td><td class=\"column-3\">\u20ac 20,00<\/td><td class=\"column-4\">\u20ac 20,00<\/td>\n<\/tr>\n<tr class=\"row-5\">\n\t<td class=\"column-1\">NEONATO \u2013 baby 0-3<\/td><td class=\"column-2\">\u20ac 5,00<\/td><td class=\"column-3\">\u20ac 5,00<\/td><td class=\"column-4\">\u20ac 5,00<\/td>\n<\/tr>\n<tr class=\"row-6\">\n\t<td class=\"column-1\">ANIMALE - pet<\/td><td class=\"column-2\">\u20ac 10,00<\/td><td class=\"column-3\">\u20ac 10,00<\/td><td class=\"column-4\">\u20ac 10,00<\/td>\n<\/tr>\n<tr class=\"row-7\">\n\t<td class=\"column-1\">OSPITE EXTRA NOTTE \u2013 night guest extra<\/td><td class=\"column-2\">\u20ac 30,00<\/td><td class=\"column-3\">\u20ac 30,00<\/td><td class=\"column-4\">\u20ac 30,00<\/td>\n<\/tr>\n<tr class=\"row-8\">\n\t<td class=\"column-1\">OSPITE GIORNALIERO \u2013 daily guest<\/td><td class=\"column-2\">\u20ac 2,00<\/td><td class=\"column-3\">\u20ac 3,00<\/td><td class=\"column-4\">\u20ac 5,00<\/td>\n<\/tr>\n<tr class=\"row-9\">\n\t<td class=\"column-1\">TOURISTENSTEUER<\/td><td class=\"column-2\">\u20ac 1.50 x adulto<\/td><td class=\"column-3\">\u20ac 1.50 x adulto<\/td><td class=\"column-4\">\u20ac 1.50 x adulto<\/td>\n<\/tr>\n<tr class=\"row-10\">\n\t<td class=\"column-1\">DOLOMEET GUEST CARD SILVER<br \/>\nDA GIUGNO A SETTEMBRE<\/td><td class=\"column-2\">INCLUSA CON 4 NOTTI<\/td><td class=\"column-3\">INCLUSA CON 4 NOTTI<\/td><td class=\"column-4\">INCLUSA CON 4 NOTTI<\/td>\n<\/tr>\n<tr class=\"row-11\">\n\t<td class=\"column-1\">SCONTO - discount  + 7 NOTTI - nights<\/td><td class=\"column-2\">- 10%<\/td><td class=\"column-3\">- 10%<\/td><td class=\"column-4\">- 10%<\/td>\n<\/tr>\n<\/tbody>\n<\/table>\n<\/div>\n\t\t\t\t\t\t<\/div>\n\t\t\t\t\t<\/div>\n\t\t\t\t<\/div>\n\t\t<div class=\"elementor-element elementor-element-96f1e13 e-flex e-con-boxed e-con e-parent\" data-id=\"96f1e13\" data-element_type=\"container\" data-e-type=\"container\">\n\t\t\t\t\t<div class=\"e-con-inner\">\n\t\t\t\t<div class=\"elementor-element elementor-element-0a67785 elementor-widget elementor-widget-text-editor\" data-id=\"0a67785\" data-element_type=\"widget\" data-e-type=\"widget\" data-widget_type=\"text-editor.default\">\n\t\t\t\t\t\t\t\t\t<p>La prenotazione di <b>Wohnungen <\/b>richiede un minimo di 2 notti di permanenza , 7 notti da sabato o da domenica in alta stagione, e un acconto del 50% del totale della vacanza (tassa di soggiorno esclusa) con il <b>saldo soggiorno al check-in e saldo tassa di soggiorno al checkout.<\/b><\/p><p>La <b>Reservierung von Stellpl\u00e4tzen<\/b>, richiede un minimo di 7 notti di permanenza, e un acconto del 50% del totale della vacanza (tassa di soggiorno ed elettricit\u00e0 a consumo esclusa) con il <b>saldo soggiorno al check-in e saldo tassa di soggiorno ed elettricit\u00e0 al checkout.<\/b><\/p><p>Al check-in sar\u00e0 richiesta cauzione per badge d&#8217;ingresso (carrabile e pedonale) che sar\u00e0 restituita la checkout.<\/p><p>Die Kaution wird vollst\u00e4ndig zur\u00fcckerstattet, wenn sie mindestens 30 Tage vor dem Anreisetermin bis 20:00 Uhr geleistet wird.<\/p><p>Im Falle einer Stornierung ab dem 29. Tag bis 120 Stunden (5 Tage) vor 20.00 Uhr des geplanten Anreisetages wird die Anzahlung nicht zur\u00fcckerstattet; es besteht jedoch die M\u00f6glichkeit <strong>den Urlaub EINMAL verschieben<\/strong> innerhalb von 6 Monaten ab dem geplanten Anreisedatum der stornierten Buchung, je nach Verf\u00fcgbarkeit und Kosten des neu gew\u00e4hlten Zeitraums.<\/p><p>Bei Stornierungen, die weniger als 120 Stunden vor 20:00 Uhr am Tag des Check-in erfolgen, wird die Anzahlung nicht erstattet und nicht zur\u00fcckerstattet. <strong>Fr\u00fche Abreisen, sp\u00e4te Ank\u00fcnfte oder weniger G\u00e4ste<\/strong> als bei der Buchung angegeben, ist die Zahlung des<strong>intera tariffa soggiorno<\/strong> wie in der Buchungsbest\u00e4tigung angegeben.<\/p><p>Si invitano gli ospiti ad utilizzare la prenotazione diretta cliccando il pulsante <strong>PRENOTA<\/strong> o richiedere <strong>preventivo<\/strong>\u00a0per E-Mail oder WhatsApp.<\/p>\t\t\t\t\t\t\t\t<\/div>\n\t\t\t\t\t<\/div>\n\t\t\t\t<\/div>\n\t\t\t\t<\/div>","protected":false},"excerpt":{"rendered":"<p>Appartamenti Un Rifugio Confortevole nel Cuore della Natura Guarda i video Contattaci La Comodit\u00e0 di un Appartamento &amp; La Libert\u00e0 della Vita all&#8217;ApertoIn alta stagione invernale\u00a0e in luglio-agosto, accettiamo solo prenotazioni settimanali da sabato o domenica. Nei restanti periodi, offriamo la flessibilit\u00e0 di soggiorni di minimo 2 notti. I prezzi si calcolano A NOTTE: costo [&hellip;]<\/p>","protected":false},"author":1,"featured_media":0,"parent":0,"menu_order":0,"comment_status":"closed","ping_status":"closed","template":"","meta":{"_acf_changed":false,"_seopress_robots_primary_cat":"","_seopress_titles_title":"%%sitetitle%%  %%sep%% Esperienza Naturale Unica a Pinzolo","_seopress_titles_desc":"Scopri un campeggio unico nel cuore delle Dolomiti. Perfetto per famiglie, con servizi di alta qualit\u00e0.","_seopress_robots_index":"","footnotes":""},"class_list":["post-31","page","type-page","status-publish","hentry"],"acf":[],"_links":{"self":[{"href":"https:\/\/campingparcoadamello.it\/de\/wp-json\/wp\/v2\/pages\/31","targetHints":{"allow":["GET"]}}],"collection":[{"href":"https:\/\/campingparcoadamello.it\/de\/wp-json\/wp\/v2\/pages"}],"about":[{"href":"https:\/\/campingparcoadamello.it\/de\/wp-json\/wp\/v2\/types\/page"}],"author":[{"embeddable":true,"href":"https:\/\/campingparcoadamello.it\/de\/wp-json\/wp\/v2\/users\/1"}],"replies":[{"embeddable":true,"href":"https:\/\/campingparcoadamello.it\/de\/wp-json\/wp\/v2\/comments?post=31"}],"version-history":[{"count":0,"href":"https:\/\/campingparcoadamello.it\/de\/wp-json\/wp\/v2\/pages\/31\/revisions"}],"wp:attachment":[{"href":"https:\/\/campingparcoadamello.it\/de\/wp-json\/wp\/v2\/media?parent=31"}],"curies":[{"name":"wp","href":"https:\/\/api.w.org\/{rel}","templated":true}]}}